{"version":"1.0","provider_name":"Assomption","provider_url":"https:\/\/www.assomption.org\/en\/","author_name":"admin","author_url":"https:\/\/www.assomption.org\/en\/author\/admin\/","title":"Itin\u00e9raires Augustiniens n\u00b032 : Guerre et Paix - Assomption","type":"rich","width":600,"height":338,"html":"<blockquote class=\"wp-embedded-content\" data-secret=\"fLnzps1D0G\"><a href=\"https:\/\/www.assomption.org\/en\/revue_itineraires\/itineraires-augustiniens-n32-guerre-et-paix\/\">Itin\u00e9raires Augustiniens n\u00b032 : Guerre et Paix<\/a><\/blockquote><iframe sandbox=\"allow-scripts\" security=\"restricted\" src=\"https:\/\/www.assomption.org\/en\/revue_itineraires\/itineraires-augustiniens-n32-guerre-et-paix\/embed\/#?secret=fLnzps1D0G\" width=\"600\" height=\"338\" title=\"&#8220;Itin\u00e9raires Augustiniens n\u00b032 : Guerre et Paix&#8221; &#8212; Assomption\" data-secret=\"fLnzps1D0G\" frameborder=\"0\" marginwidth=\"0\" marginheight=\"0\" scrolling=\"no\" class=\"wp-embedded-content\"><\/iframe><script>\n\/*! This file is auto-generated *\/\n!function(d,l){\"use strict\";l.querySelector&&d.addEventListener&&\"undefined\"!=typeof URL&&(d.wp=d.wp||{},d.wp.receiveEmbedMessage||(d.wp.receiveEmbedMessage=function(e){var t=e.data;if((t||t.secret||t.message||t.value)&&!\/[^a-zA-Z0-9]\/.test(t.secret)){for(var s,r,n,a=l.querySelectorAll('iframe[data-secret=\"'+t.secret+'\"]'),o=l.querySelectorAll('blockquote[data-secret=\"'+t.secret+'\"]'),c=new RegExp(\"^https?:$\",\"i\"),i=0;i<o.length;i++)o[i].style.display=\"none\";for(i=0;i<a.length;i++)s=a[i],e.source===s.contentWindow&&(s.removeAttribute(\"style\"),\"height\"===t.message?(1e3<(r=parseInt(t.value,10))?r=1e3:~~r<200&&(r=200),s.height=r):\"link\"===t.message&&(r=new URL(s.getAttribute(\"src\")),n=new URL(t.value),c.test(n.protocol))&&n.host===r.host&&l.activeElement===s&&(d.top.location.href=t.value))}},d.addEventListener(\"message\",d.wp.receiveEmbedMessage,!1),l.addEventListener(\"DOMContentLoaded\",function(){for(var e,t,s=l.querySelectorAll(\"iframe.wp-embedded-content\"),r=0;r<s.length;r++)(t=(e=s[r]).getAttribute(\"data-secret\"))||(t=Math.random().toString(36).substring(2,12),e.src+=\"#?secret=\"+t,e.setAttribute(\"data-secret\",t)),e.contentWindow.postMessage({message:\"ready\",secret:t},\"*\")},!1)))}(window,document);\n\/\/# sourceURL=https:\/\/www.assomption.org\/wp-includes\/js\/wp-embed.min.js\n<\/script>\n","description":"On se souvient de l\u2019appel angoiss\u00e9 de Paul IV \u00e0 l\u2019ONU, le 4 octobre1965 : Plus jamais la guerre ! Cet appel s\u2019inscrivait dans la ligne de Pacem in terris (1963). Il sera repris au Concile (1965), puis dans Populorum progressio (1967). Il trouve un \u00e9cho annuel dans la journ\u00e9e mondiale de la Paix, instaur\u00e9e le 1 er janvier 1968. Jamais l\u2019Eglise n\u2019aura d\u00e9ploy\u00e9 un tel effort en faveur de la paix qu\u2019en cette fin du XXe si\u00e8cle, l\u2019un des si\u00e8cles les plus meurtriers."}