{"id":85898,"date":"2020-12-16T16:57:29","date_gmt":"2020-12-16T15:57:29","guid":{"rendered":"https:\/\/www.assomption.org\/ephemeride\/les-comita-c-s-catholiques\/"},"modified":"2020-12-16T17:07:44","modified_gmt":"2020-12-16T16:07:44","slug":"les-comita-c-s-catholiques","status":"publish","type":"ephemeride","link":"https:\/\/www.assomption.org\/en\/ephemeride\/les-comita-c-s-catholiques\/","title":{"rendered":"Les Comit\u00e9s catholiques."},"content":{"rendered":"<p><span>Pie IX disait  nagu\u00e8re: \u0091<i><span>Il ne suffit pas de prier,  il faut agir<\/span><\/i>&#8216;. Ne semble-t-il pas qu&#8217;on avait devanc\u00e9 la pens\u00e9e de  Pie IX, quand on avait fait surgir de toutes parts, ces Comit\u00e9s catholiques,  n\u00e9s d&#8217;une pens\u00e9e m\u00fbrie \u00e0 Paris, dans une r\u00e9union intime de quelques hommes  courageux, aux jours n\u00e9fastes de la Commune, entre les ennemis du dehors et  ceux bien autrement redoutables du dedans. A la lueur de nos monuments  incendi\u00e9s et au bruit de la fusillade des otages, quelques chr\u00e9tiens pleins  d&#8217;\u00e9nergie fond\u00e8rent, dans un \u00e9troit salon, le premier Comit\u00e9 catholique;  sur plusieurs points de la France, d&#8217;autres imit\u00e8rent cet exemple f\u00e9cond. Pie  IX b\u00e9nit et encouragea une r\u00e9union g\u00e9n\u00e9rale pour former un vaste groupe de tous  ces groupes particuliers; j&#8217;ajouterai, avec quelque fiert\u00e9, qu&#8217;un ancien  \u00e9l\u00e8ve de l&#8217;Assomption eut le m\u00e9rite d&#8217;aplanir plus tard les difficult\u00e9s l\u00e9gales  suscit\u00e9es par le d\u00e9veloppement de comit\u00e9s semblables; sur tous les points  de la France, on est s\u00fbr d&#8217;obtenir d\u00e9sormais les autorisations n\u00e9cessaires, que  N\u00eemes poss\u00e8de d\u00e9j\u00e0.<\/span><\/p>\n<p><\/p>\n","protected":false},"excerpt":{"rendered":"","protected":false},"template":"","class_list":["post-85898","ephemeride","type-ephemeride","status-publish","hentry"],"acf":[],"yoast_head":"<!-- This site is optimized with the Yoast SEO plugin v27.5 - https:\/\/yoast.com\/product\/yoast-seo-wordpress\/ -->\n<title>Les Comit\u00e9s catholiques. - Assomption<\/title>\n<meta name=\"robots\" content=\"index, follow, max-snippet:-1, max-image-preview:large, max-video-preview:-1\" \/>\n<link rel=\"canonical\" href=\"https:\/\/www.assomption.org\/ephemeride\/les-comita-c-s-catholiques\/\" \/>\n<meta property=\"og:locale\" content=\"en_US\" \/>\n<meta property=\"og:type\" content=\"article\" \/>\n<meta property=\"og:title\" content=\"Les Comit\u00e9s catholiques. - Assomption\" \/>\n<meta property=\"og:url\" content=\"https:\/\/www.assomption.org\/ephemeride\/les-comita-c-s-catholiques\/\" \/>\n<meta property=\"og:site_name\" content=\"Assomption\" \/>\n<meta property=\"article:modified_time\" content=\"2020-12-16T16:07:44+00:00\" \/>\n<meta name=\"twitter:card\" content=\"summary_large_image\" \/>\n<meta name=\"twitter:label1\" content=\"Est. reading time\" \/>\n\t<meta name=\"twitter:data1\" content=\"1 minute\" \/>\n<script type=\"application\/ld+json\" class=\"yoast-schema-graph\">{\"@context\":\"https:\\\/\\\/schema.org\",\"@graph\":[{\"@type\":\"WebPage\",\"@id\":\"https:\\\/\\\/www.assomption.org\\\/ephemeride\\\/les-comita-c-s-catholiques\\\/\",\"url\":\"https:\\\/\\\/www.assomption.org\\\/ephemeride\\\/les-comita-c-s-catholiques\\\/\",\"name\":\"Les Comit\u00e9s catholiques. - Assomption\",\"isPartOf\":{\"@id\":\"https:\\\/\\\/www.assomption.org\\\/#website\"},\"datePublished\":\"2020-12-16T15:57:29+00:00\",\"dateModified\":\"2020-12-16T16:07:44+00:00\",\"breadcrumb\":{\"@id\":\"https:\\\/\\\/www.assomption.org\\\/ephemeride\\\/les-comita-c-s-catholiques\\\/#breadcrumb\"},\"inLanguage\":\"en-US\",\"potentialAction\":[{\"@type\":\"ReadAction\",\"target\":[\"https:\\\/\\\/www.assomption.org\\\/ephemeride\\\/les-comita-c-s-catholiques\\\/\"]}]},{\"@type\":\"BreadcrumbList\",\"@id\":\"https:\\\/\\\/www.assomption.org\\\/ephemeride\\\/les-comita-c-s-catholiques\\\/#breadcrumb\",\"itemListElement\":[{\"@type\":\"ListItem\",\"position\":1,\"name\":\"Accueil\",\"item\":\"https:\\\/\\\/www.assomption.org\\\/en\\\/\"},{\"@type\":\"ListItem\",\"position\":2,\"name\":\"Les Comit\u00e9s catholiques.\"}]},{\"@type\":\"WebSite\",\"@id\":\"https:\\\/\\\/www.assomption.org\\\/#website\",\"url\":\"https:\\\/\\\/www.assomption.org\\\/\",\"name\":\"Assomption\",\"description\":\"\",\"publisher\":{\"@id\":\"https:\\\/\\\/www.assomption.org\\\/#organization\"},\"potentialAction\":[{\"@type\":\"SearchAction\",\"target\":{\"@type\":\"EntryPoint\",\"urlTemplate\":\"https:\\\/\\\/www.assomption.org\\\/?s={search_term_string}\"},\"query-input\":{\"@type\":\"PropertyValueSpecification\",\"valueRequired\":true,\"valueName\":\"search_term_string\"}}],\"inLanguage\":\"en-US\"},{\"@type\":\"Organization\",\"@id\":\"https:\\\/\\\/www.assomption.org\\\/#organization\",\"name\":\"Les Augustins de l'Assomption\",\"url\":\"https:\\\/\\\/www.assomption.org\\\/\",\"logo\":{\"@type\":\"ImageObject\",\"inLanguage\":\"en-US\",\"@id\":\"https:\\\/\\\/www.assomption.org\\\/#\\\/schema\\\/logo\\\/image\\\/\",\"url\":\"https:\\\/\\\/www.assomption.org\\\/wp-content\\\/uploads\\\/2020\\\/12\\\/logo.png\",\"contentUrl\":\"https:\\\/\\\/www.assomption.org\\\/wp-content\\\/uploads\\\/2020\\\/12\\\/logo.png\",\"width\":605,\"height\":121,\"caption\":\"Les Augustins de l'Assomption\"},\"image\":{\"@id\":\"https:\\\/\\\/www.assomption.org\\\/#\\\/schema\\\/logo\\\/image\\\/\"}}]}<\/script>\n<!-- \/ Yoast SEO plugin. -->","yoast_head_json":{"title":"Les Comit\u00e9s catholiques. - Assomption","robots":{"index":"index","follow":"follow","max-snippet":"max-snippet:-1","max-image-preview":"max-image-preview:large","max-video-preview":"max-video-preview:-1"},"canonical":"https:\/\/www.assomption.org\/ephemeride\/les-comita-c-s-catholiques\/","og_locale":"en_US","og_type":"article","og_title":"Les Comit\u00e9s catholiques. - Assomption","og_url":"https:\/\/www.assomption.org\/ephemeride\/les-comita-c-s-catholiques\/","og_site_name":"Assomption","article_modified_time":"2020-12-16T16:07:44+00:00","twitter_card":"summary_large_image","twitter_misc":{"Est. reading time":"1 minute"},"schema":{"@context":"https:\/\/schema.org","@graph":[{"@type":"WebPage","@id":"https:\/\/www.assomption.org\/ephemeride\/les-comita-c-s-catholiques\/","url":"https:\/\/www.assomption.org\/ephemeride\/les-comita-c-s-catholiques\/","name":"Les Comit\u00e9s catholiques. - Assomption","isPartOf":{"@id":"https:\/\/www.assomption.org\/#website"},"datePublished":"2020-12-16T15:57:29+00:00","dateModified":"2020-12-16T16:07:44+00:00","breadcrumb":{"@id":"https:\/\/www.assomption.org\/ephemeride\/les-comita-c-s-catholiques\/#breadcrumb"},"inLanguage":"en-US","potentialAction":[{"@type":"ReadAction","target":["https:\/\/www.assomption.org\/ephemeride\/les-comita-c-s-catholiques\/"]}]},{"@type":"BreadcrumbList","@id":"https:\/\/www.assomption.org\/ephemeride\/les-comita-c-s-catholiques\/#breadcrumb","itemListElement":[{"@type":"ListItem","position":1,"name":"Accueil","item":"https:\/\/www.assomption.org\/en\/"},{"@type":"ListItem","position":2,"name":"Les Comit\u00e9s catholiques."}]},{"@type":"WebSite","@id":"https:\/\/www.assomption.org\/#website","url":"https:\/\/www.assomption.org\/","name":"Assomption","description":"","publisher":{"@id":"https:\/\/www.assomption.org\/#organization"},"potentialAction":[{"@type":"SearchAction","target":{"@type":"EntryPoint","urlTemplate":"https:\/\/www.assomption.org\/?s={search_term_string}"},"query-input":{"@type":"PropertyValueSpecification","valueRequired":true,"valueName":"search_term_string"}}],"inLanguage":"en-US"},{"@type":"Organization","@id":"https:\/\/www.assomption.org\/#organization","name":"Les Augustins de l'Assomption","url":"https:\/\/www.assomption.org\/","logo":{"@type":"ImageObject","inLanguage":"en-US","@id":"https:\/\/www.assomption.org\/#\/schema\/logo\/image\/","url":"https:\/\/www.assomption.org\/wp-content\/uploads\/2020\/12\/logo.png","contentUrl":"https:\/\/www.assomption.org\/wp-content\/uploads\/2020\/12\/logo.png","width":605,"height":121,"caption":"Les Augustins de l'Assomption"},"image":{"@id":"https:\/\/www.assomption.org\/#\/schema\/logo\/image\/"}}]}},"uagb_featured_image_src":[],"uagb_author_info":{"display_name":"admin","author_link":"https:\/\/www.assomption.org\/en\/author\/"},"uagb_comment_info":0,"uagb_excerpt":null,"_links":{"self":[{"href":"https:\/\/www.assomption.org\/en\/wp-json\/wp\/v2\/ephemeride\/85898","targetHints":{"allow":["GET"]}}],"collection":[{"href":"https:\/\/www.assomption.org\/en\/wp-json\/wp\/v2\/ephemeride"}],"about":[{"href":"https:\/\/www.assomption.org\/en\/wp-json\/wp\/v2\/types\/ephemeride"}],"wp:attachment":[{"href":"https:\/\/www.assomption.org\/en\/wp-json\/wp\/v2\/media?parent=85898"}],"curies":[{"name":"wp","href":"https:\/\/api.w.org\/{rel}","templated":true}]}}