{"id":85986,"date":"2020-12-16T16:57:34","date_gmt":"2020-12-16T15:57:34","guid":{"rendered":"https:\/\/www.assomption.org\/ephemeride\/pra-c-sentation-de-la-congra-c-gation-des\/"},"modified":"2020-12-16T17:07:48","modified_gmt":"2020-12-16T16:07:48","slug":"pra-c-sentation-de-la-congra-c-gation-des","status":"publish","type":"ephemeride","link":"https:\/\/www.assomption.org\/en\/ephemeride\/pra-c-sentation-de-la-congra-c-gation-des\/","title":{"rendered":"Pr\u00e9sentation de la Congr\u00e9gation des Religieux de l&#8217;Assomption (1855)."},"content":{"rendered":"<p><span>Cette petite Association  subsiste depuis dix ans environ. Elle compte de 25 \u00e0 30 personnes environ. Elle  poss\u00e8de deux coll\u00e8ges: l&#8217;un \u00e0 N\u00eemes o\u00f9 l&#8217;\u0153uvre a commenc\u00e9, l&#8217;autre \u00e0  Paris, et une maison pour l&#8217;\u00e9ducation des petits protestants pauvres, que les  parents nous confient en nous donnant l&#8217;autorisation d&#8217;en faire des  catholiques.<\/span><\/p>\n<p><span>L&#8217;\u0153uvre est second\u00e9e par  de pieux la\u00efques, qui se sont organis\u00e9s en Tiers-ordre dirig\u00e9 par les  religieux. Le professorat dans les coll\u00e8ges, les \u0153uvres de charit\u00e9, la  publication de bons livres, l&#8217;instruction des enfants pauvres est le but de ce  Tiers-Ordre. On s&#8217;y propose aussi, par une vie un peu s\u00e9v\u00e8re, de protester  contre les maximes rel\u00e2ch\u00e9es du monde.<\/span><\/p>\n<p>    <span>Les religieux, se proposant  surtout d&#8217;\u00e9tendre le r\u00e8gne de J\u00e9sus-Christ dans les \u00e2mes, soit par l&#8217;\u00e9ducation  des classes \u00e9lev\u00e9es, soit en portant les enfants qui leur sont confi\u00e9s \u00e0 toutes  sortes de bonnes \u0153uvres, soit en leur inculquant un profond sentiment de leur  devoir, non seulement comme simples chr\u00e9tiens, mais aussi comme membres de la  grande soci\u00e9t\u00e9 de l&#8217;Eglise.<\/span><\/p>\n","protected":false},"excerpt":{"rendered":"","protected":false},"template":"","class_list":["post-85986","ephemeride","type-ephemeride","status-publish","hentry"],"acf":[],"yoast_head":"<!-- This site is optimized with the Yoast SEO plugin v27.5 - https:\/\/yoast.com\/product\/yoast-seo-wordpress\/ -->\n<title>Pr\u00e9sentation de la Congr\u00e9gation des Religieux de l&#039;Assomption (1855). - Assomption<\/title>\n<meta name=\"robots\" content=\"index, follow, max-snippet:-1, max-image-preview:large, max-video-preview:-1\" \/>\n<link rel=\"canonical\" href=\"https:\/\/www.assomption.org\/ephemeride\/pra-c-sentation-de-la-congra-c-gation-des\/\" \/>\n<meta property=\"og:locale\" content=\"en_US\" \/>\n<meta property=\"og:type\" content=\"article\" \/>\n<meta property=\"og:title\" content=\"Pr\u00e9sentation de la Congr\u00e9gation des Religieux de l&#039;Assomption (1855). - Assomption\" \/>\n<meta property=\"og:url\" content=\"https:\/\/www.assomption.org\/ephemeride\/pra-c-sentation-de-la-congra-c-gation-des\/\" \/>\n<meta property=\"og:site_name\" content=\"Assomption\" \/>\n<meta property=\"article:modified_time\" content=\"2020-12-16T16:07:48+00:00\" \/>\n<meta name=\"twitter:card\" content=\"summary_large_image\" \/>\n<meta name=\"twitter:label1\" content=\"Est. reading time\" \/>\n\t<meta name=\"twitter:data1\" content=\"1 minute\" \/>\n<script type=\"application\/ld+json\" class=\"yoast-schema-graph\">{\"@context\":\"https:\\\/\\\/schema.org\",\"@graph\":[{\"@type\":\"WebPage\",\"@id\":\"https:\\\/\\\/www.assomption.org\\\/ephemeride\\\/pra-c-sentation-de-la-congra-c-gation-des\\\/\",\"url\":\"https:\\\/\\\/www.assomption.org\\\/ephemeride\\\/pra-c-sentation-de-la-congra-c-gation-des\\\/\",\"name\":\"Pr\u00e9sentation de la Congr\u00e9gation des Religieux de l'Assomption (1855). - Assomption\",\"isPartOf\":{\"@id\":\"https:\\\/\\\/www.assomption.org\\\/#website\"},\"datePublished\":\"2020-12-16T15:57:34+00:00\",\"dateModified\":\"2020-12-16T16:07:48+00:00\",\"breadcrumb\":{\"@id\":\"https:\\\/\\\/www.assomption.org\\\/ephemeride\\\/pra-c-sentation-de-la-congra-c-gation-des\\\/#breadcrumb\"},\"inLanguage\":\"en-US\",\"potentialAction\":[{\"@type\":\"ReadAction\",\"target\":[\"https:\\\/\\\/www.assomption.org\\\/ephemeride\\\/pra-c-sentation-de-la-congra-c-gation-des\\\/\"]}]},{\"@type\":\"BreadcrumbList\",\"@id\":\"https:\\\/\\\/www.assomption.org\\\/ephemeride\\\/pra-c-sentation-de-la-congra-c-gation-des\\\/#breadcrumb\",\"itemListElement\":[{\"@type\":\"ListItem\",\"position\":1,\"name\":\"Accueil\",\"item\":\"https:\\\/\\\/www.assomption.org\\\/en\\\/\"},{\"@type\":\"ListItem\",\"position\":2,\"name\":\"Pr\u00e9sentation de la Congr\u00e9gation des Religieux de l&rsquo;Assomption (1855).\"}]},{\"@type\":\"WebSite\",\"@id\":\"https:\\\/\\\/www.assomption.org\\\/#website\",\"url\":\"https:\\\/\\\/www.assomption.org\\\/\",\"name\":\"Assomption\",\"description\":\"\",\"publisher\":{\"@id\":\"https:\\\/\\\/www.assomption.org\\\/#organization\"},\"potentialAction\":[{\"@type\":\"SearchAction\",\"target\":{\"@type\":\"EntryPoint\",\"urlTemplate\":\"https:\\\/\\\/www.assomption.org\\\/?s={search_term_string}\"},\"query-input\":{\"@type\":\"PropertyValueSpecification\",\"valueRequired\":true,\"valueName\":\"search_term_string\"}}],\"inLanguage\":\"en-US\"},{\"@type\":\"Organization\",\"@id\":\"https:\\\/\\\/www.assomption.org\\\/#organization\",\"name\":\"Les Augustins de l'Assomption\",\"url\":\"https:\\\/\\\/www.assomption.org\\\/\",\"logo\":{\"@type\":\"ImageObject\",\"inLanguage\":\"en-US\",\"@id\":\"https:\\\/\\\/www.assomption.org\\\/#\\\/schema\\\/logo\\\/image\\\/\",\"url\":\"https:\\\/\\\/www.assomption.org\\\/wp-content\\\/uploads\\\/2020\\\/12\\\/logo.png\",\"contentUrl\":\"https:\\\/\\\/www.assomption.org\\\/wp-content\\\/uploads\\\/2020\\\/12\\\/logo.png\",\"width\":605,\"height\":121,\"caption\":\"Les Augustins de l'Assomption\"},\"image\":{\"@id\":\"https:\\\/\\\/www.assomption.org\\\/#\\\/schema\\\/logo\\\/image\\\/\"}}]}<\/script>\n<!-- \/ Yoast SEO plugin. -->","yoast_head_json":{"title":"Pr\u00e9sentation de la Congr\u00e9gation des Religieux de l'Assomption (1855). - Assomption","robots":{"index":"index","follow":"follow","max-snippet":"max-snippet:-1","max-image-preview":"max-image-preview:large","max-video-preview":"max-video-preview:-1"},"canonical":"https:\/\/www.assomption.org\/ephemeride\/pra-c-sentation-de-la-congra-c-gation-des\/","og_locale":"en_US","og_type":"article","og_title":"Pr\u00e9sentation de la Congr\u00e9gation des Religieux de l'Assomption (1855). - Assomption","og_url":"https:\/\/www.assomption.org\/ephemeride\/pra-c-sentation-de-la-congra-c-gation-des\/","og_site_name":"Assomption","article_modified_time":"2020-12-16T16:07:48+00:00","twitter_card":"summary_large_image","twitter_misc":{"Est. reading time":"1 minute"},"schema":{"@context":"https:\/\/schema.org","@graph":[{"@type":"WebPage","@id":"https:\/\/www.assomption.org\/ephemeride\/pra-c-sentation-de-la-congra-c-gation-des\/","url":"https:\/\/www.assomption.org\/ephemeride\/pra-c-sentation-de-la-congra-c-gation-des\/","name":"Pr\u00e9sentation de la Congr\u00e9gation des Religieux de l'Assomption (1855). - Assomption","isPartOf":{"@id":"https:\/\/www.assomption.org\/#website"},"datePublished":"2020-12-16T15:57:34+00:00","dateModified":"2020-12-16T16:07:48+00:00","breadcrumb":{"@id":"https:\/\/www.assomption.org\/ephemeride\/pra-c-sentation-de-la-congra-c-gation-des\/#breadcrumb"},"inLanguage":"en-US","potentialAction":[{"@type":"ReadAction","target":["https:\/\/www.assomption.org\/ephemeride\/pra-c-sentation-de-la-congra-c-gation-des\/"]}]},{"@type":"BreadcrumbList","@id":"https:\/\/www.assomption.org\/ephemeride\/pra-c-sentation-de-la-congra-c-gation-des\/#breadcrumb","itemListElement":[{"@type":"ListItem","position":1,"name":"Accueil","item":"https:\/\/www.assomption.org\/en\/"},{"@type":"ListItem","position":2,"name":"Pr\u00e9sentation de la Congr\u00e9gation des Religieux de l&rsquo;Assomption (1855)."}]},{"@type":"WebSite","@id":"https:\/\/www.assomption.org\/#website","url":"https:\/\/www.assomption.org\/","name":"Assomption","description":"","publisher":{"@id":"https:\/\/www.assomption.org\/#organization"},"potentialAction":[{"@type":"SearchAction","target":{"@type":"EntryPoint","urlTemplate":"https:\/\/www.assomption.org\/?s={search_term_string}"},"query-input":{"@type":"PropertyValueSpecification","valueRequired":true,"valueName":"search_term_string"}}],"inLanguage":"en-US"},{"@type":"Organization","@id":"https:\/\/www.assomption.org\/#organization","name":"Les Augustins de l'Assomption","url":"https:\/\/www.assomption.org\/","logo":{"@type":"ImageObject","inLanguage":"en-US","@id":"https:\/\/www.assomption.org\/#\/schema\/logo\/image\/","url":"https:\/\/www.assomption.org\/wp-content\/uploads\/2020\/12\/logo.png","contentUrl":"https:\/\/www.assomption.org\/wp-content\/uploads\/2020\/12\/logo.png","width":605,"height":121,"caption":"Les Augustins de l'Assomption"},"image":{"@id":"https:\/\/www.assomption.org\/#\/schema\/logo\/image\/"}}]}},"uagb_featured_image_src":[],"uagb_author_info":{"display_name":"admin","author_link":"https:\/\/www.assomption.org\/en\/author\/"},"uagb_comment_info":0,"uagb_excerpt":null,"_links":{"self":[{"href":"https:\/\/www.assomption.org\/en\/wp-json\/wp\/v2\/ephemeride\/85986","targetHints":{"allow":["GET"]}}],"collection":[{"href":"https:\/\/www.assomption.org\/en\/wp-json\/wp\/v2\/ephemeride"}],"about":[{"href":"https:\/\/www.assomption.org\/en\/wp-json\/wp\/v2\/types\/ephemeride"}],"wp:attachment":[{"href":"https:\/\/www.assomption.org\/en\/wp-json\/wp\/v2\/media?parent=85986"}],"curies":[{"name":"wp","href":"https:\/\/api.w.org\/{rel}","templated":true}]}}