{"id":86006,"date":"2020-12-16T16:57:34","date_gmt":"2020-12-16T15:57:34","guid":{"rendered":"https:\/\/www.assomption.org\/ephemeride\/premiare-communion-au-collage-de-lassomption\/"},"modified":"2020-12-16T17:07:49","modified_gmt":"2020-12-16T16:07:49","slug":"premiare-communion-au-collage-de-lassomption","status":"publish","type":"ephemeride","link":"https:\/\/www.assomption.org\/en\/ephemeride\/premiare-communion-au-collage-de-lassomption\/","title":{"rendered":"Premi\u00e8re communion au coll\u00e8ge de l&#8217;Assomption."},"content":{"rendered":"<p><span>Hier, dimanche, on c\u00e9l\u00e9brait au coll\u00e8ge de  l&#8217;Assomption, la premi\u00e8re communion. Un caract\u00e8re de cette f\u00eate nous a frapp\u00e9s,  c&#8217;est la part intime que la famille prend \u00e0 la f\u00eate du coll\u00e8ge. Il y avait l\u00e0,  deux ou trois g\u00e9n\u00e9rations d&#8217;\u00e9l\u00e8ves. Les anciens, ayant fait autrefois leur  premi\u00e8re communion dans cette chapelle, \u00e9taient venus accompagner, au banquet  sacr\u00e9, leurs fr\u00e8res plus jeunes. D&#8217;autres plus anciens encore, voyaient leurs  fils s&#8217;approcher de cette table sainte o\u00f9 ils avaient jadis communi\u00e9 eux-m\u00eames  pour la premi\u00e8re fois. L&#8217;amour chevaleresque de la sainte Eglise Romaine, qui distingue  cette maison, se r\u00e9v\u00e8le dans tous les d\u00e9tails. Les c\u00e9r\u00e9monies s&#8217;y  accomplissent, suivant les r\u00e8gles de l&#8217;Eglise, avec beaucoup de pr\u00e9cision,  d&#8217;ensemble et de gravit\u00e9. Les chants liturgiques paraissent \u00eatre seuls admis.  Pas d&#8217;autres paroles que les paroles adopt\u00e9es par l&#8217;Eglise; pas d&#8217;autre  musique que celle de saint Gr\u00e9goire. Le recueillement ne peut qu&#8217;y gagner. Le  chant gr\u00e9gorien est un auxiliaire de la pri\u00e8re; disons mieux, il prie  avec nous. Les paroles de l&#8217;Eglise, que les \u00e9l\u00e8ves du coll\u00e8ge doivent  comprendre, sont bien plus belles, plus s\u00e9rieusement pieuses et plus touchantes  que les compositions fran\u00e7aises de nos meilleurs auteurs. Apr\u00e8s la messe de  communion, nous avons \u00e9t\u00e9 conduits, avec tous les parents, dans la salle des  exercices, o\u00f9 \u00e9tait dress\u00e9e une table de cent couverts environ\u0085 Qu&#8217;ils sont \u00e0  plaindre, ceux \u00e0 qui ces joies de l&#8217;\u00e2me sont inconnues!<\/span><\/p>\n<p><span><\/span><\/p>\n<p><\/p>\n","protected":false},"excerpt":{"rendered":"","protected":false},"template":"","class_list":["post-86006","ephemeride","type-ephemeride","status-publish","hentry"],"acf":[],"yoast_head":"<!-- This site is optimized with the Yoast SEO plugin v27.5 - https:\/\/yoast.com\/product\/yoast-seo-wordpress\/ -->\n<title>Premi\u00e8re communion au coll\u00e8ge de l&#039;Assomption. - Assomption<\/title>\n<meta name=\"robots\" content=\"index, follow, max-snippet:-1, max-image-preview:large, max-video-preview:-1\" \/>\n<link rel=\"canonical\" href=\"https:\/\/www.assomption.org\/en\/ephemeride\/premiare-communion-au-collage-de-lassomption\/\" \/>\n<meta property=\"og:locale\" content=\"en_US\" \/>\n<meta property=\"og:type\" content=\"article\" \/>\n<meta property=\"og:title\" content=\"Premi\u00e8re communion au coll\u00e8ge de l&#039;Assomption. - Assomption\" \/>\n<meta property=\"og:url\" content=\"https:\/\/www.assomption.org\/en\/ephemeride\/premiare-communion-au-collage-de-lassomption\/\" \/>\n<meta property=\"og:site_name\" content=\"Assomption\" \/>\n<meta property=\"article:modified_time\" content=\"2020-12-16T16:07:49+00:00\" \/>\n<meta name=\"twitter:card\" content=\"summary_large_image\" \/>\n<meta name=\"twitter:label1\" content=\"Est. reading time\" \/>\n\t<meta name=\"twitter:data1\" content=\"1 minute\" \/>\n<script type=\"application\/ld+json\" class=\"yoast-schema-graph\">{\"@context\":\"https:\\\/\\\/schema.org\",\"@graph\":[{\"@type\":\"WebPage\",\"@id\":\"https:\\\/\\\/www.assomption.org\\\/en\\\/ephemeride\\\/premiare-communion-au-collage-de-lassomption\\\/\",\"url\":\"https:\\\/\\\/www.assomption.org\\\/en\\\/ephemeride\\\/premiare-communion-au-collage-de-lassomption\\\/\",\"name\":\"Premi\u00e8re communion au coll\u00e8ge de l'Assomption. - Assomption\",\"isPartOf\":{\"@id\":\"https:\\\/\\\/www.assomption.org\\\/#website\"},\"datePublished\":\"2020-12-16T15:57:34+00:00\",\"dateModified\":\"2020-12-16T16:07:49+00:00\",\"breadcrumb\":{\"@id\":\"https:\\\/\\\/www.assomption.org\\\/en\\\/ephemeride\\\/premiare-communion-au-collage-de-lassomption\\\/#breadcrumb\"},\"inLanguage\":\"en-US\",\"potentialAction\":[{\"@type\":\"ReadAction\",\"target\":[\"https:\\\/\\\/www.assomption.org\\\/en\\\/ephemeride\\\/premiare-communion-au-collage-de-lassomption\\\/\"]}]},{\"@type\":\"BreadcrumbList\",\"@id\":\"https:\\\/\\\/www.assomption.org\\\/en\\\/ephemeride\\\/premiare-communion-au-collage-de-lassomption\\\/#breadcrumb\",\"itemListElement\":[{\"@type\":\"ListItem\",\"position\":1,\"name\":\"Accueil\",\"item\":\"https:\\\/\\\/www.assomption.org\\\/en\\\/\"},{\"@type\":\"ListItem\",\"position\":2,\"name\":\"Premi\u00e8re communion au coll\u00e8ge de l&#8217;Assomption.\"}]},{\"@type\":\"WebSite\",\"@id\":\"https:\\\/\\\/www.assomption.org\\\/#website\",\"url\":\"https:\\\/\\\/www.assomption.org\\\/\",\"name\":\"Assomption\",\"description\":\"\",\"publisher\":{\"@id\":\"https:\\\/\\\/www.assomption.org\\\/#organization\"},\"potentialAction\":[{\"@type\":\"SearchAction\",\"target\":{\"@type\":\"EntryPoint\",\"urlTemplate\":\"https:\\\/\\\/www.assomption.org\\\/?s={search_term_string}\"},\"query-input\":{\"@type\":\"PropertyValueSpecification\",\"valueRequired\":true,\"valueName\":\"search_term_string\"}}],\"inLanguage\":\"en-US\"},{\"@type\":\"Organization\",\"@id\":\"https:\\\/\\\/www.assomption.org\\\/#organization\",\"name\":\"Les Augustins de l'Assomption\",\"url\":\"https:\\\/\\\/www.assomption.org\\\/\",\"logo\":{\"@type\":\"ImageObject\",\"inLanguage\":\"en-US\",\"@id\":\"https:\\\/\\\/www.assomption.org\\\/#\\\/schema\\\/logo\\\/image\\\/\",\"url\":\"https:\\\/\\\/www.assomption.org\\\/wp-content\\\/uploads\\\/2020\\\/12\\\/logo.png\",\"contentUrl\":\"https:\\\/\\\/www.assomption.org\\\/wp-content\\\/uploads\\\/2020\\\/12\\\/logo.png\",\"width\":605,\"height\":121,\"caption\":\"Les Augustins de l'Assomption\"},\"image\":{\"@id\":\"https:\\\/\\\/www.assomption.org\\\/#\\\/schema\\\/logo\\\/image\\\/\"}}]}<\/script>\n<!-- \/ Yoast SEO plugin. -->","yoast_head_json":{"title":"Premi\u00e8re communion au coll\u00e8ge de l'Assomption. - Assomption","robots":{"index":"index","follow":"follow","max-snippet":"max-snippet:-1","max-image-preview":"max-image-preview:large","max-video-preview":"max-video-preview:-1"},"canonical":"https:\/\/www.assomption.org\/en\/ephemeride\/premiare-communion-au-collage-de-lassomption\/","og_locale":"en_US","og_type":"article","og_title":"Premi\u00e8re communion au coll\u00e8ge de l'Assomption. - Assomption","og_url":"https:\/\/www.assomption.org\/en\/ephemeride\/premiare-communion-au-collage-de-lassomption\/","og_site_name":"Assomption","article_modified_time":"2020-12-16T16:07:49+00:00","twitter_card":"summary_large_image","twitter_misc":{"Est. reading time":"1 minute"},"schema":{"@context":"https:\/\/schema.org","@graph":[{"@type":"WebPage","@id":"https:\/\/www.assomption.org\/en\/ephemeride\/premiare-communion-au-collage-de-lassomption\/","url":"https:\/\/www.assomption.org\/en\/ephemeride\/premiare-communion-au-collage-de-lassomption\/","name":"Premi\u00e8re communion au coll\u00e8ge de l'Assomption. - Assomption","isPartOf":{"@id":"https:\/\/www.assomption.org\/#website"},"datePublished":"2020-12-16T15:57:34+00:00","dateModified":"2020-12-16T16:07:49+00:00","breadcrumb":{"@id":"https:\/\/www.assomption.org\/en\/ephemeride\/premiare-communion-au-collage-de-lassomption\/#breadcrumb"},"inLanguage":"en-US","potentialAction":[{"@type":"ReadAction","target":["https:\/\/www.assomption.org\/en\/ephemeride\/premiare-communion-au-collage-de-lassomption\/"]}]},{"@type":"BreadcrumbList","@id":"https:\/\/www.assomption.org\/en\/ephemeride\/premiare-communion-au-collage-de-lassomption\/#breadcrumb","itemListElement":[{"@type":"ListItem","position":1,"name":"Accueil","item":"https:\/\/www.assomption.org\/en\/"},{"@type":"ListItem","position":2,"name":"Premi\u00e8re communion au coll\u00e8ge de l&#8217;Assomption."}]},{"@type":"WebSite","@id":"https:\/\/www.assomption.org\/#website","url":"https:\/\/www.assomption.org\/","name":"Assomption","description":"","publisher":{"@id":"https:\/\/www.assomption.org\/#organization"},"potentialAction":[{"@type":"SearchAction","target":{"@type":"EntryPoint","urlTemplate":"https:\/\/www.assomption.org\/?s={search_term_string}"},"query-input":{"@type":"PropertyValueSpecification","valueRequired":true,"valueName":"search_term_string"}}],"inLanguage":"en-US"},{"@type":"Organization","@id":"https:\/\/www.assomption.org\/#organization","name":"Les Augustins de l'Assomption","url":"https:\/\/www.assomption.org\/","logo":{"@type":"ImageObject","inLanguage":"en-US","@id":"https:\/\/www.assomption.org\/#\/schema\/logo\/image\/","url":"https:\/\/www.assomption.org\/wp-content\/uploads\/2020\/12\/logo.png","contentUrl":"https:\/\/www.assomption.org\/wp-content\/uploads\/2020\/12\/logo.png","width":605,"height":121,"caption":"Les Augustins de l'Assomption"},"image":{"@id":"https:\/\/www.assomption.org\/#\/schema\/logo\/image\/"}}]}},"uagb_featured_image_src":[],"uagb_author_info":{"display_name":"admin","author_link":"https:\/\/www.assomption.org\/en\/author\/"},"uagb_comment_info":0,"uagb_excerpt":null,"_links":{"self":[{"href":"https:\/\/www.assomption.org\/en\/wp-json\/wp\/v2\/ephemeride\/86006","targetHints":{"allow":["GET"]}}],"collection":[{"href":"https:\/\/www.assomption.org\/en\/wp-json\/wp\/v2\/ephemeride"}],"about":[{"href":"https:\/\/www.assomption.org\/en\/wp-json\/wp\/v2\/types\/ephemeride"}],"wp:attachment":[{"href":"https:\/\/www.assomption.org\/en\/wp-json\/wp\/v2\/media?parent=86006"}],"curies":[{"name":"wp","href":"https:\/\/api.w.org\/{rel}","templated":true}]}}