{"id":112967,"date":"2021-03-11T11:18:07","date_gmt":"2021-03-11T10:18:07","guid":{"rendered":"https:\/\/www.assomption.org\/?page_id=112967"},"modified":"2021-03-11T11:18:08","modified_gmt":"2021-03-11T10:18:08","slug":"our-international-presence","status":"publish","type":"page","link":"https:\/\/www.assomption.org\/en\/our-international-presence\/","title":{"rendered":"Our international presence"},"content":{"rendered":"\n<p>The Province of Europe extends over 3 continents in several places: Assumptionist communities, parishes or works.<\/p>\n\n\n<p>[leaflet-map fitbounds]<\/p>\n\n\n\n[leaflet-marker svg iconClass=&#8217;icon-community&#8217; color=&#8217;black&#8217; background=&#8217;none&#8217; lat=51.59530 lng=5.32226]<p><i>Communaut\u00e9 Province d&#8217;Europe<\/i><br\/><b>Communaut\u00e9 assomptionniste<\/b><br \/>Boxtel Molenhof 2-07<br \/>5281 AG Boxtel<\/p><p><a href='mailto:assomption@assomption.org' target='_blank' rel=\"noopener\">assomption@assomption.org<\/a><\/p>[\/leaflet-marker]\n[leaflet-marker svg iconClass=&#8217;icon-community&#8217; color=&#8217;black&#8217; background=&#8217;none&#8217; address=&#8217;300 rue Edouard Piquand 73200 Albertville&#8217;]<p><i>Communaut\u00e9 Province d&#8217;Europe<\/i><br\/><b>Assomptionnistes Notre Dame des Vignes<\/b><br \/>300 rue Edouard Piquand<br \/>73200 Albertville<\/p><p><a href='mailto:assomption@assomption.org' target='_blank' rel=\"noopener\">assomption@assomption.org<\/a><\/p>[\/leaflet-marker]\n[leaflet-marker svg iconClass=&#8217;icon-community&#8217;  color=&#8217;black&#8217; background=&#8217;none&#8217; address=&#8217;Antananarivo&#8217;]<p><i>Province de Madagascar<\/i><br \/>Antananarivo<\/p><p><a href='mailto:assomption.madagascar@gmail.com' target='_blank' rel=\"noopener\">assomption.madagascar@gmail.com<\/a><\/p>[\/leaflet-marker]\n[leaflet-marker svg iconClass=&#8217;icon-community&#8217; color=&#8217;black&#8217; background=&#8217;none&#8217;  address=&#8217;Arusha&#8217;]<p><i>Province d&#8217;Afrique<\/i><br \/>Arusha<\/p><p><a href='mailto:aaprovinceafrique@gmail.com' target='_blank' rel=\"noopener\">aaprovinceafrique@gmail.com<\/a><\/p>[\/leaflet-marker]\n[leaflet-marker svg iconClass=&#8217;icon-community&#8217; color=&#8217;black&#8217; background=&#8217;none&#8217; lat=37.999561268210044 lng= 23.735886393589013]<p><i>Communaut\u00e9 Province d&#8217;Europe<\/i><br\/><b>Paroisse Sainte-Th\u00e9r\u00e8se<\/b><br \/>Odos Eptanissou 32 <br \/><br \/>11361 Ath\u00e8nes<\/p><p><a href='mailto:assomption@assomption.org' target='_blank' rel=\"noopener\">assomption@assomption.org<\/a><\/p>[\/leaflet-marker]\n[leaflet-marker svg iconClass=&#8217;icon-parich&#8217; color=&#8217;black&#8217; background=&#8217;none&#8217; lat=37.999561268210044 lng= 23.735886393589013]<p><i>Paroisse<\/i><br\/><b>Paroisse sainte Th\u00e9r\u00e8se, Ath\u00e8nes<\/b><br \/>Odos Eptanissou 32 <br \/><br \/>11361 Ath\u00e8nes<\/p>[\/leaflet-marker]\n[leaflet-marker svg iconClass=&#8217;icon-solidarity&#8217; color=&#8217;black&#8217; background=&#8217;none&#8217;  address=&#8217;Ba Ria&#8217;]<p><i>Solidarit\u00e9<\/i><br\/><b>Restaurant du c\u0153ur et maisons pour ouvriers<\/b><br \/>Ba Ria<\/p>[\/leaflet-marker]\n[leaflet-marker svg iconClass=&#8217;icon-community&#8217; color=&#8217;black&#8217; background=&#8217;none&#8217; address=&#8217;Bogota&#8217;]<p><i>Province Am\u00e9rique du Sud<\/i><br \/>Bogota<\/p><p><a href='https:\/\/www.soyasuncionista.cl' target='_blank' rel=\"noopener\">www.soyasuncionista.cl<\/a><\/p>[\/leaflet-marker]\n[leaflet-marker svg iconClass=&#8217;icon-community&#8217; color=&#8217;black&#8217; background=&#8217;none&#8217; address=&#8217;Brighton &#8216;]<p><i>Province Am\u00e9rique du Nord<\/i><br \/>Brighton <\/p><p><a href='https:\/\/www.assumption.us' target='_blank' rel=\"noopener\">www.assumption.us<\/a><\/p>[\/leaflet-marker]\n[leaflet-marker svg iconClass=&#8217;icon-community&#8217; color=&#8217;black&#8217; background=&#8217;none&#8217; address=&#8217;Rue des Braves, 21 1081 Bruxelles&#8217;]<p><i>Communaut\u00e9 Province d&#8217;Europe<\/i><br\/><b>Fraternit\u00e9 de l\u2019Assomption<\/b><br \/>Rue des Braves, 21<br \/>1081 Bruxelles<\/p><p><a href='mailto:assomption@assomption.org' target='_blank' rel=\"noopener\">assomption@assomption.org<\/a><br\/><a href='https:\/\/www.maranatha.be' target='_blank' rel=\"noopener\">www.maranatha.be<\/a><\/p>[\/leaflet-marker]\n[leaflet-marker svg iconClass=&#8217;icon-community&#8217; color=&#8217;black&#8217; background=&#8217;none&#8217; address=&#8217;Kapellaan 37 1200 Bruxelles&#8217;]<p><i>Communaut\u00e9 Province d&#8217;Europe<\/i><br\/><b>Communaut\u00e9 assomptionniste<\/b><br \/>Kapellaan 37<br \/>1200 Bruxelles<\/p><p><a href='mailto:assomption@assomption.org' target='_blank' rel=\"noopener\">assomption@assomption.org<\/a><\/p>[\/leaflet-marker]\n[leaflet-marker svg iconClass=&#8217;icon-parich&#8217; color=&#8217;black&#8217; background=&#8217;none&#8217; address=&#8217;Parc Elisabeth 1083 Bruxelles&#8217;]<p><i>Paroisse<\/i><br\/><b>Basilique Nationale du Sacr\u00e9-C\u0153ur Koekelberg<\/b><br \/>Parc Elisabeth<br \/>1083 Bruxelles<\/p>[\/leaflet-marker]\n[leaflet-marker svg iconClass=&#8217;icon-parich&#8217; address=&#8217;Rue de la Madeleine 1000 Bruxelles&#8217;]<p><i>Paroisse<\/i><br\/><b>\u00c9glise Sainte-Marie-Madeleine, Bruxelles<\/b><br \/>Rue de la Madeleine<br \/>1000 Bruxelles<\/p>[\/leaflet-marker]\n[leaflet-marker svg iconClass=&#8217;icon-home&#8217; color=&#8217;black&#8217; background=&#8217;none&#8217; lat=44.44594 lng=26.09495]<p><i>Foyers et Communaut\u00e9s d&#8217;accueil pour \u00e9tudiants<\/i><br\/><b>Communaut\u00e9 d&#8217;accueil, Bucarest<\/b><br \/>Intrarea General Christian Tell, numarul 18 B, Sector 1<br \/>010386 Bucarest<\/p><p><a href='mailto:assomption@assomption.org' target='_blank' rel=\"noopener\">assomption@assomption.org<\/a><\/p>[\/leaflet-marker]\n[leaflet-marker svg iconClass=&#8217;icon-community&#8217; color=&#8217;black&#8217; background=&#8217;none&#8217; lat=44.44594 lng=26.09495]<p><i>Communaut\u00e9 Province d&#8217;Europe<\/i><br\/><b>Communaut\u00e9 saint Pierre et saint Andr\u00e9<\/b><br \/>Intrarea General Christian Tell, numarul 18 B, Sector 1<br \/>010386 Bucuresti<\/p><p><a href='mailto:assomption@assomption.org' target='_blank' rel=\"noopener\">assomption@assomption.org<\/a><\/p>[\/leaflet-marker]\n[leaflet-marker svg iconClass=&#8217;icon-training&#8217; color=&#8217;black&#8217; background=&#8217;none&#8217; lat=44.44594 lng=26.09495]<p><i>Formation \/ Centre culturel<\/i><br\/><b>Centre Saint Pierre Saint Andr\u00e9<\/b><br \/>Intrarea General Christian Tell, <br \/>Numarul 18 B, Sector 1<br \/>010386 Bucuresti<\/p><p><a href='https:\/\/www.centrulpetrusiandrei.ro' target='_blank' rel=\"noopener\">www.centrulpetrusiandrei.ro<\/a><\/p>[\/leaflet-marker]\n[leaflet-marker svg iconClass=&#8217;icon-community&#8217; color=&#8217;black&#8217; background=&#8217;none&#8217; address=&#8217;Buenos Aires&#8217;]<p><i>Province Am\u00e9rique du Sud<\/i><br \/>Buenos Aires<\/p><p><a href='https:\/\/www.soyasuncionista.cl' target='_blank' rel=\"noopener\">www.soyasuncionista.cl<\/a><\/p>[\/leaflet-marker]\n[leaflet-marker svg iconClass=&#8217;icon-community&#8217; color=&#8217;black&#8217; background=&#8217;none&#8217; address=&#8217;Bukavu&#8217;]<p><i>Province d&#8217;Afrique<\/i><br \/>Bukavu<\/p><p><a href='mailto:aaprovinceafrique@gmail.com' target='_blank' rel=\"noopener\">aaprovinceafrique@gmail.com<\/a><\/p>[\/leaflet-marker]\n[leaflet-marker svg iconClass=&#8217;icon-community&#8217; color=&#8217;black&#8217; background=&#8217;none&#8217; address=&#8217;Butembo&#8217;]<p><i>Province d&#8217;Afrique<\/i><br \/>Butembo<\/p><p><a href='mailto:aaprovinceafrique@gmail.com' target='_blank' rel=\"noopener\">aaprovinceafrique@gmail.com<\/a><\/p>[\/leaflet-marker]\n[leaflet-marker svg iconClass=&#8217;icon-community&#8217; color=&#8217;black&#8217; background=&#8217;none&#8217; address=&#8217;14 avenue Carnot 94230 Cachan&#8217;]<p><i>Communaut\u00e9 Province d&#8217;Europe<\/i><br\/><b>Communaut\u00e9 assomptionniste<\/b><br \/>14 avenue Carnot<br \/>94230 Cachan<\/p><p><a href='mailto:assomption@assomption.org' target='_blank' rel=\"noopener\">assomption@assomption.org<\/a><\/p>[\/leaflet-marker]\n[leaflet-marker svg iconClass=&#8217;icon-home&#8217; color=&#8217;black&#8217; background=&#8217;none&#8217; address=&#8217;14, avenue Carnot 94230 Cachan&#8217;]<p><i>Foyers et Communaut\u00e9s d&#8217;accueil pour \u00e9tudiants<\/i><br\/><b>Communaut\u00e9 d&#8217;accueil de Cachan<\/b><br \/>14, avenue Carnot<br \/>94230 Cachan<\/p><p><a href='mailto:jean-paul.musangania@assomption.org' target='_blank' rel=\"noopener\">jean-paul.musangania@assomption.org<\/a><\/p>[\/leaflet-marker]\n[leaflet-marker svg iconClass=&#8217;icon-community&#8217; color=&#8217;black&#8217; background=&#8217;none&#8217; address=&#8217;Campinas&#8217;]<p><i>Province Am\u00e9rique du Sud<\/i><br \/>Campinas<\/p><p><a href='https:\/\/www.assuncionistas.com' target='_blank' rel=\"noopener\">www.assuncionistas.com<\/a><\/p>[\/leaflet-marker]\n[leaflet-marker svg iconClass=&#8217;icon-community&#8217; color=&#8217;black&#8217; background=&#8217;none&#8217; address=&#8217;Cerro Azul&#8217;]<p><i>Province Am\u00e9rique du Sud<\/i><br \/>Cerro Azul<\/p><p><a href='https:\/\/www.assuncionistas.com' target='_blank' rel=\"noopener\">www.assuncionistas.com<\/a><\/p>[\/leaflet-marker]\n[leaflet-marker svg iconClass=&#8217;icon-community&#8217; color=&#8217;black&#8217; background=&#8217;none&#8217; lat=50.29637817837993 lng=5.0977150551708235]<p><i>Communaut\u00e9 Province d&#8217;Europe<\/i><br\/><b>P\u00e8res de l&#8217;Assomption<\/b><br \/>Rue d&#8217;Omalius, 40, pl. 3<br \/>5590 Ciney<\/p><p><a href='mailto:assomption@assomption.org' target='_blank' rel=\"noopener\">assomption@assomption.org<\/a><\/p>[\/leaflet-marker]\n[leaflet-marker svg iconClass=&#8217;icon-community&#8217; color=&#8217;black&#8217; background=&#8217;none&#8217; lat=48.9901102837237 lng=2.084919298228364]<p><i>Communaut\u00e9 Province d&#8217;Europe<\/i><br\/><b>Communaut\u00e9 assomptionniste<\/b><br \/>Bateau \u201cJe Sers\u201d &#8211; B.P. 28<br \/>Quai de la R\u00e9publique<br \/>78701 Conflans-Sainte-Honorine<\/p><p><a href='mailto:assomption@assomption.org' target='_blank' rel=\"noopener\">assomption@assomption.org<\/a><br\/><a href='https:\/\/www.bateaujesers.org' target='_blank' rel=\"noopener\">www.bateaujesers.org<\/a><\/p>[\/leaflet-marker]\n[leaflet-marker svg iconClass=&#8217;icon-hospitality&#8217; color=&#8217;black&#8217; background=&#8217;none&#8217; lat=48.9901102837237 lng=2.084919298228364]<p><i>Hospitalit\u00e9<\/i><br\/><b>Bateau &#8220;Je sers&#8221;<\/b><br \/>Quai de la R\u00e9publique<br \/>78701 Conflans-Sainte-Honorine<\/p><p><a href='https:\/\/www.bateaujesers.org' target='_blank' rel=\"noopener\">www.bateaujesers.org<\/a><\/p>[\/leaflet-marker]\n[leaflet-marker svg iconClass=&#8217;icon-parich&#8217; color=&#8217;black&#8217; background=&#8217;none&#8217; lat=48.9901102837237 lng=2.084919298228364]<p><i>Paroisse<\/i><br\/><b>Paroisse des bateliers, Conflans Sainte Honorine<\/b><br \/>Quai de la R\u00e9publique<br \/>78701 Conflans-Sainte-Honorine<\/p>[\/leaflet-marker]\n[leaflet-marker svg iconClass=&#8217;icon-training&#8217; color=&#8217;black&#8217; background=&#8217;none&#8217; address=&#8217;1 chemin de Chalin 69130 Ecully&#8217;]<p><i>Formation \/ Centre culturel<\/i><br\/><b>Entretiens de Valpr\u00e9<\/b><br \/>1 chemin de Chalin<br \/>69130 Ecully<\/p><p><a href='https:\/\/www.entretiensdevalpre.org' target='_blank' rel=\"noopener\">www.entretiensdevalpre.org<\/a><\/p>[\/leaflet-marker]\n[leaflet-marker svg iconClass=&#8217;icon-hospitality&#8217; color=&#8217;black&#8217; background=&#8217;none&#8217; address=&#8217;1 chemin de Chalin 69130 Ecully&#8217;]<p><i>Hospitalit\u00e9<\/i><br\/><b>Centre de Valpr\u00e9<\/b><br \/>1 chemin de Chalin<br \/>69130 Ecully<\/p><p><a href='https:\/\/www.valpre.com' target='_blank' rel=\"noopener\">www.valpre.com<\/a><\/p>[\/leaflet-marker]\n[leaflet-marker svg iconClass=&#8217;icon-solidarity&#8217; color=&#8217;black&#8217; background=&#8217;none&#8217; address=&#8217;1 chemin de Chalin 69130 Ecully&#8217;]<p><i>Communaut\u00e9 Province d&#8217;Europe<\/i><br\/><b>P\u00e9pini\u00e8re de Valpr\u00e9<\/b><br \/>1 chemin de Chalin<br \/>69130 Ecully<\/p><p><a href='https:\/\/www.pepinieredevalpre.com' target='_blank' rel=\"noopener\">www.pepinieredevalpre.com<\/a><\/p>[\/leaflet-marker]\n[leaflet-marker svg iconClass=&#8217;icon-community&#8217; color=&#8217;black&#8217; background=&#8217;none&#8217; address=&#8217;1 chemin de Chalin 69131 \u00c9cully&#8217;]<p><i>Communaut\u00e9 Province d&#8217;Europe<\/i><br\/><b>Communaut\u00e9 assomptionniste<\/b><br \/>1 chemin de Chalin<br \/>B.P. 165<br \/>69131 \u00c9cully<\/p><p><a href='mailto:assomption@assomption.org' target='_blank' rel=\"noopener\">assomption@assomption.org<\/a><br\/><a href='https:\/\/www.chretiensvalpre.com' target='_blank' rel=\"noopener\">www.chretiensvalpre.com<\/a><\/p>[\/leaflet-marker]\n[leaflet-marker svg iconClass=&#8217;icon-home&#8217; color=&#8217;black&#8217; background=&#8217;none&#8217; address=&#8217;1 chemin de Chalin 69130\u00a0 \u00c9cully&#8217;]<p><i>Foyers et Communaut\u00e9s d&#8217;accueil pour \u00e9tudiants<\/i><br\/><b>Foyer pour \u00e9tudiants de Valpr\u00e9<\/b><br \/>1 chemin de Chalin<br \/>69130\u00a0 \u00c9cully<\/p><p><a href='mailto:remkienteg@yahoo.fr' target='_blank' rel=\"noopener\">remkienteg@yahoo.fr<\/a><\/p>[\/leaflet-marker]\n[leaflet-marker svg iconClass=&#8217;icon-parich&#8217; color=&#8217;black&#8217; background=&#8217;none&#8217; address=&#8217;Calle Olm, 26 3203 Elche&#8217;]<p><i>Paroisse<\/i><br\/><b>Paroisse del Espiritu Santo, Elche<\/b><br \/>Calle Olm, 26<br \/>3203 Elche<\/p>[\/leaflet-marker]\n[leaflet-marker svg iconClass=&#8217;icon-parich&#8217; color=&#8217;black&#8217; background=&#8217;none&#8217; address=&#8217;Calle Sinoga, 3 3203 Elche&#8217;]<p><i>Paroisse<\/i><br\/><b>Paroisse San Anton, Elche<\/b><br \/>Calle Sinoga, 3<br \/>3203 Elche<\/p>[\/leaflet-marker]\n[leaflet-marker svg iconClass=&#8217;icon-community&#8217; color=&#8217;black&#8217; background=&#8217;none&#8217; address=&#8217;Calle Sinoga, 3  03203 Elche (Alicante)&#8217;]<p><i>Communaut\u00e9 Province d&#8217;Europe<\/i><br\/><b>Parroquia San Ant\u00f3n<\/b><br \/>Calle Sinoga, 3 <br \/>03203 Elche (Alicante)<\/p><p><a href='mailto:assomption@assomption.org' target='_blank' rel=\"noopener\">assomption@assomption.org<\/a><\/p>[\/leaflet-marker]\n[leaflet-marker svg iconClass=&#8217;icon-community&#8217; color=&#8217;black&#8217; background=&#8217;none&#8217; address=&#8217;Espirito Santo do Pinhal&#8217;]<p><i>Province Am\u00e9rique du Sud<\/i><br \/>Espirito Santo do Pinhal<\/p><p><a href='https:\/\/www.assuncionistas.com' target='_blank' rel=\"noopener\">www.assuncionistas.com<\/a><\/p>[\/leaflet-marker]\n[leaflet-marker svg iconClass=&#8217;icon-community&#8217; color=&#8217;black&#8217; background=&#8217;none&#8217; address=&#8217;Eugenopolis&#8217;]<p><i>Province Am\u00e9rique du Sud<\/i><br \/>Eugenopolis<\/p><p><a href='https:\/\/www.assuncionistas.com' target='_blank' rel=\"noopener\">www.assuncionistas.com<\/a><\/p>[\/leaflet-marker]\n[leaflet-marker svg iconClass=&#8217;icon-community&#8217; color=&#8217;black&#8217; background=&#8217;none&#8217; address=&#8217;Fianarantsoa&#8217;]<p><i>Province de Madagascar<\/i><br \/>Fianarantsoa<\/p><p><a href='mailto:assomption.madagascar@gmail.com' target='_blank' rel=\"noopener\">assomption.madagascar@gmail.com<\/a><\/p>[\/leaflet-marker]\n[leaflet-marker svg iconClass=&#8217;icon-community&#8217; color=&#8217;black&#8217; background=&#8217;none&#8217; address=&#8217;Borgo Pinti 58  50121 Firenze&#8217;]<p><i>Communaut\u00e9 Province d&#8217;Europe<\/i><br\/><b>Communaut\u00e9 assomptionniste<\/b><br \/>Borgo Pinti 58 <br \/>50121 Firenze<\/p><p><a href='mailto:assomption@assomption.org' target='_blank' rel=\"noopener\">assomption@assomption.org<\/a><\/p>[\/leaflet-marker]\n[leaflet-marker svg iconClass=&#8217;icon-home&#8217; color=&#8217;black&#8217; background=&#8217;none&#8217; address=&#8217;Borgo Pinti 58  50121 Florence&#8217;]<p><i>Foyers et Communaut\u00e9s d&#8217;accueil pour \u00e9tudiants<\/i><br\/><b>Communaut\u00e9 d&#8217;accueil de Florence<\/b><br \/>Borgo Pinti 58 <br \/>50121 Florence<\/p><p><a href='mailto:assomption@assomption.org' target='_blank' rel=\"noopener\">assomption@assomption.org<\/a><\/p>[\/leaflet-marker]\n[leaflet-marker svg iconClass=&#8217;icon-parich&#8217; color=&#8217;black&#8217; background=&#8217;none&#8217; address=&#8217;Via di Novoli, 31 50127 Florence&#8217;]<p><i>Paroisse<\/i><br\/><b>Paroisse San Donato in Polverosa, Florence<\/b><br \/>Via di Novoli, 31<br \/>50127 Florence<\/p>[\/leaflet-marker]\n[leaflet-marker svg iconClass=&#8217;icon-community&#8217; color=&#8217;black&#8217; background=&#8217;none&#8217; address=&#8217;Goma&#8217;]<p><i>Province d&#8217;Afrique<\/i><br \/>Goma<\/p><p><a href='mailto:aaprovinceafrique@gmail.com' target='_blank' rel=\"noopener\">aaprovinceafrique@gmail.com<\/a><\/p>[\/leaflet-marker]\n[leaflet-marker svg iconClass=&#8217;icon-community&#8217; color=&#8217;black&#8217; background=&#8217;none&#8217; lat=35.150157417956805 lng=126.857918955823]<p><i>Communaut\u00e9 Province d&#8217;Europe<\/i><br\/><b>Assumptionists<\/b><br \/>Sangmu-daero 876  beon-gil 9-3  (Ssang Chon dong)<br \/>Seo-Gu<br \/>61989 Gwangju-Shi<\/p><p><a href='mailto:vicariat.asie-oceanie@assomption.org' target='_blank' rel=\"noopener\">vicariat.asie-oceanie@assomption.org<\/a><\/p>[\/leaflet-marker]\n\n[leaflet-marker svg iconClass=&#8217;icon-pilgrimage&#8217; color=&#8217;black&#8217; background=&#8217;none&#8217; address=&#8217;Gwangju-Shi    6 1 9 8 9&#8242;]<p><i>P\u00e8lerinage<\/i><br\/><b>P\u00e8lerinages Assomptionnistes Cor\u00e9ens<\/b><br \/>Gwangju-Shi    6 1 9 8 9<\/p>[\/leaflet-marker]\n[leaflet-marker svg iconClass=&#8217;icon-community&#8217; color=&#8217;black&#8217; background=&#8217;none&#8217; address=&#8217;16 Nightingale Rd Hitchin SG5 1QS&#8217;]<p><i>Communaut\u00e9 Province d&#8217;Europe<\/i><br\/><b>The Catholic Church<\/b><br \/>16 Nightingale Rd<br \/>Hitchin SG5 1QS<\/p><p><a href='mailto:assomption@assomption.org' target='_blank' rel=\"noopener\">assomption@assomption.org<\/a><\/p>[\/leaflet-marker]\n[leaflet-marker svg iconClass=&#8217;icon-parich&#8217; color=&#8217;black&#8217; background=&#8217;none&#8217; address=&#8217;16 Nightingale Rd Hitchin SG5 1QS&#8217;]<p><i>Paroisse<\/i><br\/><b>Our Lady Immaculate &#038; St Andrew, Hitchin<\/b><br \/>16 Nightingale Rd<br \/>Hitchin SG5 1QS<\/p>[\/leaflet-marker]\n[leaflet-marker svg iconClass=&#8217;icon-community&#8217; color=&#8217;black&#8217; background=&#8217;none&#8217; lat= lng=&#8217;]<p><i>Communaut\u00e9 Province d&#8217;Europe<\/i><br\/><b>Assumptionist community<\/b><br \/>Saint-Peter in Gallicantu Ma&#8217;aleh Hashalom<br \/>Mount Zion P.O.B. 31653<br \/>91316 IL &#8211; J\u00e9rusalem<\/p><p><a href='mailto:assomption@assomption.org' target='_blank' rel=\"noopener\">assomption@assomption.org<\/a><br\/><a href='https:\/\/www.stpeter-gallicantu.org' target='_blank' rel=\"noopener\">www.stpeter-gallicantu.org<\/a><\/p>[\/leaflet-marker]\n[leaflet-marker svg iconClass=&#8217;77&#8217; color=&#8217;black&#8217; background=&#8217;none&#8217; lat=31.77135 lng=35.23243]<p><i>Hospitalit\u00e9<\/i><br\/><b>St Pierre en Gallicante<\/b><br \/>Mount Zion P.O.B. 31653<br \/>91316 IL &#8211; J\u00e9rusalem<\/p><p><a href='https:\/\/www.stpeter-gallicantu.org' target='_blank' rel=\"noopener\">www.stpeter-gallicantu.org<\/a><\/p>[\/leaflet-marker]\n[leaflet-marker svg iconClass=&#8217;icon-community&#8217; color=&#8217;black&#8217; background=&#8217;none&#8217; lat=46.58738 lng=26.85015]<p><i>Communaut\u00e9 Province d&#8217;Europe<\/i><br\/><b>Manastirea Sft Augustin<\/b><br \/>Margineni<br \/>607315 Jud. Bacau<\/p><p><a href='mailto:assomption@assomption.org' target='_blank' rel=\"noopener\">assomption@assomption.org<\/a><\/p>[\/leaflet-marker]\n[leaflet-marker svg iconClass=&#8217;icon-home&#8217; color=&#8217;black&#8217; background=&#8217;none&#8217; lat=46.58738 lng=26.85015]<p><i>Foyers et Communaut\u00e9s d&#8217;accueil pour \u00e9tudiants<\/i><br\/><b>Communaut\u00e9 d&#8217;accueil de Margineni<\/b><br \/>Manastirea Sft Augustin<br \/>607315 Jud. Bacau<\/p><p><a href='mailto:aabucuresti@gmail.com' target='_blank' rel=\"noopener\">aabucuresti@gmail.com<\/a><\/p>[\/leaflet-marker]\n[leaflet-marker svg iconClass=&#8217;icon-home&#8217; color=&#8217;black&#8217; background=&#8217;none&#8217; address=&#8217;8 rue de la Paix 91260 Juvisy sur Orge&#8217;]<p><i>Foyers et Communaut\u00e9s d&#8217;accueil pour \u00e9tudiants<\/i><br\/><b>Foyer Notre Dame de l&#8217;Assomption, Juvisy-sur-Orge<\/b><br \/>8 rue de la Paix<br \/>91260 Juvisy sur Orge<\/p><p><a href='mailto:jfpetit@netcourrier.com' target='_blank' rel=\"noopener\">jfpetit@netcourrier.com<\/a><\/p>[\/leaflet-marker]\n[leaflet-marker svg iconClass=&#8217;icon-community&#8217; color=&#8217;black&#8217; background=&#8217;none&#8217; address=&#8217;8 rue de la Paix 91260 Juvisy-sur-Orge&#8217;]<p><i>Communaut\u00e9 Province d&#8217;Europe<\/i><br\/><b>Communaut\u00e9 assomptionniste<\/b><br \/>8 rue de la Paix<br \/>91260 Juvisy-sur-Orge<\/p><p><a href='mailto:assomption@assomption.org' target='_blank' rel=\"noopener\">assomption@assomption.org<\/a><\/p>[\/leaflet-marker]\n[leaflet-marker svg iconClass=&#8217;icon-community&#8217; color=&#8217;black&#8217; background=&#8217;none&#8217; lat= lng=]<p><i>Communaut\u00e9 Province d&#8217;Europe<\/i><br\/><b>Communaut\u00e9 assomptionniste<\/b><br \/>Katolik Kilisesi<br \/>Cem Sokak, n\u00b0 5, Moda TR<br \/>34710 Kadikoy<\/p><p><a href='mailto:assomption@assomption.org' target='_blank' rel=\"noopener\">assomption@assomption.org<\/a><\/p>[\/leaflet-marker]\n[leaflet-marker svg iconClass=&#8217;icon-parich&#8217; color=&#8217;black&#8217; background=&#8217;none&#8217; lat=40.98450 lng=29.02535]<p><i>Paroisse<\/i><br\/><b>Paroisse\u00a0Notre-Dame de l\u2019Assomption\u00a0de Kadik\u00f6y, Istanbul<\/b><br \/>Cem Sokak, n\u00b0 5, Moda TR<br \/>34710 Kadikoy<\/p>[\/leaflet-marker]\n[leaflet-marker svg iconClass=&#8217;icon-training&#8217; color=&#8217;black&#8217; background=&#8217;none&#8217; lat=14.6379609339856 lng=121.07143799738986]<p><i>Formation \/ Centre culturel<\/i><br\/><b>Assumption Language College Manille<\/b><br \/>11 A. Regidor, Project 4, <br \/>Lungsod Quezon, <br \/>1108 Kalakhang Maynila<\/p><p><a href='https:\/\/www.alcmanila.com' target='_blank' rel=\"noopener\">www.alcmanila.com<\/a><\/p>[\/leaflet-marker]\n[leaflet-marker svg iconClass=&#8217;icon-community&#8217; color=&#8217;black&#8217; background=&#8217;none&#8217; address=&#8217;Kampala&#8217;]<p><i>Province d&#8217;Afrique<\/i><br \/>Kampala<\/p><p><a href='mailto:aaprovinceafrique@gmail.com' target='_blank' rel=\"noopener\">aaprovinceafrique@gmail.com<\/a><\/p>[\/leaflet-marker]\n[leaflet-marker svg iconClass=&#8217;icon-community&#8217; color=&#8217;black&#8217; background=&#8217;none&#8217; address=&#8217;Kinshasa&#8217;]<p><i>Province d&#8217;Afrique<\/i><br \/>Kinshasa<\/p><p><a href='mailto:aaprovinceafrique@gmail.com' target='_blank' rel=\"noopener\">aaprovinceafrique@gmail.com<\/a><\/p>[\/leaflet-marker]\n[leaflet-marker svg iconClass=&#8217;icon-hospitality&#8217; color=&#8217;black&#8217; background=&#8217;none&#8217; address=&#8217;Rue des Braves, 21 1081 Koekelberg&#8217;]<p><i>Hospitalit\u00e9<\/i><br\/><b>Les Amis d&#8217;Acompagner<\/b><br \/>Rue des Braves, 21<br \/>1081 Koekelberg<\/p><p><a href='https:\/\/www.accompagner.be' target='_blank' rel=\"noopener\">www.accompagner.be<\/a><\/p>[\/leaflet-marker]\n[leaflet-marker svg iconClass=&#8217;icon-parich&#8217; color=&#8217;black&#8217; background=&#8217;none&#8217; lat=42.03328119048139 lng=24.788607060348532]<p><i>Paroisse<\/i><br\/><b>Paroisse \u201cSainte Trinit\u00e8\u201d\u00a0<\/b><br \/>Ul. Vazrajdane n.5\u00a0<br \/>Kuklen, okr. Plovdiv\u00a0<\/p>[\/leaflet-marker]\n[leaflet-marker svg iconClass=&#8217;icon-community&#8217; color=&#8217;black&#8217; background=&#8217;none&#8217; lat=44.13687912615294 lng=0.6589838422429273]<p><i>Communaut\u00e9 Province d&#8217;Europe<\/i><br\/><b>Communaut\u00e9 assomptionniste<\/b><br \/>Le Prieur\u00e9<br \/>47390 Layrac<\/p><p><a href='mailto:assomption@assomption.org' target='_blank' rel=\"noopener\">assomption@assomption.org<\/a><\/p>[\/leaflet-marker]\n[leaflet-marker svg iconClass=&#8217;icon-community&#8217; color=&#8217;black&#8217; background=&#8217;none&#8217; lat=40.339938855696296 lng=-3.772937271368904]<p><i>Communaut\u00e9 Province d&#8217;Europe<\/i><br\/><b>Comunidad Asuncionista<\/b><br \/>c\/Abedul, 33 <br \/>28918 Legan\u00e9s, Madrid<\/p><p><a href='mailto:assomption@assomption.org' target='_blank' rel=\"noopener\">assomption@assomption.org<\/a><\/p>[\/leaflet-marker]\n[leaflet-marker svg iconClass=&#8217;icon-parich&#8217; color=&#8217;black&#8217; background=&#8217;none&#8217; lat=40.338633393076556 lng=-3.7749837443851106]<p><i>Paroisse<\/i><br\/><b>Paroisse Santa Teresa Del Ni\u00f1o Jes\u00fas, Legan\u00e8s<\/b><br \/>Calle de Violeta Parra, s\/n, <br \/>28918 Legan\u00e9s, Madrid<\/p>[\/leaflet-marker]\n[leaflet-marker svg iconClass=&#8217;icon-community&#8217; color=&#8217;black&#8217; background=&#8217;none&#8217; address=&#8217;Halvestraat 14  3000 Leuven&#8217;]<p><i>Communaut\u00e9 Province d&#8217;Europe<\/i><br\/><b>Communaut\u00e9 assomptionniste<\/b><br \/>Halvestraat 14 <br \/>3000 Leuven<\/p><p><a href='mailto:assomption@assomption.org' target='_blank' rel=\"noopener\">assomption@assomption.org<\/a><\/p>[\/leaflet-marker]\n[leaflet-marker svg iconClass=&#8217;icon-community&#8217; color=&#8217;black&#8217; background=&#8217;none&#8217; address=&#8217;109 rue de la Bass\u00e9e 59000 Lille&#8217;]<p><i>Communaut\u00e9 Province d&#8217;Europe<\/i><br\/><b>Communaut\u00e9 assomptionniste<\/b><br \/>109 rue de la Bass\u00e9e<br \/>59000 Lille<\/p><p><a href='mailto:assomption@assomption.org' target='_blank' rel=\"noopener\">assomption@assomption.org<\/a><\/p>[\/leaflet-marker]\n[leaflet-marker svg iconClass=&#8217;icon-home&#8217; color=&#8217;black&#8217; background=&#8217;none&#8217; address=&#8217;109 rue de la Bass\u00e9e 59000 Lille&#8217;]<p><i>Foyers et Communaut\u00e9s d&#8217;accueil pour \u00e9tudiants<\/i><br\/><b>Communaut\u00e9 d&#8217;accueil de Lille<\/b><br \/>109 rue de la Bass\u00e9e<br \/>59000 Lille<\/p><p><a href='mailto:erik.samson@assomption.org' target='_blank' rel=\"noopener\">erik.samson@assomption.org<\/a><\/p>[\/leaflet-marker]\n[leaflet-marker svg iconClass=&#8217;icon-community&#8217; color=&#8217;black&#8217; background=&#8217;none&#8217; address=&#8217;Victoria Park Square &#8211; Bethnal Green E2,9PB London&#8217;]<p><i>Communaut\u00e9 Province d&#8217;Europe<\/i><br\/><b>Assumption Priory<\/b><br \/>Victoria Park Square &#8211; Bethnal Green<br \/>E2,9PB London<\/p><p><a href='mailto:assomption@assomption.org' target='_blank' rel=\"noopener\">assomption@assomption.org<\/a><\/p>[\/leaflet-marker]\n[leaflet-marker svg iconClass=&#8217;icon-home&#8217; color=&#8217;black&#8217; background=&#8217;none&#8217; address=&#8217;Victoria Park Square &#8211; Bethnal Green E2,9PB London&#8217;]<p><i>Foyers et Communaut\u00e9s d&#8217;accueil pour \u00e9tudiants<\/i><br\/><b>Communaut\u00e9 d&#8217;accueil de Londres<\/b><br \/>Victoria Park Square &#8211; Bethnal Green<br \/>E2,9PB London<\/p><p><a href='mailto:assomption@assomption.org' target='_blank' rel=\"noopener\">assomption@assomption.org<\/a><\/p>[\/leaflet-marker]\n[leaflet-marker svg iconClass=&#8217;icon-parich&#8217; color=&#8217;black&#8217; background=&#8217;none&#8217; address=&#8217;Victoria Park Square,  Bethnal Green London E2 9PB&#8217;]<p><i>Paroisse<\/i><br\/><b>Our Lady of the Assumption &#8211; Assumption Priory<\/b><br \/>Victoria Park Square, <br \/>Bethnal Green<br \/>London E2 9PB<\/p>[\/leaflet-marker]\n[leaflet-marker svg iconClass=&#8217;icon-community&#8217; color=&#8217;black&#8217; background=&#8217;none&#8217; address=&#8217;2 avenue Debrousse 69005 Lyon&#8217;]<p><i>Communaut\u00e9 Province d&#8217;Europe<\/i><br\/><b>Communaut\u00e9 assomptionniste<\/b><br \/>2 avenue Debrousse<br \/>69005 Lyon<\/p><p><a href='mailto:assomption@assomption.org' target='_blank' rel=\"noopener\">assomption@assomption.org<\/a><\/p>[\/leaflet-marker]\n[leaflet-marker svg iconClass=&#8217;icon-community&#8217; color=&#8217;black&#8217; background=&#8217;none&#8217; lat=40.404642612254065 lng=-3.659848317925903]<p><i>Communaut\u00e9 Province d&#8217;Europe<\/i><br\/><b>Parroquia Dulce Nombre de Mar\u00eda<\/b><br \/>c\/ San Florencio, 1 <br \/>28038 Madrid<\/p><p><a href='mailto:assomption@assomption.org' target='_blank' rel=\"noopener\">assomption@assomption.org<\/a><\/p>[\/leaflet-marker]\n[leaflet-marker svg iconClass=&#8217;icon-community&#8217; color=&#8217;black&#8217; background=&#8217;none&#8217; lat=40.41282248637647 lng=-3.666502225386083]<p><i>Communaut\u00e9 Province d&#8217;Europe<\/i><br\/><b>Parroquia Reina Del Cielo<\/b><br \/>Pasaje Can Menor, 5 <br \/>28007 Madrid<\/p><p><a href='mailto:assomption@assomption.org' target='_blank' rel=\"noopener\">assomption@assomption.org<\/a><\/p>[\/leaflet-marker]\n[leaflet-marker svg iconClass=&#8217;icon-home&#8217; color=&#8217;black&#8217; background=&#8217;none&#8217; lat=40.41282248637647 lng=-3.666502225386083]<p><i>Foyers et Communaut\u00e9s d&#8217;accueil pour \u00e9tudiants<\/i><br\/><b>Foyer de Reina del Cielo<\/b><br \/>Pasaje Can Menor, 5 <br \/>28007 Madrid<\/p><p><a href='mailto:muhindp.2002@gmail.com' target='_blank' rel=\"noopener\">muhindp.2002@gmail.com<\/a><\/p>[\/leaflet-marker]\n[leaflet-marker svg iconClass=&#8217;icon-parich&#8217; color=&#8217;black&#8217; background=&#8217;none&#8217; lat=40.404642612254065 lng=-3.659848317925903]<p><i>Paroisse<\/i><br\/><b>Paroisse Dulce Nombre de Maria, Madrid<\/b><br \/>Calle San Florencio, 1<br \/>28038 Madrid<\/p>[\/leaflet-marker]\n[leaflet-marker svg iconClass=&#8217;icon-parich&#8217; color=&#8217;black&#8217; background=&#8217;none&#8217; lat=40.41282248637647 lng=-3.666502225386083]<p><i>Paroisse<\/i><br\/><b>Paroisse Reina del Cielo, Madrid<\/b><br \/>Pasaje de Can Menor, 5<br \/>28007 Madrid <\/p>[\/leaflet-marker]\n[leaflet-marker svg iconClass=&#8217;icon-media&#8217; color=&#8217;black&#8217; background=&#8217;none&#8217; address=&#8217;Manille&#8217;]<p><i>M\u00e9dias<\/i><br\/><b>Bayard Philippines<\/b><br \/>Manille<\/p><p><a href='https:\/\/www.bayard.ph' target='_blank' rel=\"noopener\">www.bayard.ph<\/a><\/p>[\/leaflet-marker]\n[leaflet-marker svg iconClass=&#8217;icon-solidarity&#8217; color=&#8217;black&#8217; background=&#8217;none&#8217; address=&#8217;Manille&#8217;]<p><i>Solidarit\u00e9<\/i><br\/><b>Kaalob au service du d\u00e9veloppement<\/b><br \/>Manille<\/p><p><a href='https:\/\/www.kaloob.ph' target='_blank' rel=\"noopener\">www.kaloob.ph<\/a><\/p>[\/leaflet-marker]\n[leaflet-marker svg iconClass=&#8217;icon-community&#8217; color=&#8217;black&#8217; background=&#8217;none&#8217; address=&#8217;273, Santolan Road San Juan City 1500 Metro Manila&#8217;]<p><i>Communaut\u00e9 Province d&#8217;Europe<\/i><br\/><b>La Consolacion Convent<\/b><br \/>273, Santolan Road<br \/>San Juan City<br \/>1500 Metro Manila<\/p><p><a href='mailto:vicariat.asie-oceanie@assomption.org' target='_blank' rel=\"noopener\">vicariat.asie-oceanie@assomption.org<\/a><\/p>[\/leaflet-marker]\n[leaflet-marker svg iconClass=&#8217;icon-community&#8217; color=&#8217;black&#8217; background=&#8217;none&#8217; address=&#8217;Mexico&#8217;]<p><i>Province Am\u00e9rique du Nord<\/i><br \/>Mexico<\/p><p><a href='https:\/\/www.asuremex.blogspot.com' target='_blank' rel=\"noopener\">https:\/\/www.asuremex.blogspot.com<\/a><\/p>[\/leaflet-marker]\n[leaflet-marker svg iconClass=&#8217;icon-community&#8217; color=&#8217;black&#8217; background=&#8217;none&#8217; lat=43.61547504076645 lng=3.8647581073067427]<p><i>Communaut\u00e9 Province d&#8217;Europe<\/i><br\/><b>Paroisse Saint-Augustin-de-l&#8217;Aqueduc<\/b><br \/>42 avenue d&#8217;Assas<br \/>34000 Montpellier<\/p><p><a href='mailto:assomption@assomption.org' target='_blank' rel=\"noopener\">assomption@assomption.org<\/a><\/p>[\/leaflet-marker]\n[leaflet-marker svg iconClass=&#8217;icon-parich&#8217; color=&#8217;black&#8217; background=&#8217;none&#8217; address=&#8217;3 rue Notre Dame d\u2019Esp\u00e9rance\u00a0 34000 Montpellier&#8217;]<p><i>Paroisse<\/i><br\/><b>Paroisse Saint Augustin de l&#8217;Aqueduc &#8211; \u00c9glise Notre Dame d&#8217;Esp\u00e9rance<\/b><br \/>3 rue Notre Dame d\u2019Esp\u00e9rance\u00a0<br \/>34000 Montpellier<\/p>[\/leaflet-marker]\n[leaflet-marker svg iconClass=&#8217;icon-parich&#8217; color=&#8217;black&#8217; background=&#8217;none&#8217; lat= lng=]<p><i>Paroisse<\/i><br\/><b>Paroisse Saint Augustin de l&#8217;Aqueduc &#8211; \u00c9glise Ste Th\u00e9r\u00e8se<\/b><br \/>42 avenue d&#8217;Assas<br \/>34000 Montpellier<\/p>[\/leaflet-marker]\n[leaflet-marker svg iconClass=&#8217;icon-parich&#8217; color=&#8217;black&#8217; background=&#8217;none&#8217; address=&#8217;78 rue Sainte Genevi\u00e8ve 34000 Montpellier&#8217;]<p><i>Paroisse<\/i><br\/><b>Paroisse Saint Augustin de l&#8217;Aqueduc &#8211; \u00c9glise Saint Esprit<\/b><br \/>78 rue Sainte Genevi\u00e8ve<br \/>34000 Montpellier<\/p>[\/leaflet-marker]\n[leaflet-marker svg iconClass=&#8217;icon-home&#8217; color=&#8217;black&#8217; background=&#8217;none&#8217; lat= lng=]<p><i>Foyers et Communaut\u00e9s d&#8217;accueil pour \u00e9tudiants<\/i><br\/><b>Foyer \u201cEmmanuel d\u2019Alzon\u201d, Montpellier<\/b><br \/>42 avenue d&#8217;Assas<br \/>34000 Montpelllier<\/p><p><a href='mailto:campus.adveniat@assomption.org' target='_blank' rel=\"noopener\">campus.adveniat@assomption.org<\/a><\/p>[\/leaflet-marker]\n[leaflet-marker svg iconClass=&#8217;icon-media&#8217; color=&#8217;black&#8217; background=&#8217;none&#8217; address=&#8217;18 Rue Barb\u00e8s 92120 Montrouge&#8217;]<p><i>M\u00e9dias<\/i><br\/><b>Bayard<\/b><br \/>18 Rue Barb\u00e8s<br \/>92120 Montrouge<\/p><p><a href='https:\/\/www.groupebayard.com' target='_blank' rel=\"noopener\">www.groupebayard.com<\/a><\/p>[\/leaflet-marker]\n[leaflet-marker svg iconClass=&#8217;icon-community&#8217; color=&#8217;black&#8217; background=&#8217;none&#8217; lat=55.76280 lng=37.63127]<p><i>Communaut\u00e9 Province d&#8217;Europe<\/i><br\/><b>Communaut\u00e9 assomptionniste<\/b><br \/>Paroisse Saint-Louis des Fran\u00e7ais \u00e0 Moscou<br \/>Ulitsa Malaya Lubyanka, 12\/7 \u0441\u0442\u0440.8, <br \/>101000 Moscow<\/p><p><a href='mailto:assomption@assomption.org' target='_blank' rel=\"noopener\">assomption@assomption.org<\/a><\/p>[\/leaflet-marker]\n[leaflet-marker svg iconClass=&#8217;icon-parich&#8217; color=&#8217;black&#8217; background=&#8217;none&#8217; lat=55.76280 lng=37.63127]<p><i>Paroisse<\/i><br\/><b>Paroisse Saint Louis des Fran\u00e7ais, Moscou<\/b><br \/>Ulitsa Malaya Lubyanka, <br \/>12\/7 \u0441\u0442\u0440.8<br \/>Moscow<\/p>[\/leaflet-marker]\n[leaflet-marker svg iconClass=&#8217;icon-community&#8217; color=&#8217;black&#8217; background=&#8217;none&#8217; address=&#8217;Nairobi&#8217;]<p><i>Province d&#8217;Afrique<\/i><br \/>Nairobi<\/p><p><a href='mailto:aaprovinceafrique@gmail.com' target='_blank' rel=\"noopener\">aaprovinceafrique@gmail.com<\/a><\/p>[\/leaflet-marker]\n[leaflet-marker svg iconClass=&#8217;icon-community&#8217; color=&#8217;black&#8217; background=&#8217;none&#8217; address=&#8217;2 rue Sainte-Perp\u00e9tue 30000 N\u00eemes&#8217;]<p><i>Communaut\u00e9 Province d&#8217;Europe<\/i><br\/><b>Communaut\u00e9 assomptionniste<\/b><br \/>2 rue Sainte-Perp\u00e9tue<br \/>30000 N\u00eemes<\/p><p><a href='mailto:assomption@assomption.org' target='_blank' rel=\"noopener\">assomption@assomption.org<\/a><\/p>[\/leaflet-marker]\n[leaflet-marker svg iconClass=&#8217;icon-community&#8217; color=&#8217;black&#8217; background=&#8217;none&#8217; address=&#8217;Ouagadougou&#8217;]<p><i>Communaut\u00e9 Province d&#8217;Europe<\/i><br\/><b>Communaut\u00e9 assomptionniste<\/b><br \/>11 B.P. 1003 CMS 11<br \/>Ouagadougou<\/p><p><a href='mailto:vicariat.afrique-ouest@assomption.org' target='_blank' rel=\"noopener\">vicariat.afrique-ouest@assomption.org<\/a><\/p>[\/leaflet-marker]\n[leaflet-marker svg iconClass=&#8217;icon-training&#8217; color=&#8217;black&#8217; background=&#8217;none&#8217; address=&#8217;Ouagadougou&#8217;]<p><i>Formation \/ Centre culturel<\/i><br\/><b>R\u00e9seau des Jeunes pour l&#8217;int\u00e9gration africaine<\/b><br \/><br \/> Ouagadougou<\/p><p><a href='https:\/\/www.facebook.com\/ReseauDeJeunesPourLIntegrationAfricaine\/' target='_blank' rel=\"noopener\">www.facebook.com\/ReseauDeJeunesPourLIntegrationAfricaine\/<\/a><\/p>[\/leaflet-marker]\n[leaflet-marker svg iconClass=&#8217;icon-media&#8217; color=&#8217;black&#8217; background=&#8217;none&#8217; address=&#8217;Ouagadougou&#8217;]<p><i>M\u00e9dias<\/i><br\/><b>Bayard Africa<\/b><br \/>Ouagadougou<\/p><p><a href='https:\/\/www.africa.la-croix.com' target='_blank' rel=\"noopener\">https:\/\/www.africa.la-croix.com<\/a><\/p>[\/leaflet-marker]\n[leaflet-marker svg iconClass=&#8217;icon-community&#8217; color=&#8217;black&#8217; background=&#8217;none&#8217; address=&#8217;10 rue Fran\u00e7ois 1er 75008 Paris&#8217;]<p><i>Communaut\u00e9 Province d&#8217;Europe<\/i><br\/><b>Communaut\u00e9 Saint-Vincent-de-Paul<\/b><br \/>10 rue Fran\u00e7ois 1er<br \/>75008 Paris<\/p><p><a href='mailto:assomption@assomption.org' target='_blank' rel=\"noopener\">assomption@assomption.org<\/a><\/p>[\/leaflet-marker]\n[leaflet-marker svg iconClass=&#8217;icon-community&#8217; color=&#8217;black&#8217; background=&#8217;none&#8217; address=&#8217;14 rue Mor\u00e8re 75014 Paris&#8217;]<p><i>Communaut\u00e9 Province d&#8217;Europe<\/i><br\/><b>Communaut\u00e9 assomptionniste<\/b><br \/>14 rue Mor\u00e8re<br \/>75014 Paris<\/p><p><a href='mailto:assomption@assomption.org' target='_blank' rel=\"noopener\">assomption@assomption.org<\/a><\/p>[\/leaflet-marker]\n[leaflet-marker svg iconClass=&#8217;icon-community&#8217; color=&#8217;black&#8217; background=&#8217;none&#8217; address=&#8217;79 avenue Denfert-Rochereau 75014 Paris&#8217;]<p><i>Communaut\u00e9 Province d&#8217;Europe<\/i><br\/><b>Communaut\u00e9 assomptionniste<\/b><br \/>79 avenue Denfert-Rochereau<br \/>75014 Paris<\/p><p><a href='mailto:assomption@assomption.org' target='_blank' rel=\"noopener\">assomption@assomption.org<\/a><\/p>[\/leaflet-marker]\n[leaflet-marker svg iconClass=&#8217;icon-home&#8217; color=&#8217;black&#8217; background=&#8217;none&#8217; address=&#8217;10 rue Fran\u00e7ois 1er 75008 Paris&#8217;]<p><i>Foyers et Communaut\u00e9s d&#8217;accueil pour \u00e9tudiants<\/i><br\/><b>Foyer Adveniat, Paris<\/b><br \/>10 rue Fran\u00e7ois 1er<br \/>75008 Paris<\/p><p><a href='mailto:adveniat@assomption.org' target='_blank' rel=\"noopener\">adveniat@assomption.org<\/a><\/p>[\/leaflet-marker]\n[leaflet-marker svg iconClass=&#8217;icon-training&#8217; color=&#8217;black&#8217; background=&#8217;none&#8217; address=&#8217;104 rue de Vaugirard 75006 Paris\u00a0&#8216;]<p><i>Formation \/ Centre culturel<\/i><br\/><b>Forum 104<\/b><br \/>104 rue de Vaugirard<br \/>75006 Paris\u00a0<\/p><p><a href='https:\/\/www.forum104.org' target='_blank' rel=\"noopener\">www.forum104.org<\/a><\/p>[\/leaflet-marker]\n[leaflet-marker svg iconClass=&#8217;icon-hospitality&#8217; color=&#8217;black&#8217; background=&#8217;none&#8217; address=&#8217;10 rue Fran\u00e7ois 1er 75008 Paris\u00a0&#8216;]<p><i>Hospitalit\u00e9<\/i><br\/><b>Auberge Adveniat<\/b><br \/>10 rue Fran\u00e7ois 1er<br \/>75008 Paris\u00a0<\/p><p><a href='https:\/\/www.adveniat-paris.org' target='_blank' rel=\"noopener\">https:\/\/www.adveniat-paris.org<\/a><\/p>[\/leaflet-marker]\n[leaflet-marker svg iconClass=&#8217;icon-pilgrimage&#8217; color=&#8217;black&#8217; background=&#8217;none&#8217; address=&#8217;63 avenue Denfert-Rochereau 75014 Paris\u00a0&#8216;]<p><i>P\u00e8lerinage<\/i><br\/><b>Notre-Dame de Salut<\/b><br \/>63 avenue Denfert-Rochereau<br \/>75014 Paris\u00a0<\/p><a href='https:\/\/www.pelerinage-national.org' target='_blank' rel=\"noopener\">www.pelerinage-national.org<\/a><\/p>[\/leaflet-marker]\n[leaflet-marker svg iconClass=&#8217;icon-solidarity&#8217; color=&#8217;black&#8217; background=&#8217;none&#8217; address=&#8217;79 avenue Denfert Rochereau 75014 Paris\u00a0&#8216;]<p><i>Solidarit\u00e9<\/i><br\/><b>Fondation Adveniat<\/b><br \/>79 avenue Denfert Rochereau<br \/>75014 Paris\u00a0<\/p><p><a href='https:\/\/www.fondation-adveniat.org' target='_blank' rel=\"noopener\">www.fondation-adveniat.org<\/a><\/p>[\/leaflet-marker]\n[leaflet-marker svg iconClass=&#8217;icon-community&#8217; color=&#8217;black&#8217; background=&#8217;none&#8217; lat=42.13771 lng=24.75023]<p><i>Communaut\u00e9 Province d&#8217;Europe<\/i><br\/><b>Communaut\u00e9 assomptionniste<\/b><br \/>Ul. Krastyu Pastuhov n. 22<br \/>4000, Tsentar Plovdiv<\/p><p><a href='mailto:assomption@assomption.org' target='_blank' rel=\"noopener\">assomption@assomption.org<\/a><\/p>[\/leaflet-marker]\n[leaflet-marker svg iconClass=&#8217;icon-home&#8217; color=&#8217;black&#8217; background=&#8217;none&#8217; lat=42.13771 lng=24.75023]<p><i>Foyers et Communaut\u00e9s d&#8217;accueil pour \u00e9tudiants<\/i><br\/><b>Communaut\u00e9 d&#8217;accueil, Plovdiv<\/b><br \/>Ul. Krastyu Pastuhov n. 22<br \/>4000, Tsentar Plovdiv<\/p><p><a href='mailto:assomption@assomption.org' target='_blank' rel=\"noopener\">assomption@assomption.org<\/a><\/p>[\/leaflet-marker]\n[leaflet-marker svg iconClass=&#8217;icon-parich&#8217; color=&#8217;black&#8217; background=&#8217;none&#8217; lat=42.13771 lng=24.75023]<p><i>Paroisse<\/i><br\/><b>Paroisse\u00a0\u201dAscension di Seigneur\u201d\u00a0<\/b><br \/>Ul. Krastyu Pastuhov n. 22<br \/>4000, Tsentar Plovdiv<\/p>[\/leaflet-marker]\n[leaflet-marker svg iconClass=&#8217;icon-parich&#8217; color=&#8217;black&#8217; background=&#8217;none&#8217; lat=41.550000 lng=26.050000]<p><i>Paroisse<\/i><br\/><b>Paroisse &#8220;Assomption de la Sainte M\u00e8re de Dieu&#8221;\u00a0<\/b><br \/>6600 Pokrovan, okr. Kardjali\u00a0<\/p>[\/leaflet-marker]\n[leaflet-marker svg iconClass=&#8217;icon-community&#8217; color=&#8217;black&#8217; background=&#8217;none&#8217; address=&#8217;Qu\u00e9bec&#8217;]<p><i>Province Am\u00e9rique du Nord<\/i><br \/>Qu\u00e9bec<\/p><p><a href='https:\/\/www.lemontmartre.ca' target='_blank' rel=\"noopener\">www.lemontmartre.ca<\/a><\/p>[\/leaflet-marker]\n[leaflet-marker svg iconClass=&#8217;icon-community&#8217; color=&#8217;black&#8217; background=&#8217;none&#8217; lat=14.63724 lng=121.07224]<p><i>Communaut\u00e9 Province d&#8217;Europe<\/i><br\/><b>Assumptionists<\/b><br \/>17, C. Salvador Street, Varsity Hills<br \/>Loyola Heights<br \/>1108 Quezon City<\/p><p><a href='mailto:vicariat.asie-oceanie@assomption.org' target='_blank' rel=\"noopener\">vicariat.asie-oceanie@assomption.org<\/a><\/p>[\/leaflet-marker]\n[leaflet-marker svg iconClass=&#8217;icon-community&#8217; color=&#8217;black&#8217; background=&#8217;none&#8217; lat=14.62892 lng=121.07147]<p><i>Communaut\u00e9 Province d&#8217;Europe<\/i><br\/><b>Assumptionists<\/b><br \/>72 P. Burgos Street, Project 4<br \/>Marilag<br \/>1109 Quezon City<\/p><p><a href='mailto:vicariat.asie-oceanie@assomption.org' target='_blank' rel=\"noopener\">vicariat.asie-oceanie@assomption.org<\/a><\/p>[\/leaflet-marker]\n[leaflet-marker svg iconClass=&#8217;icon-community&#8217; color=&#8217;black&#8217; background=&#8217;none&#8217; address=&#8217;Rio de Janeiro&#8217;]<p><i>Province Am\u00e9rique du Sud<\/i><br \/>Rio de Janeiro<\/p><p><a href='https:\/\/www.assuncionistas.com' target='_blank' rel=\"noopener\">www.assuncionistas.com<\/a><\/p>[\/leaflet-marker]\n[leaflet-marker svg iconClass=&#8217;icon-community&#8217; color=&#8217;black&#8217; background=&#8217;none&#8217; address=&#8217;Riobamba&#8217;]<p><i>Province Am\u00e9rique du Sud<\/i><br \/>Riobamba<\/p><p><a href='https:\/\/www.soyasuncionista.cl' target='_blank' rel=\"noopener\">www.soyasuncionista.cl<\/a><\/p>[\/leaflet-marker]\n[leaflet-marker svg iconClass=&#8217;icon-media&#8217; color=&#8217;black&#8217; background=&#8217;none&#8217; address=&#8217;Saigon&#8217;]<p><i>M\u00e9dias<\/i><br\/><b>Bayard Vietnam<\/b><br \/>Saigon<\/p><p><a href='https:\/\/www.gloriabooks.vn' target='_blank' rel=\"noopener\">www.gloriabooks.vn<\/a><\/p>[\/leaflet-marker]\n[leaflet-marker svg iconClass=&#8217;icon-pilgrimage&#8217; color=&#8217;black&#8217; background=&#8217;none&#8217; address=&#8217;Tran van ky Saigon&#8217;]<p><i>P\u00e8lerinage<\/i><br\/><b>P\u00e8lerinages Assomptionnistes Vietnamiens<\/b><br \/>Tran van ky<br \/>Saigon<\/p>[\/leaflet-marker]\n[leaflet-marker svg iconClass=&#8217;icon-solidarity&#8217; color=&#8217;black&#8217; background=&#8217;none&#8217; address=&#8217;Saigon&#8217;]<p><i>Solidarit\u00e9<\/i><br\/><b>Orphelinat de Saigon<\/b><br \/>Saigon<\/p>[\/leaflet-marker]\n[leaflet-marker svg iconClass=&#8217;icon-community&#8217; color=&#8217;black&#8217; background=&#8217;none&#8217; address=&#8217;Prieur\u00e9 Saint-Beno\u00eet 78470 Saint-Lambert-des-Bois&#8217;]<p><i>Communaut\u00e9 Province d&#8217;Europe<\/i><br\/><b>Communaut\u00e9 assomptionniste<\/b><br \/>Prieur\u00e9 Saint-Beno\u00eet<br \/>78470 Saint-Lambert-des-Bois<\/p><p><a href='mailto:assomption@assomption.org' target='_blank' rel=\"noopener\">assomption@assomption.org<\/a><\/p>[\/leaflet-marker]\n[leaflet-marker svg iconClass=&#8217;icon-hospitality&#8217; color=&#8217;black&#8217; background=&#8217;none&#8217; lat=48.72879400887485 lng=2.0184799153441038]<p><i>Hospitalit\u00e9<\/i><br\/><b>Centre Port Royal<\/b><br \/>Chemin du Charme et du Carrosse\u00a0<br \/>78470 Saint-Lambert-des-Bois<\/p><p><a href='https:\/\/www.centreportroyal.com' target='_blank' rel=\"noopener\">www.centreportroyal.com<\/a><\/p>[\/leaflet-marker]\n[leaflet-marker svg iconClass=&#8217;icon-community&#8217; color=&#8217;black&#8217; background=&#8217;none&#8217; address=&#8217;Santiago du Chili&#8217;]<p><i>Province Am\u00e9rique du Sud<\/i><br \/>Santiago du Chili<\/p><p><a href='https:\/\/www.soyasuncionista.cl' target='_blank' rel=\"noopener\">www.soyasuncionista.cl<\/a><\/p>[\/leaflet-marker]\n[leaflet-marker svg iconClass=&#8217;icon-community&#8217; color=&#8217;black&#8217; background=&#8217;none&#8217; address=&#8217;Sao Paulo&#8217;]<p><i>Province Am\u00e9rique du Sud<\/i><br \/>Sao Paulo<\/p><p><a href='https:\/\/www.assuncionistas.com' target='_blank' rel=\"noopener\">www.assuncionistas.com<\/a><\/p>[\/leaflet-marker]\n[leaflet-marker svg iconClass=&#8217;icon-community&#8217; color=&#8217;black&#8217; background=&#8217;none&#8217; address=&#8217;B.P. 51  Sokod\u00e9&#8217;]<p><i>Communaut\u00e9 Province d&#8217;Europe<\/i><br\/><b>Noviciat Saint-Augustin<\/b><br \/>B.P. 51<br \/> Sokod\u00e9<\/p><p><a href='mailto:vicariat.afrique-ouest@assomption.org' target='_blank' rel=\"noopener\">vicariat.afrique-ouest@assomption.org<\/a><\/p>[\/leaflet-marker]\n[leaflet-marker svg iconClass=&#8217;icon-community&#8217; color=&#8217;black&#8217; background=&#8217;none&#8217; address=&#8217;B.P. 51  Sokod\u00e9&#8217;]<p><i>Communaut\u00e9 Province d&#8217;Europe<\/i><br\/><b>P\u00e8res Augustins de l\u2019Assomption<\/b><br \/>B.P. 51<br \/> Sokod\u00e9<\/p><p><a href='mailto:vicariat.afrique-ouest@assomption.org' target='_blank' rel=\"noopener\">vicariat.afrique-ouest@assomption.org<\/a><\/p>[\/leaflet-marker]\n[leaflet-marker svg iconClass=&#8217;icon-training&#8217; color=&#8217;black&#8217; background=&#8217;none&#8217; address=&#8217;Sokod\u00e9&#8217;]<p><i>Formation \/ Centre culturel<\/i><br\/><b>Centre Culturel Saint Augustin<\/b><br \/>Sokod\u00e9<\/p>[\/leaflet-marker]\n[leaflet-marker svg iconClass=&#8217;icon-parich&#8217; color=&#8217;black&#8217; background=&#8217;none&#8217; address=&#8217; Sokod\u00e9&#8217;]<p><i>Paroisse<\/i><br\/><b>Paroisse\u00a0Notre Dame de l&#8217;Assomption, Sokod\u00e9<\/b><br \/><br \/>Sokod\u00e9<\/p>[\/leaflet-marker]\n[leaflet-marker svg iconClass=&#8217;icon-community&#8217; color=&#8217;black&#8217; background=&#8217;none&#8217; lat=48.58421617725334 lng=7.754442669378004]<p><i>Communaut\u00e9 Province d&#8217;Europe<\/i><br\/><b>Communaut\u00e9 assomptionniste<\/b><br \/>15 rue de l&#8217;Arc-en-Ciel<br \/>67000 Strasbourg<\/p><p><a href='mailto:assomption@assomption.org' target='_blank' rel=\"noopener\">assomption@assomption.org<\/a><\/p>[\/leaflet-marker]\n[leaflet-marker svg iconClass=&#8217;icon-community&#8217; color=&#8217;black&#8217; background=&#8217;none&#8217; address=&#8217;26 boulevard de l\u2019Orangerie 67000 Strasbourg&#8217;]<p><i>Communaut\u00e9 Province d&#8217;Europe<\/i><br\/><b>Communaut\u00e9 assomptionniste<\/b><br \/>26 boulevard de l\u2019Orangerie<br \/>67000 Strasbourg<\/p><p><a href='mailto:assomption@assomption.org' target='_blank' rel=\"noopener\">assomption@assomption.org<\/a><\/p>[\/leaflet-marker]\n[leaflet-marker svg iconClass=&#8217;icon-community&#8217; color=&#8217;black&#8217; background=&#8217;none&#8217; lat=10.83083 lng=106.71140]<p><i>Communaut\u00e9 Province d&#8217;Europe<\/i><br\/><b>Assumptionists &#8211; Scolasticat Emmanuel d&#8217;Alzon<\/b><br \/>37 Duong So 11<br \/>KP.I &#8211; P. Hiep Binh Chanh Q. Thu Duc<br \/>T\/P Ho Chi Minh Ville<\/p><p><a href='mailto:vicariat.asie-oceanie@assomption.org' target='_blank' rel=\"noopener\">vicariat.asie-oceanie@assomption.org<\/a><br \/><a href='https:\/\/ducmelentroi.net\/' target='_blank' rel=\"noopener\">https:\/\/ducmelentroi.net\/<\/a><\/p>[\/leaflet-marker]\n[leaflet-marker svg iconClass=&#8217;icon-community&#8217; color=&#8217;black&#8217; background=&#8217;none&#8217; lat=10.80422 lng=106.69751]<p><i>Communaut\u00e9 Province d&#8217;Europe<\/i><br\/><b>Assumptionists<\/b><br \/>70 Tran Van Ky<br \/>F. 14, Q. Binh Thanh<br \/>T\/P Ho Chi Minh Ville<\/p><p><a href='mailto:vicariat.asie-oceanie@assomption.org' target='_blank' rel=\"noopener\">vicariat.asie-oceanie@assomption.org<\/a><br \/><a href='https:\/\/ducmelentroi.net\/' target='_blank' rel=\"noopener\">https:\/\/ducmelentroi.net\/<\/a><\/p>[\/leaflet-marker]\n[leaflet-marker svg iconClass=&#8217;icon-community&#8217; color=&#8217;black&#8217; background=&#8217;none&#8217; lat=10.86121 lng= 106.64167]<p><i>Communaut\u00e9 Province d&#8217;Europe<\/i><br\/><b>Assumptionists<\/b><br \/>G3, Khu pho 2A<br \/>Tan thoi Hiep, Quan 12<br \/>T\/P Ho Chi Minh Ville<\/p><p><a href='mailto:vicariat.asie-oceanie@assomption.org' target='_blank' rel=\"noopener\">vicariat.asie-oceanie@assomption.org<\/a><br \/><a href='https:\/\/ducmelentroi.net\/' target='_blank' rel=\"noopener\">https:\/\/ducmelentroi.net\/<\/a><\/p>[\/leaflet-marker]\n[leaflet-marker svg iconClass=&#8217;icon-home&#8217; color=&#8217;black&#8217; background=&#8217;none&#8217; lat=10.83083 lng=106.71140]<p><i>Foyers et Communaut\u00e9s d&#8217;accueil pour \u00e9tudiants<\/i><br\/><b>Foyers d&#8217;Etudiants \u00e0 Saigon<\/b><br \/>37 Duong So 11<br \/>KP.I &#8211; P. Hiep Binh Chanh Q. Thu Duc<br \/>T\/P Ho Chi Minh Ville<\/p><p><a href='mailto:nguyentiendung@assomption.org' target='_blank' rel=\"noopener\">nguyentiendung@assomption.org<\/a><\/p>[\/leaflet-marker]\n[leaflet-marker svg iconClass=&#8217;icon-community&#8217; color=&#8217;black&#8217; background=&#8217;none&#8217; address=&#8217;25 Lyndhurst Road  Tawa&#8217;]<p><i>Communaut\u00e9 Province d&#8217;Europe<\/i><br\/><b>Assumptionist community<\/b><br \/>25 Lyndhurst Road<br \/> Tawa<\/p><p><a href='mailto:vicariat.asie-oceanie@assomption.org' target='_blank' rel=\"noopener\">vicariat.asie-oceanie@assomption.org<\/a><\/p>[\/leaflet-marker]\n[leaflet-marker svg iconClass=&#8217;icon-community&#8217; color=&#8217;black&#8217; background=&#8217;none&#8217; address=&#8217;Toliara&#8217;]<p><i>Province de Madagascar<\/i><br \/>Toliara<\/p><p><a href='mailto:assomption.madagascar@gmail.com' target='_blank' rel=\"noopener\">assomption.madagascar@gmail.com<\/a><\/p>[\/leaflet-marker]\n[leaflet-marker svg iconClass=&#8217;icon-parich&#8217; color=&#8217;black&#8217; background=&#8217;none&#8217; lat=18.729765011602552 lng=105.64582190764074]<p><i>Paroisse<\/i><br\/><b>Assomtionnistes Phan Thon<\/b><br \/>Giao Ho Phan Thon &#8211; Xom 9, Nghi Kim<br \/><br \/>Tp Vinh<\/p>[\/leaflet-marker]\n[leaflet-marker svg iconClass=&#8217;icon-community&#8217; color=&#8217;black&#8217; background=&#8217;none&#8217; lat=18.729704047540075 lng=105.6458970094937]<p><i>Communaut\u00e9 Province d&#8217;Europe<\/i><br\/><b>Assumptionists<\/b><br \/>Giao ho Phan Thon<br \/>Xom 9, Nghi Kim,<br \/>Tp. Vinh<\/p><p><a href='mailto:vicariat.asie-oceanie@assomption.org' target='_blank' rel=\"noopener\">vicariat.asie-oceanie@assomption.org<\/a><br \/><a href='https:\/\/ducmelentroi.net\/' target='_blank' rel=\"noopener\">https:\/\/ducmelentroi.net\/<\/a><\/p>[\/leaflet-marker]\n[leaflet-marker svg iconClass=&#8217;icon-home&#8217; color=&#8217;black&#8217; background=&#8217;none&#8217; lat=18.729704047540075 lng=105.6458970094937]<p><i>Foyers et Communaut\u00e9s d&#8217;accueil pour \u00e9tudiants<\/i><br\/><b>Foyers d&#8217;Etudiants \u00e0 Vinh<\/b><br \/>Giao ho Phan Thon<br \/>Xom 9, Nghi Kim,<br \/>Tp. Vinh<\/p><p><a href='mailto:nguyendinhhanh@assomption.org' target='_blank' rel=\"noopener\">nguyendinhhanh@assomption.org<\/a><\/p>[\/leaflet-marker]\n[leaflet-marker svg iconClass=&#8217;icon-community&#8217; color=&#8217;black&#8217; background=&#8217;none&#8217; address=&#8217;Valparaiso&#8217;]<p><i>Province Am\u00e9rique du Sud<\/i><br \/>Valparaiso<\/p><p><a href='https:\/\/www.soyasuncionista.cl' target='_blank' rel=\"noopener\">www.soyasuncionista.cl<\/a><\/p>[\/leaflet-marker]\n[leaflet-marker svg iconClass=&#8217;icon-home&#8217; color=&#8217;black&#8217; background=&#8217;none&#8217; address=&#8217;10 avenue de la R\u00e9publique\u00a0 94300 Vincennes&#8217;]<p><i>Foyers et Communaut\u00e9s d&#8217;accueil pour \u00e9tudiants<\/i><br\/><b>Foyer &#8216;Adveniat&#8221;, Vincennes<\/b><br \/>10 avenue de la R\u00e9publique\u00a0<br \/>94300 Vincennes<\/p><p><a href='mailto:sylvain.gasser@assomption.org' target='_blank' rel=\"noopener\">sylvain.gasser@assomption.org<\/a><\/p>[\/leaflet-marker]\n[leaflet-marker svg iconClass=&#8217;icon-community&#8217; color=&#8217;black&#8217; background=&#8217;none&#8217; lat=10.50858 lng=107.09683]<p><i>Communaut\u00e9 Province d&#8217;Europe<\/i><br\/><b>Assumptionists<\/b><br \/>To 6, ap Lang Cat, xa Tan Hai<br \/>Huyen Tan Thanh, tinh Ba Ria<br \/>Vung Tau<\/p><p><a href='mailto:vicariat.asie-oceanie@assomption.org' target='_blank' rel=\"noopener\">vicariat.asie-oceanie@assomption.org<\/a><br \/><a href='https:\/\/ducmelentroi.net\/' target='_blank' rel=\"noopener\">https:\/\/ducmelentroi.net\/<\/a><\/p>[\/leaflet-marker]\n[leaflet-marker svg iconClass=&#8217;icon-home&#8217; color=&#8217;black&#8217; background=&#8217;none&#8217; lat=50.84657 lng=4.44260&#8242;]<p><i>Foyers et Communaut\u00e9s d&#8217;accueil pour \u00e9tudiants<\/i><br\/><b>Foyer pour \u00e9tudiants de Bruxelles<\/b><br \/>Avenue Vandervelde 22<br \/>1200 Woluwe-Saint-Lambert<\/p><p><a href='mailto:philippe.berrached@assomption.org' target='_blank' rel=\"noopener\">philippe.berrached@assomption.org<\/a><br\/><a href='https:\/\/www.facebook.com\/Assomptionnistes.Bruxelles.Woluwe' target='_blank' rel=\"noopener\">www.facebook.com\/Assomptionnistes.Bruxelles.Woluwe<\/a><\/p>[\/leaflet-marker]\n[leaflet-marker svg iconClass=&#8217;icon-parich&#8217; color=&#8217;black&#8217; background=&#8217;none&#8217; address=&#8217;Avenue Emile Vandervelde 153,  1200 Woluwe-Saint-Lambert&#8217;]<p><i>Paroisse<\/i><br\/><b>\u00c9glise Notre Dame de l&#8217;Assomption<\/b><br \/>Avenue Emile Vandervelde 153, <br \/>1200 Woluwe-Saint-Lambert<\/p>[\/leaflet-marker]\n[leaflet-marker svg iconClass=&#8217;icon-community&#8217; color=&#8217;black&#8217; background=&#8217;none&#8217; address=&#8217;Worcester&#8217;]<p><i>Province Am\u00e9rique du Nord<\/i><br \/>Worcester<\/p><p><a href='https:\/\/www.assumption.us' target='_blank' rel=\"noopener\">www.assumption.us<\/a><\/p>[\/leaflet-marker]\n[leaflet-marker svg iconClass=&#8217;icon-community&#8217; color=&#8217;black&#8217; background=&#8217;none&#8217; address=&#8217;Kasteelstraat 53  3800 Zepperen Sint-Truiden&#8217;]<p><i>Communaut\u00e9 Province d&#8217;Europe<\/i><br\/><b>Communaut\u00e9 assomptionniste<\/b><br \/>Kasteelstraat 53 <br \/>3800 Zepperen Sint-Truiden<\/p><p><a href='mailto:assomption@assomption.org' target='_blank' rel=\"noopener\">assomption@assomption.org<\/a><\/p>[\/leaflet-marker]\n\n\n\n<p><\/p>\n","protected":false},"excerpt":{"rendered":"","protected":false},"author":1,"featured_media":0,"parent":0,"menu_order":0,"comment_status":"closed","ping_status":"closed","template":"","meta":{"_acf_changed":false,"_uag_custom_page_level_css":"","footnotes":""},"class_list":["post-112967","page","type-page","status-publish","hentry"],"acf":[],"yoast_head":"<!-- This site is optimized with the Yoast SEO plugin v27.5 - https:\/\/yoast.com\/product\/yoast-seo-wordpress\/ -->\n<title>Our international presence - Assomption<\/title>\n<meta name=\"robots\" content=\"index, follow, max-snippet:-1, max-image-preview:large, max-video-preview:-1\" \/>\n<link rel=\"canonical\" href=\"https:\/\/www.assomption.org\/en\/our-international-presence\/\" \/>\n<meta property=\"og:locale\" content=\"en_US\" \/>\n<meta property=\"og:type\" content=\"article\" \/>\n<meta property=\"og:title\" content=\"Our international presence - Assomption\" \/>\n<meta property=\"og:url\" content=\"https:\/\/www.assomption.org\/en\/our-international-presence\/\" \/>\n<meta property=\"og:site_name\" content=\"Assomption\" \/>\n<meta property=\"article:modified_time\" content=\"2021-03-11T10:18:08+00:00\" \/>\n<meta name=\"twitter:card\" content=\"summary_large_image\" \/>\n<meta name=\"twitter:label1\" content=\"Est. reading time\" \/>\n\t<meta name=\"twitter:data1\" content=\"17 minutes\" \/>\n<script type=\"application\/ld+json\" class=\"yoast-schema-graph\">{\"@context\":\"https:\\\/\\\/schema.org\",\"@graph\":[{\"@type\":\"WebPage\",\"@id\":\"https:\\\/\\\/www.assomption.org\\\/en\\\/our-international-presence\\\/\",\"url\":\"https:\\\/\\\/www.assomption.org\\\/en\\\/our-international-presence\\\/\",\"name\":\"Our international presence - Assomption\",\"isPartOf\":{\"@id\":\"https:\\\/\\\/www.assomption.org\\\/#website\"},\"datePublished\":\"2021-03-11T10:18:07+00:00\",\"dateModified\":\"2021-03-11T10:18:08+00:00\",\"breadcrumb\":{\"@id\":\"https:\\\/\\\/www.assomption.org\\\/en\\\/our-international-presence\\\/#breadcrumb\"},\"inLanguage\":\"en-US\",\"potentialAction\":[{\"@type\":\"ReadAction\",\"target\":[\"https:\\\/\\\/www.assomption.org\\\/en\\\/our-international-presence\\\/\"]}]},{\"@type\":\"BreadcrumbList\",\"@id\":\"https:\\\/\\\/www.assomption.org\\\/en\\\/our-international-presence\\\/#breadcrumb\",\"itemListElement\":[{\"@type\":\"ListItem\",\"position\":1,\"name\":\"Accueil\",\"item\":\"https:\\\/\\\/www.assomption.org\\\/en\\\/\"},{\"@type\":\"ListItem\",\"position\":2,\"name\":\"Our international presence\"}]},{\"@type\":\"WebSite\",\"@id\":\"https:\\\/\\\/www.assomption.org\\\/#website\",\"url\":\"https:\\\/\\\/www.assomption.org\\\/\",\"name\":\"Assomption\",\"description\":\"\",\"publisher\":{\"@id\":\"https:\\\/\\\/www.assomption.org\\\/#organization\"},\"potentialAction\":[{\"@type\":\"SearchAction\",\"target\":{\"@type\":\"EntryPoint\",\"urlTemplate\":\"https:\\\/\\\/www.assomption.org\\\/?s={search_term_string}\"},\"query-input\":{\"@type\":\"PropertyValueSpecification\",\"valueRequired\":true,\"valueName\":\"search_term_string\"}}],\"inLanguage\":\"en-US\"},{\"@type\":\"Organization\",\"@id\":\"https:\\\/\\\/www.assomption.org\\\/#organization\",\"name\":\"Les Augustins de l'Assomption\",\"url\":\"https:\\\/\\\/www.assomption.org\\\/\",\"logo\":{\"@type\":\"ImageObject\",\"inLanguage\":\"en-US\",\"@id\":\"https:\\\/\\\/www.assomption.org\\\/#\\\/schema\\\/logo\\\/image\\\/\",\"url\":\"https:\\\/\\\/www.assomption.org\\\/wp-content\\\/uploads\\\/2020\\\/12\\\/logo.png\",\"contentUrl\":\"https:\\\/\\\/www.assomption.org\\\/wp-content\\\/uploads\\\/2020\\\/12\\\/logo.png\",\"width\":605,\"height\":121,\"caption\":\"Les Augustins de l'Assomption\"},\"image\":{\"@id\":\"https:\\\/\\\/www.assomption.org\\\/#\\\/schema\\\/logo\\\/image\\\/\"}}]}<\/script>\n<!-- \/ Yoast SEO plugin. -->","yoast_head_json":{"title":"Our international presence - Assomption","robots":{"index":"index","follow":"follow","max-snippet":"max-snippet:-1","max-image-preview":"max-image-preview:large","max-video-preview":"max-video-preview:-1"},"canonical":"https:\/\/www.assomption.org\/en\/our-international-presence\/","og_locale":"en_US","og_type":"article","og_title":"Our international presence - Assomption","og_url":"https:\/\/www.assomption.org\/en\/our-international-presence\/","og_site_name":"Assomption","article_modified_time":"2021-03-11T10:18:08+00:00","twitter_card":"summary_large_image","twitter_misc":{"Est. reading time":"17 minutes"},"schema":{"@context":"https:\/\/schema.org","@graph":[{"@type":"WebPage","@id":"https:\/\/www.assomption.org\/en\/our-international-presence\/","url":"https:\/\/www.assomption.org\/en\/our-international-presence\/","name":"Our international presence - Assomption","isPartOf":{"@id":"https:\/\/www.assomption.org\/#website"},"datePublished":"2021-03-11T10:18:07+00:00","dateModified":"2021-03-11T10:18:08+00:00","breadcrumb":{"@id":"https:\/\/www.assomption.org\/en\/our-international-presence\/#breadcrumb"},"inLanguage":"en-US","potentialAction":[{"@type":"ReadAction","target":["https:\/\/www.assomption.org\/en\/our-international-presence\/"]}]},{"@type":"BreadcrumbList","@id":"https:\/\/www.assomption.org\/en\/our-international-presence\/#breadcrumb","itemListElement":[{"@type":"ListItem","position":1,"name":"Accueil","item":"https:\/\/www.assomption.org\/en\/"},{"@type":"ListItem","position":2,"name":"Our international presence"}]},{"@type":"WebSite","@id":"https:\/\/www.assomption.org\/#website","url":"https:\/\/www.assomption.org\/","name":"Assomption","description":"","publisher":{"@id":"https:\/\/www.assomption.org\/#organization"},"potentialAction":[{"@type":"SearchAction","target":{"@type":"EntryPoint","urlTemplate":"https:\/\/www.assomption.org\/?s={search_term_string}"},"query-input":{"@type":"PropertyValueSpecification","valueRequired":true,"valueName":"search_term_string"}}],"inLanguage":"en-US"},{"@type":"Organization","@id":"https:\/\/www.assomption.org\/#organization","name":"Les Augustins de l'Assomption","url":"https:\/\/www.assomption.org\/","logo":{"@type":"ImageObject","inLanguage":"en-US","@id":"https:\/\/www.assomption.org\/#\/schema\/logo\/image\/","url":"https:\/\/www.assomption.org\/wp-content\/uploads\/2020\/12\/logo.png","contentUrl":"https:\/\/www.assomption.org\/wp-content\/uploads\/2020\/12\/logo.png","width":605,"height":121,"caption":"Les Augustins de l'Assomption"},"image":{"@id":"https:\/\/www.assomption.org\/#\/schema\/logo\/image\/"}}]}},"uagb_featured_image_src":{"full":false,"thumbnail":false,"medium":false,"medium_large":false,"large":false,"1536x1536":false,"2048x2048":false,"yarpp-thumbnail":false},"uagb_author_info":{"display_name":"admin","author_link":"https:\/\/www.assomption.org\/en\/author\/admin\/"},"uagb_comment_info":0,"uagb_excerpt":null,"_links":{"self":[{"href":"https:\/\/www.assomption.org\/en\/wp-json\/wp\/v2\/pages\/112967","targetHints":{"allow":["GET"]}}],"collection":[{"href":"https:\/\/www.assomption.org\/en\/wp-json\/wp\/v2\/pages"}],"about":[{"href":"https:\/\/www.assomption.org\/en\/wp-json\/wp\/v2\/types\/page"}],"author":[{"embeddable":true,"href":"https:\/\/www.assomption.org\/en\/wp-json\/wp\/v2\/users\/1"}],"replies":[{"embeddable":true,"href":"https:\/\/www.assomption.org\/en\/wp-json\/wp\/v2\/comments?post=112967"}],"version-history":[{"count":0,"href":"https:\/\/www.assomption.org\/en\/wp-json\/wp\/v2\/pages\/112967\/revisions"}],"wp:attachment":[{"href":"https:\/\/www.assomption.org\/en\/wp-json\/wp\/v2\/media?parent=112967"}],"curies":[{"name":"wp","href":"https:\/\/api.w.org\/{rel}","templated":true}]}}