{"id":113857,"date":"2021-03-15T16:00:01","date_gmt":"2021-03-15T15:00:01","guid":{"rendered":"https:\/\/www.assomption.org\/?page_id=113857"},"modified":"2021-03-26T11:36:04","modified_gmt":"2021-03-26T10:36:04","slug":"our-works","status":"publish","type":"page","link":"https:\/\/www.assomption.org\/en\/our-works\/","title":{"rendered":"Our works"},"content":{"rendered":"\n<div class=\"wp-block-group\"><div class=\"wp-block-group__inner-container is-layout-flow wp-block-group-is-layout-flow\">\n<div class=\"wp-block-buttons aligncenter is-layout-flex wp-block-buttons-is-layout-flex\">\n<div class=\"wp-block-button is-style-fill\"><a class=\"wp-block-button__link has-white-color has-text-color has-background\" href=\"#Solidarity\" style=\"background-color:#34829d\">Solidarity<\/a><\/div>\n\n\n\n<div class=\"wp-block-button is-style-fill\"><a class=\"wp-block-button__link has-background\" href=\"#M\u00e9dias\" style=\"background-color:#004f9f\">Media<\/a><\/div>\n\n\n\n<div class=\"wp-block-button\"><a class=\"wp-block-button__link has-background\" href=\"#P\u00e8lerinage\" style=\"background-color:#3a98cc\">Pilgrimage<\/a><\/div>\n<\/div>\n\n\n\n<div style=\"height:15px\" aria-hidden=\"true\" class=\"wp-block-spacer\"><\/div>\n\n\n\n<div class=\"wp-block-buttons aligncenter is-layout-flex wp-block-buttons-is-layout-flex\">\n<div class=\"wp-block-button\"><a class=\"wp-block-button__link has-background\" href=\"#Hospitalit\u00e9\" style=\"background-color:#ce3b5b\">Hospitality<\/a><\/div>\n\n\n\n<div class=\"wp-block-button\"><a class=\"wp-block-button__link has-background\" href=\"#Centre-culturel\" style=\"background-color:#52646d\">Cultural center<\/a><\/div>\n<\/div>\n\n\n\n<p><\/p>\n<\/div><\/div>\n\n\n\n<h5 class=\"has-white-color has-text-color has-background wp-block-heading\" id=\"Solidarit\u00e9\" style=\"background-color:#34829d\">Solidarity<\/h5>\n\n\n\n<div class=\"wp-block-columns is-layout-flex wp-container-core-columns-is-layout-9d6595d7 wp-block-columns-is-layout-flex\">\n<div class=\"wp-block-column is-layout-flow wp-block-column-is-layout-flow\" style=\"flex-basis:33.33%\">\n<div class=\"wp-block-image\"><figure class=\"alignleft size-large is-resized\"><a href=\"https:\/\/www.fondation-adveniat.org\/\" target=\"_blank\" rel=\"noopener\"><img decoding=\"async\" src=\"https:\/\/www.assomption.org\/wp-content\/uploads\/2021\/01\/oeuvres_adveniat.png\" alt=\"Logo Fondation Adveniat\" class=\"wp-image-110686\" width=\"205\" height=\"201\"\/><\/a><\/figure><\/div>\n<\/div>\n\n\n\n<div class=\"wp-block-column is-layout-flow wp-block-column-is-layout-flow\" style=\"flex-basis:66.66%\">\n<p><strong><a href=\"https:\/\/www.fondation-adveniat.org\/\">Adveniat Foundation<\/a><\/strong><br>Created in 2010 by the Congregation of the Augustinians of the Assumption, under the aegis of the Notre-Dame Foundation, recognized as a public utility. It is mobilized throughout the world, with its donors and partners, to accompany hundreds of children and young people, their families and the most disadvantaged people who aspire, despite adversity, to achieve their life project.<\/p>\n<\/div>\n<\/div>\n\n\n\n<div class=\"wp-block-columns is-layout-flex wp-container-core-columns-is-layout-9d6595d7 wp-block-columns-is-layout-flex\">\n<div class=\"wp-block-column is-layout-flow wp-block-column-is-layout-flow\" style=\"flex-basis:33.33%\">\n<figure class=\"wp-block-image size-large is-resized\"><a href=\"http:\/\/www.lapierreblanche.org\" target=\"_blank\" rel=\"noopener\"><img decoding=\"async\" src=\"https:\/\/www.assomption.org\/wp-content\/uploads\/2021\/01\/logo-la-pierre-blanche.jpg\" alt=\"\" class=\"wp-image-112124\" width=\"125\" height=\"112\"\/><\/a><\/figure>\n<\/div>\n\n\n\n<div class=\"wp-block-column is-layout-flow wp-block-column-is-layout-flow\" style=\"flex-basis:66.66%\">\n<p>Founded by Assumptionist Father Arthur Hervet, the Association <strong><a href=\"http:\/\/www.lapierreblanche.org\" target=\"_blank\" rel=\"noreferrer noopener\">La Pierre Blanche<\/a><\/strong><a href=\"http:\/\/www.lapierreblanche.org\"> <\/a>allows the boat &#8220;Je Sers&#8221; (moored in Conflans Sainte Honorine, France) to welcome about fifty people in precarious situations (mainly Tibetan refugees). They are accompanied by the Assumptionist community, the Little Sisters of the Assumption, employees and volunteers, to regain their dignity and reintegrate socially<\/p>\n<\/div>\n<\/div>\n\n\n\n<div class=\"wp-block-columns is-layout-flex wp-container-core-columns-is-layout-9d6595d7 wp-block-columns-is-layout-flex\">\n<div class=\"wp-block-column is-layout-flow wp-block-column-is-layout-flow\" style=\"flex-basis:33.33%\">\n<h5 class=\"wp-block-heading\"><span style=\"color:#ce3b5b\" class=\"has-inline-color\"><strong><strong>&#8220;Hoa Hu&#8221; orphanage, Sa\u00efgon (Vietna<\/strong><\/strong>m)<\/span><\/h5>\n\n\n\n<p><\/p>\n<\/div>\n\n\n\n<div class=\"wp-block-column is-layout-flow wp-block-column-is-layout-flow\" style=\"flex-basis:66.66%\">\n<p>The &#8220;Hoa Hu&#8221; orphanage was founded in 2000 and has been managed by the Assumptionists since 2006. It welcomes about thirty children from 6 to 18 years old, coming from different regions of Vietnam. Most of them are orphans of two parents, some of them of only one, and others come from poor families. All of them are helped to prepare for their future, notably by benefiting from professional and university training.<\/p>\n<\/div>\n<\/div>\n\n\n\n<div class=\"wp-block-columns is-layout-flex wp-container-core-columns-is-layout-9d6595d7 wp-block-columns-is-layout-flex\">\n<div class=\"wp-block-column is-layout-flow wp-block-column-is-layout-flow\" style=\"flex-basis:33.33%\">\n<figure class=\"wp-block-image size-large is-resized\"><a href=\"https:\/\/www.accompagner.be\/fr\/\" target=\"_blank\" rel=\"noopener\"><img decoding=\"async\" src=\"https:\/\/www.assomption.org\/wp-content\/uploads\/2021\/01\/logotitre.png\" alt=\"\" class=\"wp-image-112146\" width=\"275\" height=\"54\" srcset=\"https:\/\/www.assomption.org\/wp-content\/uploads\/2021\/01\/logotitre.png 550w, https:\/\/www.assomption.org\/wp-content\/uploads\/2021\/01\/logotitre-300x59.png 300w\" sizes=\"(max-width: 275px) 100vw, 275px\" \/><\/a><\/figure>\n<\/div>\n\n\n\n<div class=\"wp-block-column is-layout-flow wp-block-column-is-layout-flow\" style=\"flex-basis:66.66%\">\n<p><a href=\"https:\/\/www.accompagner.be\/fr\/\" target=\"_blank\" rel=\"noreferrer noopener\"><strong>&#8220;Les Amis d\u2019Accompagner&#8221;<\/strong> <\/a>(Koekelberg, Belgique), is a socio-legal service, specifically focused on the field accompaniment of people in difficulty. The volunteers, supervised by professionals, welcome, listen to, guide and accompany people in the field, free of charge, when they are faced with a difficult situation.<\/p>\n<\/div>\n<\/div>\n\n\n\n<div class=\"wp-block-columns is-layout-flex wp-container-core-columns-is-layout-9d6595d7 wp-block-columns-is-layout-flex\">\n<div class=\"wp-block-column is-layout-flow wp-block-column-is-layout-flow\" style=\"flex-basis:33.33%\">\n<figure class=\"wp-block-image size-large is-resized\"><a href=\"https:\/\/www.pepinieredevalpre.com\" target=\"_blank\" rel=\"noopener\"><img decoding=\"async\" src=\"https:\/\/www.assomption.org\/wp-content\/uploads\/2021\/01\/Logo_Pepiniere-Valpre-1.png\" alt=\"Logo P\u00e9pini\u00e8re de Valpr\u00e9\" class=\"wp-image-111846\" width=\"146\" height=\"112\"\/><\/a><\/figure>\n<\/div>\n\n\n\n<div class=\"wp-block-column is-layout-flow wp-block-column-is-layout-flow\" style=\"flex-basis:66.66%\">\n<p><strong><a href=\"https:\/\/www.pepinieredevalpre.com\/\" target=\"_blank\" rel=\"noreferrer noopener\">La P\u00e9pini\u00e8re de Valpr\u00e9<\/a><\/strong> (\u00c9cully, France)<br>It was created in 2016, at the initiative of the Valpr\u00e9 Conference and Seminar center and the Augustinians of the Assumption. An association under the law of 1901, non-denominational, it welcomes all project holders aged 40 and over who wish to break their isolation and it contributes to job creation.<\/p>\n<\/div>\n<\/div>\n\n\n\n<div style=\"height:28px\" aria-hidden=\"true\" class=\"wp-block-spacer\"><\/div>\n\n\n\n<h5 class=\"has-white-color has-text-color has-background wp-block-heading\" id=\"M\u00e9dias\" style=\"background-color:#004f9f\">Media<\/h5>\n\n\n\n<div style=\"height:38px\" aria-hidden=\"true\" class=\"wp-block-spacer\"><\/div>\n\n\n\n<div class=\"wp-block-columns is-layout-flex wp-container-core-columns-is-layout-9d6595d7 wp-block-columns-is-layout-flex\">\n<div class=\"wp-block-column is-layout-flow wp-block-column-is-layout-flow\" style=\"flex-basis:33.33%\">\n<figure class=\"wp-block-image size-large is-resized\"><a href=\"https:\/\/www.groupebayard.com\/fr\/\" target=\"_blank\" rel=\"noopener\"><img decoding=\"async\" src=\"https:\/\/www.assomption.org\/wp-content\/uploads\/2021\/01\/logo_bayard.png\" alt=\"\" class=\"wp-image-111857\" width=\"223\" height=\"60\"\/><\/a><\/figure>\n<\/div>\n\n\n\n<div class=\"wp-block-column is-layout-flow wp-block-column-is-layout-flow\" style=\"flex-basis:66.66%\">\n<p><strong><a href=\"https:\/\/www.groupebayard.com\/fr\/\" target=\"_blank\" rel=\"noreferrer noopener\">Bayard Presse<\/a><\/strong> is a French press company founded in 1873 by the Augustinians of the Assumption. Present in 16 countries, the group communicates through the press, publishing, Internet and audiovisual in the fields of news (La Croix, Le P\u00e8lerin), youth (Pomme d&#8217;Api, J&#8217;aime lire, Astrapi, Okapi, Phosphore, Je bouquine \u2026), seniors (Notre temps), religious affairs (Prions en \u00c9glise, Croire, Panorama) \u2026 Among the various titles of the group, the Assumptionists work, notably, on La Croix, P\u00e8lerin, Prions en \u00c9glise, croire. com &#8230;<\/p>\n<\/div>\n<\/div>\n\n\n\n<div class=\"wp-block-columns is-layout-flex wp-container-core-columns-is-layout-9d6595d7 wp-block-columns-is-layout-flex\">\n<div class=\"wp-block-column is-layout-flow wp-block-column-is-layout-flow\">\n<div class=\"wp-block-columns is-layout-flex wp-container-core-columns-is-layout-9d6595d7 wp-block-columns-is-layout-flex\">\n<div class=\"wp-block-column is-layout-flow wp-block-column-is-layout-flow\" style=\"flex-basis:33.33%\">\n<figure class=\"wp-block-image size-large is-resized\"><img decoding=\"async\" src=\"https:\/\/www.assomption.org\/wp-content\/uploads\/2021\/02\/logo-As-2000-.jpg\" alt=\"\" class=\"wp-image-113035\" width=\"232\" height=\"61\" srcset=\"https:\/\/www.assomption.org\/wp-content\/uploads\/2021\/02\/logo-As-2000-.jpg 927w, https:\/\/www.assomption.org\/wp-content\/uploads\/2021\/02\/logo-As-2000--300x79.jpg 300w, https:\/\/www.assomption.org\/wp-content\/uploads\/2021\/02\/logo-As-2000--768x201.jpg 768w\" sizes=\"(max-width: 232px) 100vw, 232px\" \/><\/figure>\n<\/div>\n\n\n\n<div class=\"wp-block-column is-layout-flow wp-block-column-is-layout-flow\" style=\"flex-basis:66.66%\">\n<p><strong><a href=\"https:\/\/fr.calameo.com\/read\/000274588b4e3101cb468\" target=\"_blank\" rel=\"noreferrer noopener\">&#8220;L&#8217;Assomption et ses \u0153uvres&#8221;<\/a><\/strong> is a quarterly magazine that lets you experience the mission of the Assumption family from the inside.<\/p>\n<\/div>\n<\/div>\n<\/div>\n<\/div>\n\n\n\n<h5 class=\"has-white-color has-text-color has-background wp-block-heading\" id=\"P\u00e8lerinage\" style=\"background-color:#3a98cc\">Pilgrimages<\/h5>\n\n\n\n<div style=\"height:28px\" aria-hidden=\"true\" class=\"wp-block-spacer\"><\/div>\n\n\n\n<div class=\"wp-block-columns is-layout-flex wp-container-core-columns-is-layout-9d6595d7 wp-block-columns-is-layout-flex\">\n<div class=\"wp-block-column is-layout-flow wp-block-column-is-layout-flow\" style=\"flex-basis:33.33%\">\n<figure class=\"wp-block-image size-large is-resized\"><a href=\"https:\/\/www.pelerinage-national.org\" target=\"_blank\" rel=\"noopener\"><img decoding=\"async\" src=\"https:\/\/www.assomption.org\/wp-content\/uploads\/2021\/01\/NDS.png\" alt=\"\" class=\"wp-image-112099\" width=\"203\" height=\"85\"\/><\/a><\/figure>\n<\/div>\n\n\n\n<div class=\"wp-block-column is-layout-flow wp-block-column-is-layout-flow\" style=\"flex-basis:66.66%\">\n<p><strong><a href=\"https:\/\/www.pelerinage-national.org\/\">Notre-Dame de Salut <strong>Association<\/strong><\/a><strong> <\/strong><\/strong>organizes pilgrimages and more particularly the <strong><a href=\"https:\/\/www.pelerinage-national.org\/\" target=\"_blank\" rel=\"noreferrer noopener\">P\u00e8lerinage National<\/a><\/strong>. It takes place every year, from August 11 to 16, in Lourdes (France). It brings together pilgrims from all over France and is increasingly open to international participation. The &#8220;P\u00e8lerinage National&#8221; is animated by the Assumption family and organized by the associations &#8220;Hospitality&#8221; and &#8220;Notre Dame de Salut&#8221;.<\/p>\n<\/div>\n<\/div>\n\n\n\n<h5 class=\"has-white-color has-text-color has-background wp-block-heading\" id=\"Hospitalit\u00e9\" style=\"background-color:#ce3b5b\">Hospitality<\/h5>\n\n\n\n<div style=\"height:28px\" aria-hidden=\"true\" class=\"wp-block-spacer\"><\/div>\n\n\n\n<div class=\"wp-block-columns is-layout-flex wp-container-core-columns-is-layout-9d6595d7 wp-block-columns-is-layout-flex\">\n<div class=\"wp-block-column is-layout-flow wp-block-column-is-layout-flow\" style=\"flex-basis:33.33%\">\n<figure class=\"wp-block-image size-large\"><a href=\"https:\/\/www.centreportroyal.com\" target=\"_blank\" rel=\"noopener\"><img decoding=\"async\" width=\"270\" height=\"108\" src=\"https:\/\/www.assomption.org\/wp-content\/uploads\/2021\/01\/portroyal.jpg\" alt=\"\" class=\"wp-image-112110\"\/><\/a><\/figure>\n<\/div>\n\n\n\n<div class=\"wp-block-column is-layout-flow wp-block-column-is-layout-flow\" style=\"flex-basis:66.66%\">\n<p><a href=\"https:\/\/www.centreportroyal.com\" target=\"_blank\" rel=\"noreferrer noopener\"><strong>The Centre Port Royal<\/strong> <\/a>is a center for corporate meeting and professional study days, located in Saint-Lambert-des-Bois (Yvelines, France). In 2006, the Augustinians of the Assumption took over from the Benedictine monks and perpetuated the history of this place and the values of hospitality.<\/p>\n<\/div>\n<\/div>\n\n\n\n<div class=\"wp-block-columns is-layout-flex wp-container-core-columns-is-layout-9d6595d7 wp-block-columns-is-layout-flex\">\n<div class=\"wp-block-column is-layout-flow wp-block-column-is-layout-flow\" style=\"flex-basis:33.33%\">\n<figure class=\"wp-block-image size-large is-resized\"><a href=\"https:\/\/adveniat-paris.org\/fr\/\" target=\"_blank\" rel=\"noopener\"><img decoding=\"async\" src=\"https:\/\/www.assomption.org\/wp-content\/uploads\/2021\/01\/adveniat2-1.jpg\" alt=\"\" class=\"wp-image-112118\" width=\"203\" height=\"106\"\/><\/a><\/figure>\n<\/div>\n\n\n\n<div class=\"wp-block-column is-layout-flow wp-block-column-is-layout-flow\" style=\"flex-basis:66.66%\">\n<p><strong><a href=\"https:\/\/adveniat-paris.org\/en\">L\u2019Auberge de Jeunesse Advenia<\/a><\/strong><a href=\"https:\/\/adveniat-paris.org\/fr\/\"><strong>t<\/strong><\/a><a href=\"https:\/\/adveniat-paris.org\/fr\/\" target=\"_blank\" rel=\"noreferrer noopener\"> <\/a>(Paris, France) is first of all a place of hospitality open to all. It is run by the Augustinians of the Assumption, whose community lives on site and where brothers share the spiritual and fraternal life. Located just a stone&#8217;s throw away from the Champs Elys\u00e9es, the Auberge Adveniat is a place that must allow each and every one of us to live a profound experience of meeting the other.<\/p>\n<\/div>\n<\/div>\n\n\n\n<div class=\"wp-block-columns is-layout-flex wp-container-core-columns-is-layout-9d6595d7 wp-block-columns-is-layout-flex\">\n<div class=\"wp-block-column is-layout-flow wp-block-column-is-layout-flow\" style=\"flex-basis:33.33%\">\n<figure class=\"wp-block-image size-large is-resized\"><a href=\"https:\/\/www.valpre.com\/\" target=\"_blank\" rel=\"noopener\"><img decoding=\"async\" src=\"https:\/\/www.assomption.org\/wp-content\/uploads\/2021\/01\/centre-de-valpre.png\" alt=\"\" class=\"wp-image-112104\" width=\"184\" height=\"140\"\/><\/a><\/figure>\n<\/div>\n\n\n\n<div class=\"wp-block-column is-layout-flow wp-block-column-is-layout-flow\" style=\"flex-basis:66.66%\">\n<p><a href=\"https:\/\/www.valpre.com\/\" target=\"_blank\" rel=\"noreferrer noopener\"><strong>Le Centre Valpr\u00e9<\/strong> <\/a>(\u00c9cully, France) is a hotel, meeting and events center. It welcomes a national and international clientele: companies, organizations, universities, associations, religious groups. The Augustinians of the Assumption have been present at Valpr\u00e9 since 1947, when they acquired the site to make it their house of study.<\/p>\n<\/div>\n<\/div>\n\n\n\n<div class=\"wp-block-columns is-layout-flex wp-container-core-columns-is-layout-9d6595d7 wp-block-columns-is-layout-flex\">\n<div class=\"wp-block-column is-layout-flow wp-block-column-is-layout-flow\" style=\"flex-basis:33.33%\">\n<figure class=\"wp-block-image size-large is-resized\"><a href=\"https:\/\/www.stpeter-gallicantu.org\" target=\"_blank\" rel=\"noopener\"><img decoding=\"async\" src=\"https:\/\/www.assomption.org\/wp-content\/uploads\/2021\/01\/st-pierre-en-gallicante_fr.png\" alt=\"\" class=\"wp-image-112121\" width=\"151\" height=\"52\"\/><\/a><\/figure>\n<\/div>\n\n\n\n<div class=\"wp-block-column is-layout-flow wp-block-column-is-layout-flow\" style=\"flex-basis:66.66%\">\n<p><strong><a href=\"https:\/\/www.stpeter-gallicantu.org\/?lang=en\" target=\"_blank\" rel=\"noreferrer noopener\">Saint Peter in Gallicantu (Jerusalem, Isra\u00ebl)<\/a><\/strong><br>The Assumptionist Fathers, along with a community of Oblate Sisters of the Assumption, welcome pilgrims and animate the sanctuary. Close to old city, Sant-Peter in Gallicantu is located at few meters from Zion gate.<\/p>\n<\/div>\n<\/div>\n\n\n\n<h5 class=\"has-white-color has-text-color has-background wp-block-heading\" id=\"Centre-culturel\" style=\"background-color:#52646d\">Training \/ Cultural center<\/h5>\n\n\n\n<div style=\"height:28px\" aria-hidden=\"true\" class=\"wp-block-spacer\"><\/div>\n\n\n\n<div class=\"wp-block-columns is-layout-flex wp-container-core-columns-is-layout-9d6595d7 wp-block-columns-is-layout-flex\">\n<div class=\"wp-block-column is-layout-flow wp-block-column-is-layout-flow\" style=\"flex-basis:33.33%\">\n<figure class=\"wp-block-image size-large is-resized\"><a href=\"https:\/\/www.entretiensdevalpre.org\/\" target=\"_blank\" rel=\"noopener\"><img decoding=\"async\" src=\"https:\/\/www.assomption.org\/wp-content\/uploads\/2021\/01\/entretiens_valpre.png\" alt=\"\" class=\"wp-image-111832\" width=\"150\" height=\"150\" srcset=\"https:\/\/www.assomption.org\/wp-content\/uploads\/2021\/01\/entretiens_valpre.png 300w, https:\/\/www.assomption.org\/wp-content\/uploads\/2021\/01\/entretiens_valpre-150x150.png 150w\" sizes=\"(max-width: 150px) 100vw, 150px\" \/><\/a><\/figure>\n<\/div>\n\n\n\n<div class=\"wp-block-column is-layout-flow wp-block-column-is-layout-flow\" style=\"flex-basis:66.66%\">\n<p><a href=\"https:\/\/www.entretiensdevalpre.org\/\" target=\"_blank\" rel=\"noreferrer noopener\"><strong>Les Entretiens de Valpr\u00e9<\/strong><\/a> (Lyon, France) bring  together business leaders, executives, entrepreneurs and students. They come to exchange views and experiences on the key issues of the economy, business, and society in the light of Christian social thought. This event is organized since 2002 by the Congregation of the Augustinians of the Assumption.<\/p>\n<\/div>\n<\/div>\n\n\n\n<div class=\"wp-block-columns is-layout-flex wp-container-core-columns-is-layout-9d6595d7 wp-block-columns-is-layout-flex\">\n<div class=\"wp-block-column is-layout-flow wp-block-column-is-layout-flow\" style=\"flex-basis:33.33%\">\n<figure class=\"wp-block-image size-large is-resized\"><a href=\"http:\/\/www.forum104.org\" target=\"_blank\" rel=\"noopener\"><img decoding=\"async\" src=\"https:\/\/www.assomption.org\/wp-content\/uploads\/2021\/01\/forum-104.png\" alt=\"\" class=\"wp-image-112079\" width=\"157\" height=\"128\" srcset=\"https:\/\/www.assomption.org\/wp-content\/uploads\/2021\/01\/forum-104.png 588w, https:\/\/www.assomption.org\/wp-content\/uploads\/2021\/01\/forum-104-300x244.png 300w\" sizes=\"(max-width: 157px) 100vw, 157px\" \/><\/a><\/figure>\n<\/div>\n\n\n\n<div class=\"wp-block-column is-layout-flow wp-block-column-is-layout-flow\" style=\"flex-basis:66.66%\">\n<p>The association <strong><a href=\"http:\/\/www.forum104.org\" target=\"_blank\" rel=\"noreferrer noopener\">Forum104<\/a><\/strong> (Paris, France) , accompanied by the Assumptionists since 2014, runs a cultural and interspiritual space in the heart of Paris. A meeting space, Forum104 is animated by a team with complementary skills: theological, psychological, pedagogical and artistic, which is committed to offering a favorable framework for welcoming and meeting people and associations.<\/p>\n<\/div>\n<\/div>\n\n\n\n<div class=\"wp-block-columns is-layout-flex wp-container-core-columns-is-layout-9d6595d7 wp-block-columns-is-layout-flex\">\n<div class=\"wp-block-column is-layout-flow wp-block-column-is-layout-flow\" style=\"flex-basis:33.33%\">\n<h5 class=\"wp-block-heading\"><span style=\"color:#ce3b5b\" class=\"has-inline-color\">Centre &#8220;Saint Pierre &#8211; Saint Andr\u00e9&#8221;, Bucarest (Roumanie)<\/span><\/h5>\n<\/div>\n\n\n\n<div class=\"wp-block-column is-layout-flow wp-block-column-is-layout-flow\" style=\"flex-basis:66.66%\">\n<p><strong><a href=\"http:\/\/www.centrulpetrusiandrei.ro\" target=\"_blank\" rel=\"noreferrer noopener\">The Saint Pierre &#8211; Saint Andr\u00e9<\/a><strong><a href=\"http:\/\/www.centrulpetrusiandrei.ro\" target=\"_blank\" rel=\"noreferrer noopener\"> Center<\/a><\/strong><\/strong> is a place of dialogue between the Christian East and West. It has a university-level Byzantine library accessible to the public, a Christian students&#8217; hostel, and offers throughout the year a program of conferences, debates and training on church and society issues.<\/p>\n<\/div>\n<\/div>\n\n\n\n<div class=\"wp-block-columns is-layout-flex wp-container-core-columns-is-layout-9d6595d7 wp-block-columns-is-layout-flex\">\n<div class=\"wp-block-column is-layout-flow wp-block-column-is-layout-flow\" style=\"flex-basis:33.33%\">\n<figure class=\"wp-block-image size-large is-resized\"><a href=\"https:\/\/www.facebook.com\/assumptionlanguagecollege\/\" target=\"_blank\" rel=\"noopener\"><img decoding=\"async\" src=\"https:\/\/www.assomption.org\/wp-content\/uploads\/2021\/01\/Logo-ALC-300x300-1.jpg\" alt=\"\" class=\"wp-image-112075\" width=\"130\" height=\"130\" srcset=\"https:\/\/www.assomption.org\/wp-content\/uploads\/2021\/01\/Logo-ALC-300x300-1.jpg 300w, https:\/\/www.assomption.org\/wp-content\/uploads\/2021\/01\/Logo-ALC-300x300-1-150x150.jpg 150w\" sizes=\"(max-width: 130px) 100vw, 130px\" \/><\/a><\/figure>\n<\/div>\n\n\n\n<div class=\"wp-block-column is-layout-flow wp-block-column-is-layout-flow\" style=\"flex-basis:66.66%\">\n<p><strong><a href=\"https:\/\/www.facebook.com\/assumptionlanguagecollege\/\" target=\"_blank\" rel=\"noreferrer noopener\">Assumption Language College (ALC)<\/a>, <\/strong>Manila (Philippines)<strong> <\/strong>welcomes students from religious and secular organizations to help them develop their language skills and personal charisma. The school also promotes intercultural and interfaith exchange.<\/p>\n<\/div>\n<\/div>\n\n\n\n<div class=\"wp-block-columns is-layout-flex wp-container-core-columns-is-layout-9d6595d7 wp-block-columns-is-layout-flex\">\n<div class=\"wp-block-column is-layout-flow wp-block-column-is-layout-flow\" style=\"flex-basis:33.33%\">\n<figure class=\"wp-block-image size-large is-resized\"><a href=\"https:\/\/www.facebook.com\/ReseauDeJeunesPourLIntegrationAfricaine\/\" target=\"_blank\" rel=\"noopener\"><img decoding=\"async\" src=\"https:\/\/www.assomption.org\/wp-content\/uploads\/2021\/01\/RIJA.jpg\" alt=\"\" class=\"wp-image-112094\" width=\"110\" height=\"116\" srcset=\"https:\/\/www.assomption.org\/wp-content\/uploads\/2021\/01\/RIJA.jpg 439w, https:\/\/www.assomption.org\/wp-content\/uploads\/2021\/01\/RIJA-284x300.jpg 284w\" sizes=\"(max-width: 110px) 100vw, 110px\" \/><\/a><\/figure>\n<\/div>\n\n\n\n<div class=\"wp-block-column is-layout-flow wp-block-column-is-layout-flow\" style=\"flex-basis:66.66%\">\n<p>In West Africa, the African Integration Journeys &#8211;<strong> <a href=\"https:\/\/www.facebook.com\/ReseauDeJeunesPourLIntegrationAfricaine\/\">Voyages d\u2019Int\u00e9gration Africaine<\/a>,<\/strong> organized by the Assumptionists, are an opportunity for participants to live a true interreligious and intercultural experience.<\/p>\n<\/div>\n<\/div>\n","protected":false},"excerpt":{"rendered":"","protected":false},"author":1,"featured_media":0,"parent":0,"menu_order":0,"comment_status":"closed","ping_status":"closed","template":"","meta":{"_acf_changed":false,"_uag_custom_page_level_css":"","footnotes":""},"class_list":["post-113857","page","type-page","status-publish","hentry"],"acf":[],"yoast_head":"<!-- This site is optimized with the Yoast SEO plugin v27.5 - https:\/\/yoast.com\/product\/yoast-seo-wordpress\/ -->\n<title>Our works - Assomption<\/title>\n<meta name=\"robots\" content=\"index, follow, max-snippet:-1, max-image-preview:large, max-video-preview:-1\" \/>\n<link rel=\"canonical\" href=\"https:\/\/www.assomption.org\/en\/our-works\/\" \/>\n<meta property=\"og:locale\" content=\"en_US\" \/>\n<meta property=\"og:type\" content=\"article\" \/>\n<meta property=\"og:title\" content=\"Our works - Assomption\" \/>\n<meta property=\"og:url\" content=\"https:\/\/www.assomption.org\/en\/our-works\/\" \/>\n<meta property=\"og:site_name\" content=\"Assomption\" \/>\n<meta property=\"article:modified_time\" content=\"2021-03-26T10:36:04+00:00\" \/>\n<meta property=\"og:image\" content=\"https:\/\/www.assomption.org\/wp-content\/uploads\/2021\/01\/oeuvres_adveniat.png\" \/>\n<meta name=\"twitter:card\" content=\"summary_large_image\" \/>\n<meta name=\"twitter:label1\" content=\"Est. reading time\" \/>\n\t<meta name=\"twitter:data1\" content=\"7 minutes\" \/>\n<script type=\"application\/ld+json\" class=\"yoast-schema-graph\">{\"@context\":\"https:\\\/\\\/schema.org\",\"@graph\":[{\"@type\":\"WebPage\",\"@id\":\"https:\\\/\\\/www.assomption.org\\\/en\\\/our-works\\\/\",\"url\":\"https:\\\/\\\/www.assomption.org\\\/en\\\/our-works\\\/\",\"name\":\"Our works - Assomption\",\"isPartOf\":{\"@id\":\"https:\\\/\\\/www.assomption.org\\\/#website\"},\"primaryImageOfPage\":{\"@id\":\"https:\\\/\\\/www.assomption.org\\\/en\\\/our-works\\\/#primaryimage\"},\"image\":{\"@id\":\"https:\\\/\\\/www.assomption.org\\\/en\\\/our-works\\\/#primaryimage\"},\"thumbnailUrl\":\"https:\\\/\\\/www.assomption.org\\\/wp-content\\\/uploads\\\/2021\\\/01\\\/oeuvres_adveniat.png\",\"datePublished\":\"2021-03-15T15:00:01+00:00\",\"dateModified\":\"2021-03-26T10:36:04+00:00\",\"breadcrumb\":{\"@id\":\"https:\\\/\\\/www.assomption.org\\\/en\\\/our-works\\\/#breadcrumb\"},\"inLanguage\":\"en-US\",\"potentialAction\":[{\"@type\":\"ReadAction\",\"target\":[\"https:\\\/\\\/www.assomption.org\\\/en\\\/our-works\\\/\"]}]},{\"@type\":\"ImageObject\",\"inLanguage\":\"en-US\",\"@id\":\"https:\\\/\\\/www.assomption.org\\\/en\\\/our-works\\\/#primaryimage\",\"url\":\"https:\\\/\\\/www.assomption.org\\\/wp-content\\\/uploads\\\/2021\\\/01\\\/oeuvres_adveniat.png\",\"contentUrl\":\"https:\\\/\\\/www.assomption.org\\\/wp-content\\\/uploads\\\/2021\\\/01\\\/oeuvres_adveniat.png\"},{\"@type\":\"BreadcrumbList\",\"@id\":\"https:\\\/\\\/www.assomption.org\\\/en\\\/our-works\\\/#breadcrumb\",\"itemListElement\":[{\"@type\":\"ListItem\",\"position\":1,\"name\":\"Accueil\",\"item\":\"https:\\\/\\\/www.assomption.org\\\/en\\\/\"},{\"@type\":\"ListItem\",\"position\":2,\"name\":\"Our works\"}]},{\"@type\":\"WebSite\",\"@id\":\"https:\\\/\\\/www.assomption.org\\\/#website\",\"url\":\"https:\\\/\\\/www.assomption.org\\\/\",\"name\":\"Assomption\",\"description\":\"\",\"publisher\":{\"@id\":\"https:\\\/\\\/www.assomption.org\\\/#organization\"},\"potentialAction\":[{\"@type\":\"SearchAction\",\"target\":{\"@type\":\"EntryPoint\",\"urlTemplate\":\"https:\\\/\\\/www.assomption.org\\\/?s={search_term_string}\"},\"query-input\":{\"@type\":\"PropertyValueSpecification\",\"valueRequired\":true,\"valueName\":\"search_term_string\"}}],\"inLanguage\":\"en-US\"},{\"@type\":\"Organization\",\"@id\":\"https:\\\/\\\/www.assomption.org\\\/#organization\",\"name\":\"Les Augustins de l'Assomption\",\"url\":\"https:\\\/\\\/www.assomption.org\\\/\",\"logo\":{\"@type\":\"ImageObject\",\"inLanguage\":\"en-US\",\"@id\":\"https:\\\/\\\/www.assomption.org\\\/#\\\/schema\\\/logo\\\/image\\\/\",\"url\":\"https:\\\/\\\/www.assomption.org\\\/wp-content\\\/uploads\\\/2020\\\/12\\\/logo.png\",\"contentUrl\":\"https:\\\/\\\/www.assomption.org\\\/wp-content\\\/uploads\\\/2020\\\/12\\\/logo.png\",\"width\":605,\"height\":121,\"caption\":\"Les Augustins de l'Assomption\"},\"image\":{\"@id\":\"https:\\\/\\\/www.assomption.org\\\/#\\\/schema\\\/logo\\\/image\\\/\"}}]}<\/script>\n<!-- \/ Yoast SEO plugin. -->","yoast_head_json":{"title":"Our works - Assomption","robots":{"index":"index","follow":"follow","max-snippet":"max-snippet:-1","max-image-preview":"max-image-preview:large","max-video-preview":"max-video-preview:-1"},"canonical":"https:\/\/www.assomption.org\/en\/our-works\/","og_locale":"en_US","og_type":"article","og_title":"Our works - Assomption","og_url":"https:\/\/www.assomption.org\/en\/our-works\/","og_site_name":"Assomption","article_modified_time":"2021-03-26T10:36:04+00:00","og_image":[{"url":"https:\/\/www.assomption.org\/wp-content\/uploads\/2021\/01\/oeuvres_adveniat.png","type":"","width":"","height":""}],"twitter_card":"summary_large_image","twitter_misc":{"Est. reading time":"7 minutes"},"schema":{"@context":"https:\/\/schema.org","@graph":[{"@type":"WebPage","@id":"https:\/\/www.assomption.org\/en\/our-works\/","url":"https:\/\/www.assomption.org\/en\/our-works\/","name":"Our works - Assomption","isPartOf":{"@id":"https:\/\/www.assomption.org\/#website"},"primaryImageOfPage":{"@id":"https:\/\/www.assomption.org\/en\/our-works\/#primaryimage"},"image":{"@id":"https:\/\/www.assomption.org\/en\/our-works\/#primaryimage"},"thumbnailUrl":"https:\/\/www.assomption.org\/wp-content\/uploads\/2021\/01\/oeuvres_adveniat.png","datePublished":"2021-03-15T15:00:01+00:00","dateModified":"2021-03-26T10:36:04+00:00","breadcrumb":{"@id":"https:\/\/www.assomption.org\/en\/our-works\/#breadcrumb"},"inLanguage":"en-US","potentialAction":[{"@type":"ReadAction","target":["https:\/\/www.assomption.org\/en\/our-works\/"]}]},{"@type":"ImageObject","inLanguage":"en-US","@id":"https:\/\/www.assomption.org\/en\/our-works\/#primaryimage","url":"https:\/\/www.assomption.org\/wp-content\/uploads\/2021\/01\/oeuvres_adveniat.png","contentUrl":"https:\/\/www.assomption.org\/wp-content\/uploads\/2021\/01\/oeuvres_adveniat.png"},{"@type":"BreadcrumbList","@id":"https:\/\/www.assomption.org\/en\/our-works\/#breadcrumb","itemListElement":[{"@type":"ListItem","position":1,"name":"Accueil","item":"https:\/\/www.assomption.org\/en\/"},{"@type":"ListItem","position":2,"name":"Our works"}]},{"@type":"WebSite","@id":"https:\/\/www.assomption.org\/#website","url":"https:\/\/www.assomption.org\/","name":"Assomption","description":"","publisher":{"@id":"https:\/\/www.assomption.org\/#organization"},"potentialAction":[{"@type":"SearchAction","target":{"@type":"EntryPoint","urlTemplate":"https:\/\/www.assomption.org\/?s={search_term_string}"},"query-input":{"@type":"PropertyValueSpecification","valueRequired":true,"valueName":"search_term_string"}}],"inLanguage":"en-US"},{"@type":"Organization","@id":"https:\/\/www.assomption.org\/#organization","name":"Les Augustins de l'Assomption","url":"https:\/\/www.assomption.org\/","logo":{"@type":"ImageObject","inLanguage":"en-US","@id":"https:\/\/www.assomption.org\/#\/schema\/logo\/image\/","url":"https:\/\/www.assomption.org\/wp-content\/uploads\/2020\/12\/logo.png","contentUrl":"https:\/\/www.assomption.org\/wp-content\/uploads\/2020\/12\/logo.png","width":605,"height":121,"caption":"Les Augustins de l'Assomption"},"image":{"@id":"https:\/\/www.assomption.org\/#\/schema\/logo\/image\/"}}]}},"uagb_featured_image_src":{"full":false,"thumbnail":false,"medium":false,"medium_large":false,"large":false,"1536x1536":false,"2048x2048":false,"yarpp-thumbnail":false},"uagb_author_info":{"display_name":"admin","author_link":"https:\/\/www.assomption.org\/en\/author\/admin\/"},"uagb_comment_info":0,"uagb_excerpt":null,"_links":{"self":[{"href":"https:\/\/www.assomption.org\/en\/wp-json\/wp\/v2\/pages\/113857","targetHints":{"allow":["GET"]}}],"collection":[{"href":"https:\/\/www.assomption.org\/en\/wp-json\/wp\/v2\/pages"}],"about":[{"href":"https:\/\/www.assomption.org\/en\/wp-json\/wp\/v2\/types\/page"}],"author":[{"embeddable":true,"href":"https:\/\/www.assomption.org\/en\/wp-json\/wp\/v2\/users\/1"}],"replies":[{"embeddable":true,"href":"https:\/\/www.assomption.org\/en\/wp-json\/wp\/v2\/comments?post=113857"}],"version-history":[{"count":0,"href":"https:\/\/www.assomption.org\/en\/wp-json\/wp\/v2\/pages\/113857\/revisions"}],"wp:attachment":[{"href":"https:\/\/www.assomption.org\/en\/wp-json\/wp\/v2\/media?parent=113857"}],"curies":[{"name":"wp","href":"https:\/\/api.w.org\/{rel}","templated":true}]}}