{"id":110970,"date":"2021-01-11T16:28:01","date_gmt":"2021-01-11T15:28:01","guid":{"rendered":"https:\/\/www.assomption.org\/?post_type=revue_itineraires&#038;p=110970"},"modified":"2021-01-13T11:44:35","modified_gmt":"2021-01-13T10:44:35","slug":"itineraires-augustiniens-n28-sa-vie-son-activite-ses-convictions","status":"publish","type":"revue_itineraires","link":"https:\/\/www.assomption.org\/en\/revue_itineraires\/itineraires-augustiniens-n28-sa-vie-son-activite-ses-convictions\/","title":{"rendered":"Itin\u00e9raires Augustiniens n\u00b028 : Sa vie, son activit\u00e9, ses convictions"},"excerpt":{"rendered":"<p>Des vies d\u2019Augustin, il en existe de toutes les tailles. Depuis que notre revue en a pr\u00e9sent\u00e9 un inventaire (I. A. n\u00b0 18, juillet 1997), d\u2019autres sont venues s\u2019aligner sur les rayons des biblioth\u00e8ques. Celle de Serge Lancel, Saint Augustin (Fayard,1999) compte \u00e0 ce jour parmi les plus prestigieuses. Il devenait urgent pour notre revue de se mettre sur les rangs. Gr\u00e2ce \u00e0 Goulven Madec, c\u2019est chose faite, et bien faite.<\/p>\n","protected":false},"featured_media":0,"template":"","class_list":["post-110970","revue_itineraires","type-revue_itineraires","status-publish","hentry"],"acf":[],"yoast_head":"<!-- This site is optimized with the Yoast SEO plugin v27.5 - https:\/\/yoast.com\/product\/yoast-seo-wordpress\/ -->\n<title>Itin\u00e9raires Augustiniens n\u00b028 : Sa vie, son activit\u00e9, ses convictions - Assomption<\/title>\n<meta name=\"robots\" content=\"index, follow, max-snippet:-1, max-image-preview:large, max-video-preview:-1\" \/>\n<link rel=\"canonical\" href=\"https:\/\/www.assomption.org\/revue_itineraires\/itineraires-augustiniens-n28-sa-vie-son-activite-ses-convictions\/\" \/>\n<meta property=\"og:locale\" content=\"en_US\" \/>\n<meta property=\"og:type\" content=\"article\" \/>\n<meta property=\"og:title\" content=\"Itin\u00e9raires Augustiniens n\u00b028 : Sa vie, son activit\u00e9, ses convictions - Assomption\" \/>\n<meta property=\"og:description\" content=\"Des vies d\u2019Augustin, il en existe de toutes les tailles. Depuis que notre revue en a pr\u00e9sent\u00e9 un inventaire (I. A. n\u00b0 18, juillet 1997), d\u2019autres sont venues s\u2019aligner sur les rayons des biblioth\u00e8ques. Celle de Serge Lancel, Saint Augustin (Fayard,1999) compte \u00e0 ce jour parmi les plus prestigieuses. Il devenait urgent pour notre revue de se mettre sur les rangs. Gr\u00e2ce \u00e0 Goulven Madec, c\u2019est chose faite, et bien faite.\" \/>\n<meta property=\"og:url\" content=\"https:\/\/www.assomption.org\/revue_itineraires\/itineraires-augustiniens-n28-sa-vie-son-activite-ses-convictions\/\" \/>\n<meta property=\"og:site_name\" content=\"Assomption\" \/>\n<meta property=\"article:modified_time\" content=\"2021-01-13T10:44:35+00:00\" \/>\n<meta name=\"twitter:card\" content=\"summary_large_image\" \/>\n<script type=\"application\/ld+json\" class=\"yoast-schema-graph\">{\"@context\":\"https:\\\/\\\/schema.org\",\"@graph\":[{\"@type\":\"WebPage\",\"@id\":\"https:\\\/\\\/www.assomption.org\\\/revue_itineraires\\\/itineraires-augustiniens-n28-sa-vie-son-activite-ses-convictions\\\/\",\"url\":\"https:\\\/\\\/www.assomption.org\\\/revue_itineraires\\\/itineraires-augustiniens-n28-sa-vie-son-activite-ses-convictions\\\/\",\"name\":\"Itin\u00e9raires Augustiniens n\u00b028 : Sa vie, son activit\u00e9, ses convictions - Assomption\",\"isPartOf\":{\"@id\":\"https:\\\/\\\/www.assomption.org\\\/#website\"},\"datePublished\":\"2021-01-11T15:28:01+00:00\",\"dateModified\":\"2021-01-13T10:44:35+00:00\",\"breadcrumb\":{\"@id\":\"https:\\\/\\\/www.assomption.org\\\/revue_itineraires\\\/itineraires-augustiniens-n28-sa-vie-son-activite-ses-convictions\\\/#breadcrumb\"},\"inLanguage\":\"en-US\",\"potentialAction\":[{\"@type\":\"ReadAction\",\"target\":[\"https:\\\/\\\/www.assomption.org\\\/revue_itineraires\\\/itineraires-augustiniens-n28-sa-vie-son-activite-ses-convictions\\\/\"]}]},{\"@type\":\"BreadcrumbList\",\"@id\":\"https:\\\/\\\/www.assomption.org\\\/revue_itineraires\\\/itineraires-augustiniens-n28-sa-vie-son-activite-ses-convictions\\\/#breadcrumb\",\"itemListElement\":[{\"@type\":\"ListItem\",\"position\":1,\"name\":\"Accueil\",\"item\":\"https:\\\/\\\/www.assomption.org\\\/en\\\/\"},{\"@type\":\"ListItem\",\"position\":2,\"name\":\"Itin\u00e9raires Augustiniens n\u00b028 : Sa vie, son activit\u00e9, ses convictions\"}]},{\"@type\":\"WebSite\",\"@id\":\"https:\\\/\\\/www.assomption.org\\\/#website\",\"url\":\"https:\\\/\\\/www.assomption.org\\\/\",\"name\":\"Assomption\",\"description\":\"\",\"publisher\":{\"@id\":\"https:\\\/\\\/www.assomption.org\\\/#organization\"},\"potentialAction\":[{\"@type\":\"SearchAction\",\"target\":{\"@type\":\"EntryPoint\",\"urlTemplate\":\"https:\\\/\\\/www.assomption.org\\\/?s={search_term_string}\"},\"query-input\":{\"@type\":\"PropertyValueSpecification\",\"valueRequired\":true,\"valueName\":\"search_term_string\"}}],\"inLanguage\":\"en-US\"},{\"@type\":\"Organization\",\"@id\":\"https:\\\/\\\/www.assomption.org\\\/#organization\",\"name\":\"Les Augustins de l'Assomption\",\"url\":\"https:\\\/\\\/www.assomption.org\\\/\",\"logo\":{\"@type\":\"ImageObject\",\"inLanguage\":\"en-US\",\"@id\":\"https:\\\/\\\/www.assomption.org\\\/#\\\/schema\\\/logo\\\/image\\\/\",\"url\":\"https:\\\/\\\/www.assomption.org\\\/wp-content\\\/uploads\\\/2020\\\/12\\\/logo.png\",\"contentUrl\":\"https:\\\/\\\/www.assomption.org\\\/wp-content\\\/uploads\\\/2020\\\/12\\\/logo.png\",\"width\":605,\"height\":121,\"caption\":\"Les Augustins de l'Assomption\"},\"image\":{\"@id\":\"https:\\\/\\\/www.assomption.org\\\/#\\\/schema\\\/logo\\\/image\\\/\"}}]}<\/script>\n<!-- \/ Yoast SEO plugin. -->","yoast_head_json":{"title":"Itin\u00e9raires Augustiniens n\u00b028 : Sa vie, son activit\u00e9, ses convictions - Assomption","robots":{"index":"index","follow":"follow","max-snippet":"max-snippet:-1","max-image-preview":"max-image-preview:large","max-video-preview":"max-video-preview:-1"},"canonical":"https:\/\/www.assomption.org\/revue_itineraires\/itineraires-augustiniens-n28-sa-vie-son-activite-ses-convictions\/","og_locale":"en_US","og_type":"article","og_title":"Itin\u00e9raires Augustiniens n\u00b028 : Sa vie, son activit\u00e9, ses convictions - Assomption","og_description":"Des vies d\u2019Augustin, il en existe de toutes les tailles. Depuis que notre revue en a pr\u00e9sent\u00e9 un inventaire (I. A. n\u00b0 18, juillet 1997), d\u2019autres sont venues s\u2019aligner sur les rayons des biblioth\u00e8ques. Celle de Serge Lancel, Saint Augustin (Fayard,1999) compte \u00e0 ce jour parmi les plus prestigieuses. Il devenait urgent pour notre revue de se mettre sur les rangs. Gr\u00e2ce \u00e0 Goulven Madec, c\u2019est chose faite, et bien faite.","og_url":"https:\/\/www.assomption.org\/revue_itineraires\/itineraires-augustiniens-n28-sa-vie-son-activite-ses-convictions\/","og_site_name":"Assomption","article_modified_time":"2021-01-13T10:44:35+00:00","twitter_card":"summary_large_image","schema":{"@context":"https:\/\/schema.org","@graph":[{"@type":"WebPage","@id":"https:\/\/www.assomption.org\/revue_itineraires\/itineraires-augustiniens-n28-sa-vie-son-activite-ses-convictions\/","url":"https:\/\/www.assomption.org\/revue_itineraires\/itineraires-augustiniens-n28-sa-vie-son-activite-ses-convictions\/","name":"Itin\u00e9raires Augustiniens n\u00b028 : Sa vie, son activit\u00e9, ses convictions - Assomption","isPartOf":{"@id":"https:\/\/www.assomption.org\/#website"},"datePublished":"2021-01-11T15:28:01+00:00","dateModified":"2021-01-13T10:44:35+00:00","breadcrumb":{"@id":"https:\/\/www.assomption.org\/revue_itineraires\/itineraires-augustiniens-n28-sa-vie-son-activite-ses-convictions\/#breadcrumb"},"inLanguage":"en-US","potentialAction":[{"@type":"ReadAction","target":["https:\/\/www.assomption.org\/revue_itineraires\/itineraires-augustiniens-n28-sa-vie-son-activite-ses-convictions\/"]}]},{"@type":"BreadcrumbList","@id":"https:\/\/www.assomption.org\/revue_itineraires\/itineraires-augustiniens-n28-sa-vie-son-activite-ses-convictions\/#breadcrumb","itemListElement":[{"@type":"ListItem","position":1,"name":"Accueil","item":"https:\/\/www.assomption.org\/en\/"},{"@type":"ListItem","position":2,"name":"Itin\u00e9raires Augustiniens n\u00b028 : Sa vie, son activit\u00e9, ses convictions"}]},{"@type":"WebSite","@id":"https:\/\/www.assomption.org\/#website","url":"https:\/\/www.assomption.org\/","name":"Assomption","description":"","publisher":{"@id":"https:\/\/www.assomption.org\/#organization"},"potentialAction":[{"@type":"SearchAction","target":{"@type":"EntryPoint","urlTemplate":"https:\/\/www.assomption.org\/?s={search_term_string}"},"query-input":{"@type":"PropertyValueSpecification","valueRequired":true,"valueName":"search_term_string"}}],"inLanguage":"en-US"},{"@type":"Organization","@id":"https:\/\/www.assomption.org\/#organization","name":"Les Augustins de l'Assomption","url":"https:\/\/www.assomption.org\/","logo":{"@type":"ImageObject","inLanguage":"en-US","@id":"https:\/\/www.assomption.org\/#\/schema\/logo\/image\/","url":"https:\/\/www.assomption.org\/wp-content\/uploads\/2020\/12\/logo.png","contentUrl":"https:\/\/www.assomption.org\/wp-content\/uploads\/2020\/12\/logo.png","width":605,"height":121,"caption":"Les Augustins de l'Assomption"},"image":{"@id":"https:\/\/www.assomption.org\/#\/schema\/logo\/image\/"}}]}},"uagb_featured_image_src":{"full":false,"thumbnail":false,"medium":false,"medium_large":false,"large":false,"1536x1536":false,"2048x2048":false,"yarpp-thumbnail":false},"uagb_author_info":{"display_name":"admin","author_link":"https:\/\/www.assomption.org\/en\/author\/"},"uagb_comment_info":0,"uagb_excerpt":"Des vies d\u2019Augustin, il en existe de toutes les tailles. Depuis que notre revue en a pr\u00e9sent\u00e9 un inventaire (I. A. n\u00b0 18, juillet 1997), d\u2019autres sont venues s\u2019aligner sur les rayons des biblioth\u00e8ques. Celle de Serge Lancel, Saint Augustin (Fayard,1999) compte \u00e0 ce jour parmi les plus prestigieuses. Il devenait urgent pour notre revue&hellip;","_links":{"self":[{"href":"https:\/\/www.assomption.org\/en\/wp-json\/wp\/v2\/revue_itineraires\/110970","targetHints":{"allow":["GET"]}}],"collection":[{"href":"https:\/\/www.assomption.org\/en\/wp-json\/wp\/v2\/revue_itineraires"}],"about":[{"href":"https:\/\/www.assomption.org\/en\/wp-json\/wp\/v2\/types\/revue_itineraires"}],"version-history":[{"count":0,"href":"https:\/\/www.assomption.org\/en\/wp-json\/wp\/v2\/revue_itineraires\/110970\/revisions"}],"wp:attachment":[{"href":"https:\/\/www.assomption.org\/en\/wp-json\/wp\/v2\/media?parent=110970"}],"curies":[{"name":"wp","href":"https:\/\/api.w.org\/{rel}","templated":true}]}}