{"id":111018,"date":"2021-01-12T15:48:46","date_gmt":"2021-01-12T14:48:46","guid":{"rendered":"https:\/\/www.assomption.org\/?post_type=revue_itineraires&#038;p=111018"},"modified":"2021-01-13T11:36:38","modified_gmt":"2021-01-13T10:36:38","slug":"itineraires-augustiniens-n32-guerre-et-paix","status":"publish","type":"revue_itineraires","link":"https:\/\/www.assomption.org\/en\/revue_itineraires\/itineraires-augustiniens-n32-guerre-et-paix\/","title":{"rendered":"Itin\u00e9raires Augustiniens n\u00b032 : Guerre et Paix"},"excerpt":{"rendered":"<p>On se souvient de l\u2019appel angoiss\u00e9 de Paul IV \u00e0 l\u2019ONU, le 4 octobre1965 : Plus jamais la guerre ! Cet appel s\u2019inscrivait dans la ligne de Pacem in terris (1963). Il sera repris au Concile (1965), puis dans Populorum progressio (1967). Il trouve un \u00e9cho annuel dans la journ\u00e9e mondiale de la Paix, instaur\u00e9e le 1 er janvier 1968. Jamais l\u2019Eglise n\u2019aura d\u00e9ploy\u00e9 un tel effort en faveur de la paix qu\u2019en cette fin du XXe si\u00e8cle, l\u2019un des si\u00e8cles les plus meurtriers.<\/p>\n","protected":false},"featured_media":0,"template":"","class_list":["post-111018","revue_itineraires","type-revue_itineraires","status-publish","hentry"],"acf":[],"yoast_head":"<!-- This site is optimized with the Yoast SEO plugin v27.5 - https:\/\/yoast.com\/product\/yoast-seo-wordpress\/ -->\n<title>Itin\u00e9raires Augustiniens n\u00b032 : Guerre et Paix - Assomption<\/title>\n<meta name=\"robots\" content=\"index, follow, max-snippet:-1, max-image-preview:large, max-video-preview:-1\" \/>\n<link rel=\"canonical\" href=\"https:\/\/www.assomption.org\/revue_itineraires\/itineraires-augustiniens-n32-guerre-et-paix\/\" \/>\n<meta property=\"og:locale\" content=\"en_US\" \/>\n<meta property=\"og:type\" content=\"article\" \/>\n<meta property=\"og:title\" content=\"Itin\u00e9raires Augustiniens n\u00b032 : Guerre et Paix - Assomption\" \/>\n<meta property=\"og:description\" content=\"On se souvient de l\u2019appel angoiss\u00e9 de Paul IV \u00e0 l\u2019ONU, le 4 octobre1965 : Plus jamais la guerre ! Cet appel s\u2019inscrivait dans la ligne de Pacem in terris (1963). Il sera repris au Concile (1965), puis dans Populorum progressio (1967). Il trouve un \u00e9cho annuel dans la journ\u00e9e mondiale de la Paix, instaur\u00e9e le 1 er janvier 1968. Jamais l\u2019Eglise n\u2019aura d\u00e9ploy\u00e9 un tel effort en faveur de la paix qu\u2019en cette fin du XXe si\u00e8cle, l\u2019un des si\u00e8cles les plus meurtriers.\" \/>\n<meta property=\"og:url\" content=\"https:\/\/www.assomption.org\/revue_itineraires\/itineraires-augustiniens-n32-guerre-et-paix\/\" \/>\n<meta property=\"og:site_name\" content=\"Assomption\" \/>\n<meta property=\"article:modified_time\" content=\"2021-01-13T10:36:38+00:00\" \/>\n<meta name=\"twitter:card\" content=\"summary_large_image\" \/>\n<script type=\"application\/ld+json\" class=\"yoast-schema-graph\">{\"@context\":\"https:\\\/\\\/schema.org\",\"@graph\":[{\"@type\":\"WebPage\",\"@id\":\"https:\\\/\\\/www.assomption.org\\\/revue_itineraires\\\/itineraires-augustiniens-n32-guerre-et-paix\\\/\",\"url\":\"https:\\\/\\\/www.assomption.org\\\/revue_itineraires\\\/itineraires-augustiniens-n32-guerre-et-paix\\\/\",\"name\":\"Itin\u00e9raires Augustiniens n\u00b032 : Guerre et Paix - Assomption\",\"isPartOf\":{\"@id\":\"https:\\\/\\\/www.assomption.org\\\/#website\"},\"datePublished\":\"2021-01-12T14:48:46+00:00\",\"dateModified\":\"2021-01-13T10:36:38+00:00\",\"breadcrumb\":{\"@id\":\"https:\\\/\\\/www.assomption.org\\\/revue_itineraires\\\/itineraires-augustiniens-n32-guerre-et-paix\\\/#breadcrumb\"},\"inLanguage\":\"en-US\",\"potentialAction\":[{\"@type\":\"ReadAction\",\"target\":[\"https:\\\/\\\/www.assomption.org\\\/revue_itineraires\\\/itineraires-augustiniens-n32-guerre-et-paix\\\/\"]}]},{\"@type\":\"BreadcrumbList\",\"@id\":\"https:\\\/\\\/www.assomption.org\\\/revue_itineraires\\\/itineraires-augustiniens-n32-guerre-et-paix\\\/#breadcrumb\",\"itemListElement\":[{\"@type\":\"ListItem\",\"position\":1,\"name\":\"Accueil\",\"item\":\"https:\\\/\\\/www.assomption.org\\\/en\\\/\"},{\"@type\":\"ListItem\",\"position\":2,\"name\":\"Itin\u00e9raires Augustiniens n\u00b032 : Guerre et Paix\"}]},{\"@type\":\"WebSite\",\"@id\":\"https:\\\/\\\/www.assomption.org\\\/#website\",\"url\":\"https:\\\/\\\/www.assomption.org\\\/\",\"name\":\"Assomption\",\"description\":\"\",\"publisher\":{\"@id\":\"https:\\\/\\\/www.assomption.org\\\/#organization\"},\"potentialAction\":[{\"@type\":\"SearchAction\",\"target\":{\"@type\":\"EntryPoint\",\"urlTemplate\":\"https:\\\/\\\/www.assomption.org\\\/?s={search_term_string}\"},\"query-input\":{\"@type\":\"PropertyValueSpecification\",\"valueRequired\":true,\"valueName\":\"search_term_string\"}}],\"inLanguage\":\"en-US\"},{\"@type\":\"Organization\",\"@id\":\"https:\\\/\\\/www.assomption.org\\\/#organization\",\"name\":\"Les Augustins de l'Assomption\",\"url\":\"https:\\\/\\\/www.assomption.org\\\/\",\"logo\":{\"@type\":\"ImageObject\",\"inLanguage\":\"en-US\",\"@id\":\"https:\\\/\\\/www.assomption.org\\\/#\\\/schema\\\/logo\\\/image\\\/\",\"url\":\"https:\\\/\\\/www.assomption.org\\\/wp-content\\\/uploads\\\/2020\\\/12\\\/logo.png\",\"contentUrl\":\"https:\\\/\\\/www.assomption.org\\\/wp-content\\\/uploads\\\/2020\\\/12\\\/logo.png\",\"width\":605,\"height\":121,\"caption\":\"Les Augustins de l'Assomption\"},\"image\":{\"@id\":\"https:\\\/\\\/www.assomption.org\\\/#\\\/schema\\\/logo\\\/image\\\/\"}}]}<\/script>\n<!-- \/ Yoast SEO plugin. -->","yoast_head_json":{"title":"Itin\u00e9raires Augustiniens n\u00b032 : Guerre et Paix - Assomption","robots":{"index":"index","follow":"follow","max-snippet":"max-snippet:-1","max-image-preview":"max-image-preview:large","max-video-preview":"max-video-preview:-1"},"canonical":"https:\/\/www.assomption.org\/revue_itineraires\/itineraires-augustiniens-n32-guerre-et-paix\/","og_locale":"en_US","og_type":"article","og_title":"Itin\u00e9raires Augustiniens n\u00b032 : Guerre et Paix - Assomption","og_description":"On se souvient de l\u2019appel angoiss\u00e9 de Paul IV \u00e0 l\u2019ONU, le 4 octobre1965 : Plus jamais la guerre ! Cet appel s\u2019inscrivait dans la ligne de Pacem in terris (1963). Il sera repris au Concile (1965), puis dans Populorum progressio (1967). Il trouve un \u00e9cho annuel dans la journ\u00e9e mondiale de la Paix, instaur\u00e9e le 1 er janvier 1968. Jamais l\u2019Eglise n\u2019aura d\u00e9ploy\u00e9 un tel effort en faveur de la paix qu\u2019en cette fin du XXe si\u00e8cle, l\u2019un des si\u00e8cles les plus meurtriers.","og_url":"https:\/\/www.assomption.org\/revue_itineraires\/itineraires-augustiniens-n32-guerre-et-paix\/","og_site_name":"Assomption","article_modified_time":"2021-01-13T10:36:38+00:00","twitter_card":"summary_large_image","schema":{"@context":"https:\/\/schema.org","@graph":[{"@type":"WebPage","@id":"https:\/\/www.assomption.org\/revue_itineraires\/itineraires-augustiniens-n32-guerre-et-paix\/","url":"https:\/\/www.assomption.org\/revue_itineraires\/itineraires-augustiniens-n32-guerre-et-paix\/","name":"Itin\u00e9raires Augustiniens n\u00b032 : Guerre et Paix - Assomption","isPartOf":{"@id":"https:\/\/www.assomption.org\/#website"},"datePublished":"2021-01-12T14:48:46+00:00","dateModified":"2021-01-13T10:36:38+00:00","breadcrumb":{"@id":"https:\/\/www.assomption.org\/revue_itineraires\/itineraires-augustiniens-n32-guerre-et-paix\/#breadcrumb"},"inLanguage":"en-US","potentialAction":[{"@type":"ReadAction","target":["https:\/\/www.assomption.org\/revue_itineraires\/itineraires-augustiniens-n32-guerre-et-paix\/"]}]},{"@type":"BreadcrumbList","@id":"https:\/\/www.assomption.org\/revue_itineraires\/itineraires-augustiniens-n32-guerre-et-paix\/#breadcrumb","itemListElement":[{"@type":"ListItem","position":1,"name":"Accueil","item":"https:\/\/www.assomption.org\/en\/"},{"@type":"ListItem","position":2,"name":"Itin\u00e9raires Augustiniens n\u00b032 : Guerre et Paix"}]},{"@type":"WebSite","@id":"https:\/\/www.assomption.org\/#website","url":"https:\/\/www.assomption.org\/","name":"Assomption","description":"","publisher":{"@id":"https:\/\/www.assomption.org\/#organization"},"potentialAction":[{"@type":"SearchAction","target":{"@type":"EntryPoint","urlTemplate":"https:\/\/www.assomption.org\/?s={search_term_string}"},"query-input":{"@type":"PropertyValueSpecification","valueRequired":true,"valueName":"search_term_string"}}],"inLanguage":"en-US"},{"@type":"Organization","@id":"https:\/\/www.assomption.org\/#organization","name":"Les Augustins de l'Assomption","url":"https:\/\/www.assomption.org\/","logo":{"@type":"ImageObject","inLanguage":"en-US","@id":"https:\/\/www.assomption.org\/#\/schema\/logo\/image\/","url":"https:\/\/www.assomption.org\/wp-content\/uploads\/2020\/12\/logo.png","contentUrl":"https:\/\/www.assomption.org\/wp-content\/uploads\/2020\/12\/logo.png","width":605,"height":121,"caption":"Les Augustins de l'Assomption"},"image":{"@id":"https:\/\/www.assomption.org\/#\/schema\/logo\/image\/"}}]}},"uagb_featured_image_src":{"full":false,"thumbnail":false,"medium":false,"medium_large":false,"large":false,"1536x1536":false,"2048x2048":false,"yarpp-thumbnail":false},"uagb_author_info":{"display_name":"admin","author_link":"https:\/\/www.assomption.org\/en\/author\/"},"uagb_comment_info":0,"uagb_excerpt":"On se souvient de l\u2019appel angoiss\u00e9 de Paul IV \u00e0 l\u2019ONU, le 4 octobre1965 : Plus jamais la guerre ! Cet appel s\u2019inscrivait dans la ligne de Pacem in terris (1963). Il sera repris au Concile (1965), puis dans Populorum progressio (1967). Il trouve un \u00e9cho annuel dans la journ\u00e9e mondiale de la Paix, instaur\u00e9e&hellip;","_links":{"self":[{"href":"https:\/\/www.assomption.org\/en\/wp-json\/wp\/v2\/revue_itineraires\/111018","targetHints":{"allow":["GET"]}}],"collection":[{"href":"https:\/\/www.assomption.org\/en\/wp-json\/wp\/v2\/revue_itineraires"}],"about":[{"href":"https:\/\/www.assomption.org\/en\/wp-json\/wp\/v2\/types\/revue_itineraires"}],"version-history":[{"count":0,"href":"https:\/\/www.assomption.org\/en\/wp-json\/wp\/v2\/revue_itineraires\/111018\/revisions"}],"wp:attachment":[{"href":"https:\/\/www.assomption.org\/en\/wp-json\/wp\/v2\/media?parent=111018"}],"curies":[{"name":"wp","href":"https:\/\/api.w.org\/{rel}","templated":true}]}}