{"id":113189,"date":"2021-02-02T13:54:04","date_gmt":"2021-02-02T12:54:04","guid":{"rendered":"https:\/\/www.assomption.org\/?post_type=revue_itineraires&#038;p=113189"},"modified":"2021-02-02T13:54:04","modified_gmt":"2021-02-02T12:54:04","slug":"itineraires-augustiniens-n53-le-concile-vatican-ii","status":"publish","type":"revue_itineraires","link":"https:\/\/www.assomption.org\/en\/revue_itineraires\/itineraires-augustiniens-n53-le-concile-vatican-ii\/","title":{"rendered":"Itin\u00e9raires Augustiniens n\u00b053 &#8211; Le Concile Vatican II"},"excerpt":{"rendered":"<p>Mettre en lien un P\u00e8re de l\u2019\u00c9glise et un concile qui a eu lieu 1500 ans plus tard peut para\u00eetre bien \u00e9trange\u2026 Pourtant, Augustin y a particip\u00e9 d\u2019une certaine mani\u00e8re. Les ann\u00e9es d\u2019avant-concile ont \u00e9t\u00e9 le lieu d\u2019une importante red\u00e9couverte des auteurs patristiques, Augustin y compris. Un jeune expert de l\u2019\u00e9poque, Joseph Ratzinger saura s\u2019en inspirer, tout comme plusieurs textes conciliaires. Ce num\u00e9ro de la revue est aussi l\u2019occasion d\u2019\u00e9tudier l\u2019organisation des \u00c9glises \u00e0 l\u2019\u00e9poque d\u2019Augustin et la mani\u00e8re dont cette organisation a jou\u00e9 dans la r\u00e9solution des grandes controverses de l\u2019\u00e9poque.<\/p>\n","protected":false},"featured_media":113190,"template":"","class_list":["post-113189","revue_itineraires","type-revue_itineraires","status-publish","has-post-thumbnail","hentry"],"acf":[],"yoast_head":"<!-- This site is optimized with the Yoast SEO plugin v27.4 - https:\/\/yoast.com\/product\/yoast-seo-wordpress\/ -->\n<title>Itin\u00e9raires Augustiniens n\u00b053 - Le Concile Vatican II - Assomption<\/title>\n<meta name=\"robots\" content=\"index, follow, max-snippet:-1, max-image-preview:large, max-video-preview:-1\" \/>\n<link rel=\"canonical\" href=\"https:\/\/www.assomption.org\/revue_itineraires\/itineraires-augustiniens-n53-le-concile-vatican-ii\/\" \/>\n<meta property=\"og:locale\" content=\"en_US\" \/>\n<meta property=\"og:type\" content=\"article\" \/>\n<meta property=\"og:title\" content=\"Itin\u00e9raires Augustiniens n\u00b053 - Le Concile Vatican II - Assomption\" \/>\n<meta property=\"og:description\" content=\"Mettre en lien un P\u00e8re de l\u2019\u00c9glise et un concile qui a eu lieu 1500 ans plus tard peut para\u00eetre bien \u00e9trange\u2026 Pourtant, Augustin y a particip\u00e9 d\u2019une certaine mani\u00e8re. Les ann\u00e9es d\u2019avant-concile ont \u00e9t\u00e9 le lieu d\u2019une importante red\u00e9couverte des auteurs patristiques, Augustin y compris. Un jeune expert de l\u2019\u00e9poque, Joseph Ratzinger saura s\u2019en inspirer, tout comme plusieurs textes conciliaires. Ce num\u00e9ro de la revue est aussi l\u2019occasion d\u2019\u00e9tudier l\u2019organisation des \u00c9glises \u00e0 l\u2019\u00e9poque d\u2019Augustin et la mani\u00e8re dont cette organisation a jou\u00e9 dans la r\u00e9solution des grandes controverses de l\u2019\u00e9poque.\" \/>\n<meta property=\"og:url\" content=\"https:\/\/www.assomption.org\/revue_itineraires\/itineraires-augustiniens-n53-le-concile-vatican-ii\/\" \/>\n<meta property=\"og:site_name\" content=\"Assomption\" \/>\n<meta property=\"og:image\" content=\"https:\/\/www.assomption.org\/wp-content\/uploads\/2021\/02\/RIA-53.png\" \/>\n\t<meta property=\"og:image:width\" content=\"284\" \/>\n\t<meta property=\"og:image:height\" content=\"400\" \/>\n\t<meta property=\"og:image:type\" content=\"image\/png\" \/>\n<meta name=\"twitter:card\" content=\"summary_large_image\" \/>\n<script type=\"application\/ld+json\" class=\"yoast-schema-graph\">{\"@context\":\"https:\\\/\\\/schema.org\",\"@graph\":[{\"@type\":\"WebPage\",\"@id\":\"https:\\\/\\\/www.assomption.org\\\/revue_itineraires\\\/itineraires-augustiniens-n53-le-concile-vatican-ii\\\/\",\"url\":\"https:\\\/\\\/www.assomption.org\\\/revue_itineraires\\\/itineraires-augustiniens-n53-le-concile-vatican-ii\\\/\",\"name\":\"Itin\u00e9raires Augustiniens n\u00b053 - Le Concile Vatican II - Assomption\",\"isPartOf\":{\"@id\":\"https:\\\/\\\/www.assomption.org\\\/#website\"},\"primaryImageOfPage\":{\"@id\":\"https:\\\/\\\/www.assomption.org\\\/revue_itineraires\\\/itineraires-augustiniens-n53-le-concile-vatican-ii\\\/#primaryimage\"},\"image\":{\"@id\":\"https:\\\/\\\/www.assomption.org\\\/revue_itineraires\\\/itineraires-augustiniens-n53-le-concile-vatican-ii\\\/#primaryimage\"},\"thumbnailUrl\":\"https:\\\/\\\/www.assomption.org\\\/wp-content\\\/uploads\\\/2021\\\/02\\\/RIA-53.png\",\"datePublished\":\"2021-02-02T12:54:04+00:00\",\"breadcrumb\":{\"@id\":\"https:\\\/\\\/www.assomption.org\\\/revue_itineraires\\\/itineraires-augustiniens-n53-le-concile-vatican-ii\\\/#breadcrumb\"},\"inLanguage\":\"en-US\",\"potentialAction\":[{\"@type\":\"ReadAction\",\"target\":[\"https:\\\/\\\/www.assomption.org\\\/revue_itineraires\\\/itineraires-augustiniens-n53-le-concile-vatican-ii\\\/\"]}]},{\"@type\":\"ImageObject\",\"inLanguage\":\"en-US\",\"@id\":\"https:\\\/\\\/www.assomption.org\\\/revue_itineraires\\\/itineraires-augustiniens-n53-le-concile-vatican-ii\\\/#primaryimage\",\"url\":\"https:\\\/\\\/www.assomption.org\\\/wp-content\\\/uploads\\\/2021\\\/02\\\/RIA-53.png\",\"contentUrl\":\"https:\\\/\\\/www.assomption.org\\\/wp-content\\\/uploads\\\/2021\\\/02\\\/RIA-53.png\",\"width\":284,\"height\":400},{\"@type\":\"BreadcrumbList\",\"@id\":\"https:\\\/\\\/www.assomption.org\\\/revue_itineraires\\\/itineraires-augustiniens-n53-le-concile-vatican-ii\\\/#breadcrumb\",\"itemListElement\":[{\"@type\":\"ListItem\",\"position\":1,\"name\":\"Accueil\",\"item\":\"https:\\\/\\\/www.assomption.org\\\/en\\\/\"},{\"@type\":\"ListItem\",\"position\":2,\"name\":\"Itin\u00e9raires Augustiniens n\u00b053 &#8211; Le Concile Vatican II\"}]},{\"@type\":\"WebSite\",\"@id\":\"https:\\\/\\\/www.assomption.org\\\/#website\",\"url\":\"https:\\\/\\\/www.assomption.org\\\/\",\"name\":\"Assomption\",\"description\":\"\",\"publisher\":{\"@id\":\"https:\\\/\\\/www.assomption.org\\\/#organization\"},\"potentialAction\":[{\"@type\":\"SearchAction\",\"target\":{\"@type\":\"EntryPoint\",\"urlTemplate\":\"https:\\\/\\\/www.assomption.org\\\/?s={search_term_string}\"},\"query-input\":{\"@type\":\"PropertyValueSpecification\",\"valueRequired\":true,\"valueName\":\"search_term_string\"}}],\"inLanguage\":\"en-US\"},{\"@type\":\"Organization\",\"@id\":\"https:\\\/\\\/www.assomption.org\\\/#organization\",\"name\":\"Les Augustins de l'Assomption\",\"url\":\"https:\\\/\\\/www.assomption.org\\\/\",\"logo\":{\"@type\":\"ImageObject\",\"inLanguage\":\"en-US\",\"@id\":\"https:\\\/\\\/www.assomption.org\\\/#\\\/schema\\\/logo\\\/image\\\/\",\"url\":\"https:\\\/\\\/www.assomption.org\\\/wp-content\\\/uploads\\\/2020\\\/12\\\/logo.png\",\"contentUrl\":\"https:\\\/\\\/www.assomption.org\\\/wp-content\\\/uploads\\\/2020\\\/12\\\/logo.png\",\"width\":605,\"height\":121,\"caption\":\"Les Augustins de l'Assomption\"},\"image\":{\"@id\":\"https:\\\/\\\/www.assomption.org\\\/#\\\/schema\\\/logo\\\/image\\\/\"}}]}<\/script>\n<!-- \/ Yoast SEO plugin. -->","yoast_head_json":{"title":"Itin\u00e9raires Augustiniens n\u00b053 - Le Concile Vatican II - Assomption","robots":{"index":"index","follow":"follow","max-snippet":"max-snippet:-1","max-image-preview":"max-image-preview:large","max-video-preview":"max-video-preview:-1"},"canonical":"https:\/\/www.assomption.org\/revue_itineraires\/itineraires-augustiniens-n53-le-concile-vatican-ii\/","og_locale":"en_US","og_type":"article","og_title":"Itin\u00e9raires Augustiniens n\u00b053 - Le Concile Vatican II - Assomption","og_description":"Mettre en lien un P\u00e8re de l\u2019\u00c9glise et un concile qui a eu lieu 1500 ans plus tard peut para\u00eetre bien \u00e9trange\u2026 Pourtant, Augustin y a particip\u00e9 d\u2019une certaine mani\u00e8re. Les ann\u00e9es d\u2019avant-concile ont \u00e9t\u00e9 le lieu d\u2019une importante red\u00e9couverte des auteurs patristiques, Augustin y compris. Un jeune expert de l\u2019\u00e9poque, Joseph Ratzinger saura s\u2019en inspirer, tout comme plusieurs textes conciliaires. Ce num\u00e9ro de la revue est aussi l\u2019occasion d\u2019\u00e9tudier l\u2019organisation des \u00c9glises \u00e0 l\u2019\u00e9poque d\u2019Augustin et la mani\u00e8re dont cette organisation a jou\u00e9 dans la r\u00e9solution des grandes controverses de l\u2019\u00e9poque.","og_url":"https:\/\/www.assomption.org\/revue_itineraires\/itineraires-augustiniens-n53-le-concile-vatican-ii\/","og_site_name":"Assomption","og_image":[{"width":284,"height":400,"url":"https:\/\/www.assomption.org\/wp-content\/uploads\/2021\/02\/RIA-53.png","type":"image\/png"}],"twitter_card":"summary_large_image","schema":{"@context":"https:\/\/schema.org","@graph":[{"@type":"WebPage","@id":"https:\/\/www.assomption.org\/revue_itineraires\/itineraires-augustiniens-n53-le-concile-vatican-ii\/","url":"https:\/\/www.assomption.org\/revue_itineraires\/itineraires-augustiniens-n53-le-concile-vatican-ii\/","name":"Itin\u00e9raires Augustiniens n\u00b053 - Le Concile Vatican II - Assomption","isPartOf":{"@id":"https:\/\/www.assomption.org\/#website"},"primaryImageOfPage":{"@id":"https:\/\/www.assomption.org\/revue_itineraires\/itineraires-augustiniens-n53-le-concile-vatican-ii\/#primaryimage"},"image":{"@id":"https:\/\/www.assomption.org\/revue_itineraires\/itineraires-augustiniens-n53-le-concile-vatican-ii\/#primaryimage"},"thumbnailUrl":"https:\/\/www.assomption.org\/wp-content\/uploads\/2021\/02\/RIA-53.png","datePublished":"2021-02-02T12:54:04+00:00","breadcrumb":{"@id":"https:\/\/www.assomption.org\/revue_itineraires\/itineraires-augustiniens-n53-le-concile-vatican-ii\/#breadcrumb"},"inLanguage":"en-US","potentialAction":[{"@type":"ReadAction","target":["https:\/\/www.assomption.org\/revue_itineraires\/itineraires-augustiniens-n53-le-concile-vatican-ii\/"]}]},{"@type":"ImageObject","inLanguage":"en-US","@id":"https:\/\/www.assomption.org\/revue_itineraires\/itineraires-augustiniens-n53-le-concile-vatican-ii\/#primaryimage","url":"https:\/\/www.assomption.org\/wp-content\/uploads\/2021\/02\/RIA-53.png","contentUrl":"https:\/\/www.assomption.org\/wp-content\/uploads\/2021\/02\/RIA-53.png","width":284,"height":400},{"@type":"BreadcrumbList","@id":"https:\/\/www.assomption.org\/revue_itineraires\/itineraires-augustiniens-n53-le-concile-vatican-ii\/#breadcrumb","itemListElement":[{"@type":"ListItem","position":1,"name":"Accueil","item":"https:\/\/www.assomption.org\/en\/"},{"@type":"ListItem","position":2,"name":"Itin\u00e9raires Augustiniens n\u00b053 &#8211; Le Concile Vatican II"}]},{"@type":"WebSite","@id":"https:\/\/www.assomption.org\/#website","url":"https:\/\/www.assomption.org\/","name":"Assomption","description":"","publisher":{"@id":"https:\/\/www.assomption.org\/#organization"},"potentialAction":[{"@type":"SearchAction","target":{"@type":"EntryPoint","urlTemplate":"https:\/\/www.assomption.org\/?s={search_term_string}"},"query-input":{"@type":"PropertyValueSpecification","valueRequired":true,"valueName":"search_term_string"}}],"inLanguage":"en-US"},{"@type":"Organization","@id":"https:\/\/www.assomption.org\/#organization","name":"Les Augustins de l'Assomption","url":"https:\/\/www.assomption.org\/","logo":{"@type":"ImageObject","inLanguage":"en-US","@id":"https:\/\/www.assomption.org\/#\/schema\/logo\/image\/","url":"https:\/\/www.assomption.org\/wp-content\/uploads\/2020\/12\/logo.png","contentUrl":"https:\/\/www.assomption.org\/wp-content\/uploads\/2020\/12\/logo.png","width":605,"height":121,"caption":"Les Augustins de l'Assomption"},"image":{"@id":"https:\/\/www.assomption.org\/#\/schema\/logo\/image\/"}}]}},"uagb_featured_image_src":{"full":["https:\/\/www.assomption.org\/wp-content\/uploads\/2021\/02\/RIA-53.png",284,400,false],"thumbnail":["https:\/\/www.assomption.org\/wp-content\/uploads\/2021\/02\/RIA-53-150x150.png",150,150,true],"medium":["https:\/\/www.assomption.org\/wp-content\/uploads\/2021\/02\/RIA-53-213x300.png",213,300,true],"medium_large":["https:\/\/www.assomption.org\/wp-content\/uploads\/2021\/02\/RIA-53.png",284,400,false],"large":["https:\/\/www.assomption.org\/wp-content\/uploads\/2021\/02\/RIA-53.png",284,400,false],"1536x1536":["https:\/\/www.assomption.org\/wp-content\/uploads\/2021\/02\/RIA-53.png",284,400,false],"2048x2048":["https:\/\/www.assomption.org\/wp-content\/uploads\/2021\/02\/RIA-53.png",284,400,false],"yarpp-thumbnail":["https:\/\/www.assomption.org\/wp-content\/uploads\/2021\/02\/RIA-53.png",85,120,false]},"uagb_author_info":{"display_name":"admin","author_link":"https:\/\/www.assomption.org\/en\/author\/"},"uagb_comment_info":0,"uagb_excerpt":"Mettre en lien un P\u00e8re de l\u2019\u00c9glise et un concile qui a eu lieu 1500 ans plus tard peut para\u00eetre bien \u00e9trange\u2026 Pourtant, Augustin y a particip\u00e9 d\u2019une certaine mani\u00e8re. Les ann\u00e9es d\u2019avant-concile ont \u00e9t\u00e9 le lieu d\u2019une importante red\u00e9couverte des auteurs patristiques, Augustin y compris. Un jeune expert de l\u2019\u00e9poque, Joseph Ratzinger saura s\u2019en&hellip;","_links":{"self":[{"href":"https:\/\/www.assomption.org\/en\/wp-json\/wp\/v2\/revue_itineraires\/113189","targetHints":{"allow":["GET"]}}],"collection":[{"href":"https:\/\/www.assomption.org\/en\/wp-json\/wp\/v2\/revue_itineraires"}],"about":[{"href":"https:\/\/www.assomption.org\/en\/wp-json\/wp\/v2\/types\/revue_itineraires"}],"version-history":[{"count":0,"href":"https:\/\/www.assomption.org\/en\/wp-json\/wp\/v2\/revue_itineraires\/113189\/revisions"}],"wp:featuredmedia":[{"embeddable":true,"href":"https:\/\/www.assomption.org\/en\/wp-json\/wp\/v2\/media\/113190"}],"wp:attachment":[{"href":"https:\/\/www.assomption.org\/en\/wp-json\/wp\/v2\/media?parent=113189"}],"curies":[{"name":"wp","href":"https:\/\/api.w.org\/{rel}","templated":true}]}}