{"id":113279,"date":"2021-02-02T14:24:10","date_gmt":"2021-02-02T13:24:10","guid":{"rendered":"https:\/\/www.assomption.org\/?post_type=revue_itineraires&#038;p=113279"},"modified":"2021-02-02T14:37:11","modified_gmt":"2021-02-02T13:37:11","slug":"itineraires-augustiniens-n57-la-pauvrete","status":"publish","type":"revue_itineraires","link":"https:\/\/www.assomption.org\/en\/revue_itineraires\/itineraires-augustiniens-n57-la-pauvrete\/","title":{"rendered":"Itin\u00e9raires Augustiniens n\u00b057 &#8211; La pauvret\u00e9"},"excerpt":{"rendered":"<p>Depuis l\u2019entr\u00e9e en fonction du pape Fran\u00e7ois, le projecteur de l\u2019\u00c9glise se braque r\u00e9guli\u00e8rement sur les pauvres, les fameuses \u00ab p\u00e9riph\u00e9ries existentielles \u00bb. Pour l\u2019institution eccl\u00e9siale, l\u2019enjeu est de ne pas se confondra avec une ONG parmi d\u2019autres, tout en se montrant concr\u00e8tement solidaire et \u00e0 l\u2019\u00e9coute de ceux qui sont dans le besoin. Mais il faut aussi s\u2019entendre sur le mots : la pauvret\u00e9, au sens d\u2019asc\u00e8se, peut aussi avoir un sens positif, m\u00eame si Augustin sera confront\u00e9 \u00e0 des P\u00e9lagiens qui d\u00e9velopperont une conception extr\u00eame de la pauvret\u00e9 volontaire en diabolisant les richesses. Pour Augustin, ce qui compte d\u2019abord, c\u2019est le partage. Cela permet \u00e0 l\u2019\u00e9v\u00eaque d\u2019Hippone d\u2019avoir un discours \u00e0 l\u2019\u00e9gard des plus riches, sans diabolisation ni b\u00e9n\u00e9diction b\u00e9ate.<\/p>\n","protected":false},"featured_media":113304,"template":"","class_list":["post-113279","revue_itineraires","type-revue_itineraires","status-publish","has-post-thumbnail","hentry"],"acf":[],"yoast_head":"<!-- This site is optimized with the Yoast SEO plugin v27.5 - https:\/\/yoast.com\/product\/yoast-seo-wordpress\/ -->\n<title>Itin\u00e9raires Augustiniens n\u00b057 - La pauvret\u00e9 - Assomption<\/title>\n<meta name=\"robots\" content=\"index, follow, max-snippet:-1, max-image-preview:large, max-video-preview:-1\" \/>\n<link rel=\"canonical\" href=\"https:\/\/www.assomption.org\/revue_itineraires\/itineraires-augustiniens-n57-la-pauvrete\/\" \/>\n<meta property=\"og:locale\" content=\"en_US\" \/>\n<meta property=\"og:type\" content=\"article\" \/>\n<meta property=\"og:title\" content=\"Itin\u00e9raires Augustiniens n\u00b057 - La pauvret\u00e9 - Assomption\" \/>\n<meta property=\"og:description\" content=\"Depuis l\u2019entr\u00e9e en fonction du pape Fran\u00e7ois, le projecteur de l\u2019\u00c9glise se braque r\u00e9guli\u00e8rement sur les pauvres, les fameuses \u00ab p\u00e9riph\u00e9ries existentielles \u00bb. Pour l\u2019institution eccl\u00e9siale, l\u2019enjeu est de ne pas se confondra avec une ONG parmi d\u2019autres, tout en se montrant concr\u00e8tement solidaire et \u00e0 l\u2019\u00e9coute de ceux qui sont dans le besoin. Mais il faut aussi s\u2019entendre sur le mots : la pauvret\u00e9, au sens d\u2019asc\u00e8se, peut aussi avoir un sens positif, m\u00eame si Augustin sera confront\u00e9 \u00e0 des P\u00e9lagiens qui d\u00e9velopperont une conception extr\u00eame de la pauvret\u00e9 volontaire en diabolisant les richesses. Pour Augustin, ce qui compte d\u2019abord, c\u2019est le partage. Cela permet \u00e0 l\u2019\u00e9v\u00eaque d\u2019Hippone d\u2019avoir un discours \u00e0 l\u2019\u00e9gard des plus riches, sans diabolisation ni b\u00e9n\u00e9diction b\u00e9ate.\" \/>\n<meta property=\"og:url\" content=\"https:\/\/www.assomption.org\/revue_itineraires\/itineraires-augustiniens-n57-la-pauvrete\/\" \/>\n<meta property=\"og:site_name\" content=\"Assomption\" \/>\n<meta property=\"article:modified_time\" content=\"2021-02-02T13:37:11+00:00\" \/>\n<meta property=\"og:image\" content=\"https:\/\/www.assomption.org\/wp-content\/uploads\/2021\/02\/RIA-57.jpg\" \/>\n\t<meta property=\"og:image:width\" content=\"352\" \/>\n\t<meta property=\"og:image:height\" content=\"498\" \/>\n\t<meta property=\"og:image:type\" content=\"image\/jpeg\" \/>\n<meta name=\"twitter:card\" content=\"summary_large_image\" \/>\n<script type=\"application\/ld+json\" class=\"yoast-schema-graph\">{\"@context\":\"https:\\\/\\\/schema.org\",\"@graph\":[{\"@type\":\"WebPage\",\"@id\":\"https:\\\/\\\/www.assomption.org\\\/revue_itineraires\\\/itineraires-augustiniens-n57-la-pauvrete\\\/\",\"url\":\"https:\\\/\\\/www.assomption.org\\\/revue_itineraires\\\/itineraires-augustiniens-n57-la-pauvrete\\\/\",\"name\":\"Itin\u00e9raires Augustiniens n\u00b057 - La pauvret\u00e9 - Assomption\",\"isPartOf\":{\"@id\":\"https:\\\/\\\/www.assomption.org\\\/#website\"},\"primaryImageOfPage\":{\"@id\":\"https:\\\/\\\/www.assomption.org\\\/revue_itineraires\\\/itineraires-augustiniens-n57-la-pauvrete\\\/#primaryimage\"},\"image\":{\"@id\":\"https:\\\/\\\/www.assomption.org\\\/revue_itineraires\\\/itineraires-augustiniens-n57-la-pauvrete\\\/#primaryimage\"},\"thumbnailUrl\":\"https:\\\/\\\/www.assomption.org\\\/wp-content\\\/uploads\\\/2021\\\/02\\\/RIA-57.jpg\",\"datePublished\":\"2021-02-02T13:24:10+00:00\",\"dateModified\":\"2021-02-02T13:37:11+00:00\",\"breadcrumb\":{\"@id\":\"https:\\\/\\\/www.assomption.org\\\/revue_itineraires\\\/itineraires-augustiniens-n57-la-pauvrete\\\/#breadcrumb\"},\"inLanguage\":\"en-US\",\"potentialAction\":[{\"@type\":\"ReadAction\",\"target\":[\"https:\\\/\\\/www.assomption.org\\\/revue_itineraires\\\/itineraires-augustiniens-n57-la-pauvrete\\\/\"]}]},{\"@type\":\"ImageObject\",\"inLanguage\":\"en-US\",\"@id\":\"https:\\\/\\\/www.assomption.org\\\/revue_itineraires\\\/itineraires-augustiniens-n57-la-pauvrete\\\/#primaryimage\",\"url\":\"https:\\\/\\\/www.assomption.org\\\/wp-content\\\/uploads\\\/2021\\\/02\\\/RIA-57.jpg\",\"contentUrl\":\"https:\\\/\\\/www.assomption.org\\\/wp-content\\\/uploads\\\/2021\\\/02\\\/RIA-57.jpg\",\"width\":352,\"height\":498},{\"@type\":\"BreadcrumbList\",\"@id\":\"https:\\\/\\\/www.assomption.org\\\/revue_itineraires\\\/itineraires-augustiniens-n57-la-pauvrete\\\/#breadcrumb\",\"itemListElement\":[{\"@type\":\"ListItem\",\"position\":1,\"name\":\"Accueil\",\"item\":\"https:\\\/\\\/www.assomption.org\\\/en\\\/\"},{\"@type\":\"ListItem\",\"position\":2,\"name\":\"Itin\u00e9raires Augustiniens n\u00b057 &#8211; La pauvret\u00e9\"}]},{\"@type\":\"WebSite\",\"@id\":\"https:\\\/\\\/www.assomption.org\\\/#website\",\"url\":\"https:\\\/\\\/www.assomption.org\\\/\",\"name\":\"Assomption\",\"description\":\"\",\"publisher\":{\"@id\":\"https:\\\/\\\/www.assomption.org\\\/#organization\"},\"potentialAction\":[{\"@type\":\"SearchAction\",\"target\":{\"@type\":\"EntryPoint\",\"urlTemplate\":\"https:\\\/\\\/www.assomption.org\\\/?s={search_term_string}\"},\"query-input\":{\"@type\":\"PropertyValueSpecification\",\"valueRequired\":true,\"valueName\":\"search_term_string\"}}],\"inLanguage\":\"en-US\"},{\"@type\":\"Organization\",\"@id\":\"https:\\\/\\\/www.assomption.org\\\/#organization\",\"name\":\"Les Augustins de l'Assomption\",\"url\":\"https:\\\/\\\/www.assomption.org\\\/\",\"logo\":{\"@type\":\"ImageObject\",\"inLanguage\":\"en-US\",\"@id\":\"https:\\\/\\\/www.assomption.org\\\/#\\\/schema\\\/logo\\\/image\\\/\",\"url\":\"https:\\\/\\\/www.assomption.org\\\/wp-content\\\/uploads\\\/2020\\\/12\\\/logo.png\",\"contentUrl\":\"https:\\\/\\\/www.assomption.org\\\/wp-content\\\/uploads\\\/2020\\\/12\\\/logo.png\",\"width\":605,\"height\":121,\"caption\":\"Les Augustins de l'Assomption\"},\"image\":{\"@id\":\"https:\\\/\\\/www.assomption.org\\\/#\\\/schema\\\/logo\\\/image\\\/\"}}]}<\/script>\n<!-- \/ Yoast SEO plugin. -->","yoast_head_json":{"title":"Itin\u00e9raires Augustiniens n\u00b057 - La pauvret\u00e9 - Assomption","robots":{"index":"index","follow":"follow","max-snippet":"max-snippet:-1","max-image-preview":"max-image-preview:large","max-video-preview":"max-video-preview:-1"},"canonical":"https:\/\/www.assomption.org\/revue_itineraires\/itineraires-augustiniens-n57-la-pauvrete\/","og_locale":"en_US","og_type":"article","og_title":"Itin\u00e9raires Augustiniens n\u00b057 - La pauvret\u00e9 - Assomption","og_description":"Depuis l\u2019entr\u00e9e en fonction du pape Fran\u00e7ois, le projecteur de l\u2019\u00c9glise se braque r\u00e9guli\u00e8rement sur les pauvres, les fameuses \u00ab p\u00e9riph\u00e9ries existentielles \u00bb. Pour l\u2019institution eccl\u00e9siale, l\u2019enjeu est de ne pas se confondra avec une ONG parmi d\u2019autres, tout en se montrant concr\u00e8tement solidaire et \u00e0 l\u2019\u00e9coute de ceux qui sont dans le besoin. Mais il faut aussi s\u2019entendre sur le mots : la pauvret\u00e9, au sens d\u2019asc\u00e8se, peut aussi avoir un sens positif, m\u00eame si Augustin sera confront\u00e9 \u00e0 des P\u00e9lagiens qui d\u00e9velopperont une conception extr\u00eame de la pauvret\u00e9 volontaire en diabolisant les richesses. Pour Augustin, ce qui compte d\u2019abord, c\u2019est le partage. Cela permet \u00e0 l\u2019\u00e9v\u00eaque d\u2019Hippone d\u2019avoir un discours \u00e0 l\u2019\u00e9gard des plus riches, sans diabolisation ni b\u00e9n\u00e9diction b\u00e9ate.","og_url":"https:\/\/www.assomption.org\/revue_itineraires\/itineraires-augustiniens-n57-la-pauvrete\/","og_site_name":"Assomption","article_modified_time":"2021-02-02T13:37:11+00:00","og_image":[{"width":352,"height":498,"url":"https:\/\/www.assomption.org\/wp-content\/uploads\/2021\/02\/RIA-57.jpg","type":"image\/jpeg"}],"twitter_card":"summary_large_image","schema":{"@context":"https:\/\/schema.org","@graph":[{"@type":"WebPage","@id":"https:\/\/www.assomption.org\/revue_itineraires\/itineraires-augustiniens-n57-la-pauvrete\/","url":"https:\/\/www.assomption.org\/revue_itineraires\/itineraires-augustiniens-n57-la-pauvrete\/","name":"Itin\u00e9raires Augustiniens n\u00b057 - La pauvret\u00e9 - Assomption","isPartOf":{"@id":"https:\/\/www.assomption.org\/#website"},"primaryImageOfPage":{"@id":"https:\/\/www.assomption.org\/revue_itineraires\/itineraires-augustiniens-n57-la-pauvrete\/#primaryimage"},"image":{"@id":"https:\/\/www.assomption.org\/revue_itineraires\/itineraires-augustiniens-n57-la-pauvrete\/#primaryimage"},"thumbnailUrl":"https:\/\/www.assomption.org\/wp-content\/uploads\/2021\/02\/RIA-57.jpg","datePublished":"2021-02-02T13:24:10+00:00","dateModified":"2021-02-02T13:37:11+00:00","breadcrumb":{"@id":"https:\/\/www.assomption.org\/revue_itineraires\/itineraires-augustiniens-n57-la-pauvrete\/#breadcrumb"},"inLanguage":"en-US","potentialAction":[{"@type":"ReadAction","target":["https:\/\/www.assomption.org\/revue_itineraires\/itineraires-augustiniens-n57-la-pauvrete\/"]}]},{"@type":"ImageObject","inLanguage":"en-US","@id":"https:\/\/www.assomption.org\/revue_itineraires\/itineraires-augustiniens-n57-la-pauvrete\/#primaryimage","url":"https:\/\/www.assomption.org\/wp-content\/uploads\/2021\/02\/RIA-57.jpg","contentUrl":"https:\/\/www.assomption.org\/wp-content\/uploads\/2021\/02\/RIA-57.jpg","width":352,"height":498},{"@type":"BreadcrumbList","@id":"https:\/\/www.assomption.org\/revue_itineraires\/itineraires-augustiniens-n57-la-pauvrete\/#breadcrumb","itemListElement":[{"@type":"ListItem","position":1,"name":"Accueil","item":"https:\/\/www.assomption.org\/en\/"},{"@type":"ListItem","position":2,"name":"Itin\u00e9raires Augustiniens n\u00b057 &#8211; La pauvret\u00e9"}]},{"@type":"WebSite","@id":"https:\/\/www.assomption.org\/#website","url":"https:\/\/www.assomption.org\/","name":"Assomption","description":"","publisher":{"@id":"https:\/\/www.assomption.org\/#organization"},"potentialAction":[{"@type":"SearchAction","target":{"@type":"EntryPoint","urlTemplate":"https:\/\/www.assomption.org\/?s={search_term_string}"},"query-input":{"@type":"PropertyValueSpecification","valueRequired":true,"valueName":"search_term_string"}}],"inLanguage":"en-US"},{"@type":"Organization","@id":"https:\/\/www.assomption.org\/#organization","name":"Les Augustins de l'Assomption","url":"https:\/\/www.assomption.org\/","logo":{"@type":"ImageObject","inLanguage":"en-US","@id":"https:\/\/www.assomption.org\/#\/schema\/logo\/image\/","url":"https:\/\/www.assomption.org\/wp-content\/uploads\/2020\/12\/logo.png","contentUrl":"https:\/\/www.assomption.org\/wp-content\/uploads\/2020\/12\/logo.png","width":605,"height":121,"caption":"Les Augustins de l'Assomption"},"image":{"@id":"https:\/\/www.assomption.org\/#\/schema\/logo\/image\/"}}]}},"uagb_featured_image_src":{"full":["https:\/\/www.assomption.org\/wp-content\/uploads\/2021\/02\/RIA-57.jpg",352,498,false],"thumbnail":["https:\/\/www.assomption.org\/wp-content\/uploads\/2021\/02\/RIA-57-150x150.jpg",150,150,true],"medium":["https:\/\/www.assomption.org\/wp-content\/uploads\/2021\/02\/RIA-57-212x300.jpg",212,300,true],"medium_large":["https:\/\/www.assomption.org\/wp-content\/uploads\/2021\/02\/RIA-57.jpg",352,498,false],"large":["https:\/\/www.assomption.org\/wp-content\/uploads\/2021\/02\/RIA-57.jpg",352,498,false],"1536x1536":["https:\/\/www.assomption.org\/wp-content\/uploads\/2021\/02\/RIA-57.jpg",352,498,false],"2048x2048":["https:\/\/www.assomption.org\/wp-content\/uploads\/2021\/02\/RIA-57.jpg",352,498,false],"yarpp-thumbnail":["https:\/\/www.assomption.org\/wp-content\/uploads\/2021\/02\/RIA-57.jpg",85,120,false]},"uagb_author_info":{"display_name":"admin","author_link":"https:\/\/www.assomption.org\/en\/author\/"},"uagb_comment_info":0,"uagb_excerpt":"Depuis l\u2019entr\u00e9e en fonction du pape Fran\u00e7ois, le projecteur de l\u2019\u00c9glise se braque r\u00e9guli\u00e8rement sur les pauvres, les fameuses \u00ab p\u00e9riph\u00e9ries existentielles \u00bb. Pour l\u2019institution eccl\u00e9siale, l\u2019enjeu est de ne pas se confondra avec une ONG parmi d\u2019autres, tout en se montrant concr\u00e8tement solidaire et \u00e0 l\u2019\u00e9coute de ceux qui sont dans le besoin. Mais&hellip;","_links":{"self":[{"href":"https:\/\/www.assomption.org\/en\/wp-json\/wp\/v2\/revue_itineraires\/113279","targetHints":{"allow":["GET"]}}],"collection":[{"href":"https:\/\/www.assomption.org\/en\/wp-json\/wp\/v2\/revue_itineraires"}],"about":[{"href":"https:\/\/www.assomption.org\/en\/wp-json\/wp\/v2\/types\/revue_itineraires"}],"version-history":[{"count":0,"href":"https:\/\/www.assomption.org\/en\/wp-json\/wp\/v2\/revue_itineraires\/113279\/revisions"}],"wp:featuredmedia":[{"embeddable":true,"href":"https:\/\/www.assomption.org\/en\/wp-json\/wp\/v2\/media\/113304"}],"wp:attachment":[{"href":"https:\/\/www.assomption.org\/en\/wp-json\/wp\/v2\/media?parent=113279"}],"curies":[{"name":"wp","href":"https:\/\/api.w.org\/{rel}","templated":true}]}}